{"id":247,"date":"2021-02-07T00:52:45","date_gmt":"2021-02-07T02:52:45","guid":{"rendered":"https:\/\/csr.ufmg.br\/ppgamsa\/?page_id=247"},"modified":"2025-01-10T13:23:27","modified_gmt":"2025-01-10T15:23:27","slug":"ementas-das-disciplinas","status":"publish","type":"page","link":"https:\/\/csr.ufmg.br\/ppgamsa\/br\/secretaria\/ementas-das-disciplinas\/","title":{"rendered":"Ementas das Disciplinas"},"content":{"rendered":"<div class=\"fusion-fullwidth fullwidth-box fusion-builder-row-1 fusion-flex-container nonhundred-percent-fullwidth non-hundred-percent-height-scrolling\" style=\"background-color: rgba(255,255,255,0);background-position: center center;background-repeat: no-repeat;border-width: 0px 0px 0px 0px;border-color:#eae9e9;border-style:solid;\" ><div class=\"fusion-builder-row fusion-row fusion-flex-align-items-flex-start\" style=\"max-width:1248px;margin-left: calc(-4% \/ 2 );margin-right: calc(-4% \/ 2 );\"><div class=\"fusion-layout-column fusion_builder_column fusion-builder-column-0 fusion_builder_column_1_1 1_1 fusion-flex-column\"><div class=\"fusion-column-wrapper fusion-flex-justify-content-flex-start fusion-content-layout-column\" style=\"background-position:left top;background-repeat:no-repeat;-webkit-background-size:cover;-moz-background-size:cover;-o-background-size:cover;background-size:cover;padding: 0px 0px 0px 0px;\"><style type=\"text\/css\">@media only screen and (max-width:1024px) {.fusion-title.fusion-title-1{margin-top:10px!important;margin-bottom:30px!important;}}<\/style><div class=\"fusion-title title fusion-title-1 fusion-title-text fusion-title-size-one\" style=\"margin-top:10px;margin-bottom:30px;\"><div class=\"title-sep-container title-sep-container-left fusion-no-large-visibility fusion-no-medium-visibility fusion-no-small-visibility\"><div class=\"title-sep sep-\" style=\"border-color:#ae895d;\"><\/div><\/div><h1 class=\"title-heading-left\" style=\"margin:0;\">Ementas das Disciplinas<\/h1><div class=\"title-sep-container title-sep-container-right\"><div class=\"title-sep sep-\" style=\"border-color:#ae895d;\"><\/div><\/div><\/div><style type=\"text\/css\">#accordion-247-1 .fusion-panel:hover, #accordion-247-1 .fusion-panel.hover{ background-color: #f9f9f9 } #accordion-247-1 .fusion-panel { border-color:#cccccc; border-width:0px; background-color:#ffffff; }.fusion-accordian  #accordion-247-1 .panel-title a .fa-fusion-box{ color: #ffffff;}.fusion-accordian  #accordion-247-1 .panel-title a .fa-fusion-box:before{ font-size: 13px; width: 13px;}.fusion-accordian  #accordion-247-1 .panel-title a{font-size:16px;}.fusion-accordian  #accordion-247-1 .fa-fusion-box { background-color: #ae895d;border-color: #ae895d;}.fusion-accordian  #accordion-247-1 .panel-title a:hover, #accordion-247-1 .fusion-toggle-boxed-mode:hover .panel-title a { color: #c0996b;}.fusion-accordian  #accordion-247-1 .panel-title .active .fa-fusion-box,.fusion-accordian  #accordion-247-1 .panel-title a:hover .fa-fusion-box { background-color: #c0996b!important;border-color: #c0996b!important;}<\/style><div class=\"accordian fusion-accordian\"><div class=\"panel-group\" id=\"accordion-247-1\" role=\"tablist\"><div class=\"fusion-panel panel-default fusion-toggle-no-divider fusion-toggle-boxed-mode\" role=\"tabpanel\"><div class=\"panel-heading\"><h4 class=\"panel-title toggle\"><a aria-expanded=\"false\" aria-selected=\"false\" aria-controls=\"63005483f6c1d619a\" role=\"tab\" data-toggle=\"collapse\" data-parent=\"#accordion-247-1\" data-target=\"#63005483f6c1d619a\" href=\"#63005483f6c1d619a\"><span class=\"fusion-toggle-icon-wrapper\" aria-hidden=\"true\"><i class=\"fa-fusion-box\" aria-hidden=\"true\"><\/i><\/span><span class=\"fusion-toggle-heading\"> Disciplina: AN\u00c1LISE E GEST\u00c3O DE INTERVEN\u00c7\u00d5ES AMBIENTAIS<\/span><\/a><\/h4><\/div><div id=\"63005483f6c1d619a\" class=\"panel-collapse collapse \"><div class=\"panel-body toggle-content fusion-clearfix\">\n<p>N\u00edvel: Mestrado e Doutorado<\/p>\n<p>Carga Hor\u00e1ria: 60 h\/4 Cr\u00e9ditos<\/p>\n<p>Respons\u00e1vel: Frederico Wagner de Azevedo Lopes<\/p>\n<p>Ementa: Os geossistemas. O Ciclo Hidrol\u00f3gico no Meio Urbano. Pol\u00edtica Nacional de Meio Ambiente. Gerenciamento dos recursos naturais. Principais sistemas de abastecimento. Principais sistemas de esgotamento sanit\u00e1rio. Principais sistemas de destina\u00e7\u00e3o de res\u00edduos s\u00f3lidos. Tecnologia e monitoramento ambiental.<\/p>\n<\/div><\/div><\/div><div class=\"fusion-panel panel-default fusion-toggle-no-divider fusion-toggle-boxed-mode\" role=\"tabpanel\"><div class=\"panel-heading\"><h4 class=\"panel-title toggle\"><a aria-expanded=\"false\" aria-selected=\"false\" aria-controls=\"69ae4ed4e4cf8e539\" role=\"tab\" data-toggle=\"collapse\" data-parent=\"#accordion-247-1\" data-target=\"#69ae4ed4e4cf8e539\" href=\"#69ae4ed4e4cf8e539\"><span class=\"fusion-toggle-icon-wrapper\" aria-hidden=\"true\"><i class=\"fa-fusion-box\" aria-hidden=\"true\"><\/i><\/span><span class=\"fusion-toggle-heading\">Disciplina: CARTOGRAFIA<\/span><\/a><\/h4><\/div><div id=\"69ae4ed4e4cf8e539\" class=\"panel-collapse collapse \"><div class=\"panel-body toggle-content fusion-clearfix\">\n<p>N\u00edvel: Mestrado e Doutorado<\/p>\n<p>Carga Hor\u00e1ria: 60 h\/4 Cr\u00e9ditos<\/p>\n<p>Respons\u00e1vel: Rodrigo A. A. N\u00f3brega, Marcos A. T. Elmiro, Pl\u00ednio Temba e Marcelo A. Nero<\/p>\n<p>Ementa: Forma e dimens\u00f5es da Terra, Sistema Geod\u00e9sico de Refer\u00eancia, Datum, Proje\u00e7\u00f5es Cartogr\u00e1ficas, Leitura e C\u00e1lculo de Coordenadas em Mapas, C\u00e1lculos e corre\u00e7\u00f5es de dist\u00e2ncia e \u00e1rea.<\/p>\n<\/div><\/div><\/div><div class=\"fusion-panel panel-default fusion-toggle-no-divider fusion-toggle-boxed-mode\" role=\"tabpanel\"><div class=\"panel-heading\"><h4 class=\"panel-title toggle\"><a aria-expanded=\"false\" aria-selected=\"false\" aria-controls=\"8d80f8e469af88dcc\" role=\"tab\" data-toggle=\"collapse\" data-parent=\"#accordion-247-1\" data-target=\"#8d80f8e469af88dcc\" href=\"#8d80f8e469af88dcc\"><span class=\"fusion-toggle-icon-wrapper\" aria-hidden=\"true\"><i class=\"fa-fusion-box\" aria-hidden=\"true\"><\/i><\/span><span class=\"fusion-toggle-heading\">Disciplina: ECOLOGIA DA PAISAGEM<\/span><\/a><\/h4><\/div><div id=\"8d80f8e469af88dcc\" class=\"panel-collapse collapse \"><div class=\"panel-body toggle-content fusion-clearfix\">\n<p>N\u00edvel: Mestrado e Doutorado<\/p>\n<p>Carga Hor\u00e1ria: 60 h\/4 Cr\u00e9ditos<\/p>\n<p>Respons\u00e1vel: S\u00f3nia Maria Carvalho Ribeiro e Fernando Goulart<\/p>\n<p>Ementa: Esta disciplina apresenta uma introdu\u00e7\u00e3o aos conceitos e m\u00e9todos em Ecologia da Paisagem (EP). EP que \u00e9 uma ci\u00eancia na interface entre ci\u00eancias naturais e sociais. EP no PPG AMSA tem como objetivo promover a gest\u00e3o da paisagem permitindo explorar ex-ante poss\u00edveis cen\u00e1rios para mitigar, adaptar e encontar solu\u00e7\u00f5es efectivas para responder os problemas socio ambientais do SEC XXI.<br \/>\nAbordagens da Paisagem permitem que os diferentes atores \u201cstakeholders\u201d incluindo os tomadores de decis\u00e3o e planejadores explorem proativamente solu\u00e7\u00f5es para os problemas socio-ambientais quer em contexto urbano quer rural.<\/p>\n<p><a href=\"https:\/\/csr.ufmg.br\/ppgamsa\/wp-content\/uploads\/2024\/07\/ementa_ecologia-da-paisagem_sonia-ribeiro.pdf\">Ementa em PDF<\/a><\/p>\n<\/div><\/div><\/div><div class=\"fusion-panel panel-default fusion-toggle-no-divider fusion-toggle-boxed-mode\" role=\"tabpanel\"><div class=\"panel-heading\"><h4 class=\"panel-title toggle\"><a aria-expanded=\"false\" aria-selected=\"false\" aria-controls=\"bdb8e412d937fb010\" role=\"tab\" data-toggle=\"collapse\" data-parent=\"#accordion-247-1\" data-target=\"#bdb8e412d937fb010\" href=\"#bdb8e412d937fb010\"><span class=\"fusion-toggle-icon-wrapper\" aria-hidden=\"true\"><i class=\"fa-fusion-box\" aria-hidden=\"true\"><\/i><\/span><span class=\"fusion-toggle-heading\">Disciplina: ECOLOGIA PARA SISTEMAS AMBIENTAIS<\/span><\/a><\/h4><\/div><div id=\"bdb8e412d937fb010\" class=\"panel-collapse collapse \"><div class=\"panel-body toggle-content fusion-clearfix\">\n<p>N\u00edvel: Mestrado e Doutorado<\/p>\n<p>Carga Hor\u00e1ria: 60 h\/4 Cr\u00e9ditos<\/p>\n<p>Respons\u00e1vel: Camila Palhares Teixeira, Fernando Goulart<\/p>\n<p>Ementa: Ecologia: aspectos gerais. Estrutura e funcionamento dos ecossistemas. Fluxo de energia e movimento de materiais nos ecossistemas. Fatores limitantes. Fatores clim\u00e1ticos. Din\u00e2mica de popula\u00e7\u00f5es. Popula\u00e7\u00f5es em comunidades. Sucess\u00f5es ecol\u00f3gicas. Ambiente f\u00edsico e fatores limitantes. Ecossistemas: fluxo de energia e ciclos biogeoqu\u00edmicos. Par\u00e2metros populacionais. Crescimento e regula\u00e7\u00e3o de popula\u00e7\u00f5es. Rela\u00e7\u00f5es interespec\u00edficas. Conceitos e par\u00e2metros de comunidades. Padr\u00f5es de biodiversidade. O desenvolvimento da comunidade.<\/p>\n<\/div><\/div><\/div><div class=\"fusion-panel panel-default fusion-toggle-no-divider fusion-toggle-boxed-mode\" role=\"tabpanel\"><div class=\"panel-heading\"><h4 class=\"panel-title toggle\"><a aria-expanded=\"false\" aria-selected=\"false\" aria-controls=\"0300b53f4ffa91b8f\" role=\"tab\" data-toggle=\"collapse\" data-parent=\"#accordion-247-1\" data-target=\"#0300b53f4ffa91b8f\" href=\"#0300b53f4ffa91b8f\"><span class=\"fusion-toggle-icon-wrapper\" aria-hidden=\"true\"><i class=\"fa-fusion-box\" aria-hidden=\"true\"><\/i><\/span><span class=\"fusion-toggle-heading\">Disciplina: EST\u00c1GIO EM DOC\u00caNCIA<\/span><\/a><\/h4><\/div><div id=\"0300b53f4ffa91b8f\" class=\"panel-collapse collapse \"><div class=\"panel-body toggle-content fusion-clearfix\">\n<p>N\u00edvel: Mestrado e Doutorado<\/p>\n<p>Carga Hor\u00e1ria: 60 h\/4 Cr\u00e9ditos<\/p>\n<p>Respons\u00e1vel: &#8220;coordenador do programa&#8221;<\/p>\n<p>Ementa: Essa disciplina visa preparar os alunos de p\u00f3s-gradua\u00e7\u00e3o para a doc\u00eancia. Neste sentido, a doc\u00eancia pode ser considerada como parte integrante na forma\u00e7\u00e3o do p\u00f3s-graduando. O desenvolvimento do est\u00e1gio em doc\u00eancia \u00e9 regulamentado por norma espec\u00edfica aprovada pelo Colegiado do PPG-AMSA de 01\/06\/2017.<\/p>\n<\/div><\/div><\/div><div class=\"fusion-panel panel-default fusion-toggle-no-divider fusion-toggle-boxed-mode\" role=\"tabpanel\"><div class=\"panel-heading\"><h4 class=\"panel-title toggle\"><a aria-expanded=\"false\" aria-selected=\"false\" aria-controls=\"ed5c71aabeeb35d8e\" role=\"tab\" data-toggle=\"collapse\" data-parent=\"#accordion-247-1\" data-target=\"#ed5c71aabeeb35d8e\" href=\"#ed5c71aabeeb35d8e\"><span class=\"fusion-toggle-icon-wrapper\" aria-hidden=\"true\"><i class=\"fa-fusion-box\" aria-hidden=\"true\"><\/i><\/span><span class=\"fusion-toggle-heading\">Disciplina: ESTUDO DE VIABILIDADE PARA PLANEJAMENTO DE PROJETOS DE INFRAESTRUTURA<\/span><\/a><\/h4><\/div><div id=\"ed5c71aabeeb35d8e\" class=\"panel-collapse collapse \"><div class=\"panel-body toggle-content fusion-clearfix\">\n<p>N\u00edvel: Mestrado e Doutorado<\/p>\n<p>Carga Hor\u00e1ria: 30 h\/2 Cr\u00e9ditos<\/p>\n<p>Respons\u00e1vel: Rodrigo A. A. N\u00f3brega<\/p>\n<p>Ementa: Estudo de viabilidade t\u00e9cnica, econ\u00f4mica e Ambiental (EVTEA), An\u00e1lise multicrit\u00e9rio AHP, modelagem geogr\u00e1fica de dados, \u00c1lgebra de mapas em geoprocessamento, Corredores de viabilidade<\/p>\n<\/div><\/div><\/div><div class=\"fusion-panel panel-default fusion-toggle-no-divider fusion-toggle-boxed-mode\" role=\"tabpanel\"><div class=\"panel-heading\"><h4 class=\"panel-title toggle\"><a aria-expanded=\"false\" aria-selected=\"false\" aria-controls=\"befb8830bbb40724f\" role=\"tab\" data-toggle=\"collapse\" data-parent=\"#accordion-247-1\" data-target=\"#befb8830bbb40724f\" href=\"#befb8830bbb40724f\"><span class=\"fusion-toggle-icon-wrapper\" aria-hidden=\"true\"><i class=\"fa-fusion-box\" aria-hidden=\"true\"><\/i><\/span><span class=\"fusion-toggle-heading\">Disciplina: GEODIVERSIDADE<\/span><\/a><\/h4><\/div><div id=\"befb8830bbb40724f\" class=\"panel-collapse collapse \"><div class=\"panel-body toggle-content fusion-clearfix\">\n<p>N\u00edvel: Mestrado e Doutorado<\/p>\n<p>Carga Hor\u00e1ria: 60 h\/4 Cr\u00e9ditos<\/p>\n<p>Respons\u00e1vel: \u00darsula Ruchkys de Azevedo e Maria M\u00e1rcia Magela Machado<\/p>\n<p>Ementa: Defini\u00e7\u00e3o e Origem do Conceito | Valores e Amea\u00e7as | A Geodiversidade no Brasil. Conceitos de Patrim\u00f4nio Geol\u00f3gico e Geoss\u00edtios | Tipologias do Patrim\u00f4nio Geol\u00f3gico | O Patrim\u00f4nio Geol\u00f3gico como Patrim\u00f4nio Natural | Usos do Patrim\u00f4nio Geol\u00f3gico: Geoparques. A Rede Global de Geoparques.\u00a0 Geoturismo. O Potencial Geotur\u00edstico no Brasil A Geoconserva\u00e7\u00e3o e os Cuidados com o Patrim\u00f4nio Geol\u00f3gico | Iniciativas e Estrat\u00e9gias de Geoconserva\u00e7\u00e3o. Modelagem envolvendo Geodiversidade, Geoconserva\u00e7\u00e3o e Geoturismo. Exemplos de aplica\u00e7\u00e3o.<\/p>\n<\/div><\/div><\/div><div class=\"fusion-panel panel-default fusion-toggle-no-divider fusion-toggle-boxed-mode\" role=\"tabpanel\"><div class=\"panel-heading\"><h4 class=\"panel-title toggle\"><a aria-expanded=\"false\" aria-selected=\"false\" aria-controls=\"5606af7de2d27366a\" role=\"tab\" data-toggle=\"collapse\" data-parent=\"#accordion-247-1\" data-target=\"#5606af7de2d27366a\" href=\"#5606af7de2d27366a\"><span class=\"fusion-toggle-icon-wrapper\" aria-hidden=\"true\"><i class=\"fa-fusion-box\" aria-hidden=\"true\"><\/i><\/span><span class=\"fusion-toggle-heading\">Disciplina: GEOPROCESSAMENTO<\/span><\/a><\/h4><\/div><div id=\"5606af7de2d27366a\" class=\"panel-collapse collapse \"><div class=\"panel-body toggle-content fusion-clearfix\">\n<p>N\u00edvel: Mestrado e Doutorado<\/p>\n<p>Carga Hor\u00e1ria: 60 h\/4 Cr\u00e9ditos<\/p>\n<p>Respons\u00e1vel: \u00darsula Ruchkys de Azevedo e Maria M\u00e1rcia Magela Machado<\/p>\n<p>Ementa: Bases conceituais e te\u00f3ricas sobre os sistemas de informa\u00e7\u00f5es geogr\u00e1ficas (SIG). M\u00e9todos de abstra\u00e7\u00e3o, convers\u00e3o e estrutura\u00e7\u00e3o nesse sistema computacional. Potencial das t\u00e9cnicas de Geoprocessamento para a representa\u00e7\u00e3o de fen\u00f4menos e modelos ambientais relacionados a diversos campos de estudo. Instrumentaliza\u00e7\u00e3o de t\u00e9cnicas do Geoprocessamento para diversas aplica\u00e7\u00f5es levando em considera\u00e7\u00e3o os componentes do espa\u00e7o geogr\u00e1fico.<\/p>\n<\/div><\/div><\/div><div class=\"fusion-panel panel-default fusion-toggle-no-divider fusion-toggle-boxed-mode\" role=\"tabpanel\"><div class=\"panel-heading\"><h4 class=\"panel-title toggle\"><a aria-expanded=\"false\" aria-selected=\"false\" aria-controls=\"8ee494d222b5ca0e3\" role=\"tab\" data-toggle=\"collapse\" data-parent=\"#accordion-247-1\" data-target=\"#8ee494d222b5ca0e3\" href=\"#8ee494d222b5ca0e3\"><span class=\"fusion-toggle-icon-wrapper\" aria-hidden=\"true\"><i class=\"fa-fusion-box\" aria-hidden=\"true\"><\/i><\/span><span class=\"fusion-toggle-heading\">Disciplina: GEOPROCESSAMENTO AVAN\u00c7ADO COM \u00caNFASE EM MEIO AMBIENTE <\/span><\/a><\/h4><\/div><div id=\"8ee494d222b5ca0e3\" class=\"panel-collapse collapse \"><div class=\"panel-body toggle-content fusion-clearfix\">\n<p>N\u00edvel: Mestrado e Doutorado<\/p>\n<p>Carga Hor\u00e1ria: 60 h\/4 Cr\u00e9ditos<\/p>\n<p>Respons\u00e1vel: Marcelo A. Nero<\/p>\n<p>Ementa: Conceitos de ferramentas avan\u00e7adas e de uso em geoprocessamento; Introdu\u00e7\u00e3o \u00e0 modelagem SIG e suas aplica\u00e7\u00f5es. Aplica\u00e7\u00f5es de modelagem SIG em meio ambiente. Aplica\u00e7\u00f5es de l\u00f3gica fuzzy e regress\u00e3o linear m\u00faltipla. Simula\u00e7\u00e3o na \u00e1rea de meio ambiente e aplica\u00e7\u00f5es em preven\u00e7\u00e3o de inc\u00eandios. Semin\u00e1rios. Controle de qualidade tem\u00e1tica.<\/p>\n<p><a href=\"https:\/\/csr.ufmg.br\/ppgamsa\/wp-content\/uploads\/2021\/07\/CRT832-Geoprocessamento-Avancado-com-Enfase-em-Meio-Ambiente.pdf\">Ementa em PDF<\/a><\/p>\n<\/div><\/div><\/div><div class=\"fusion-panel panel-default fusion-toggle-no-divider fusion-toggle-boxed-mode\" role=\"tabpanel\"><div class=\"panel-heading\"><h4 class=\"panel-title toggle\"><a aria-expanded=\"false\" aria-selected=\"false\" aria-controls=\"2d684cb534ecdf0da\" role=\"tab\" data-toggle=\"collapse\" data-parent=\"#accordion-247-1\" data-target=\"#2d684cb534ecdf0da\" href=\"#2d684cb534ecdf0da\"><span class=\"fusion-toggle-icon-wrapper\" aria-hidden=\"true\"><i class=\"fa-fusion-box\" aria-hidden=\"true\"><\/i><\/span><span class=\"fusion-toggle-heading\">Disciplina: GOVERNAN\u00c7A AMBIENTAL<\/span><\/a><\/h4><\/div><div id=\"2d684cb534ecdf0da\" class=\"panel-collapse collapse \"><div class=\"panel-body toggle-content fusion-clearfix\">\n<p>Carga Hor\u00e1ria: 30 h\/2 Cr\u00e9ditos<\/p>\n<p style=\"text-align: justify;\">Ementa: A governan\u00e7a ambiental surgiu como uma \u00e1rea distinta de pol\u00edtica e pesquisa, particularmente no que diz respeito \u00e0 expans\u00e3o do conhecimento te\u00f3rico sobre justi\u00e7a ambiental e sustentabilidade (Batterbury e Fernando, 2006). A disciplina Governan\u00e7a Ambiental tem como objetivo proporcionar aos estudantes de mestrado e doutorado a expans\u00e3o do conhecimento te\u00f3rico sobre a governan\u00e7a ambiental, visando uma compreens\u00e3o ampla e cr\u00edtica dos processos de justi\u00e7a ambiental e sustentabilidade em diferentes escalas geogr\u00e1ficas e institucionais. Visa capacitar os alunos a analisar os desafios e as oportunidades relacionados \u00e0 gest\u00e3o da paisagem em contextos complexos e interdisciplinares, abordando o papel de atores p\u00fablicos, privados e da sociedade civil na constru\u00e7\u00e3o de solu\u00e7\u00f5es para o planejamento territorial e desenvolvimento sustent\u00e1vel.<br \/>\nA governan\u00e7a ambiental, seus m\u00e9todos e ferramentas, permitem que os diferentes atores \u201cstakeholders\u201d incluindo os tomadores de decis\u00e3o e planejadores explorem proativamente solu\u00e7\u00f5es para os problemas socioambientais quer em contexto urbano quer rural.<\/p>\n<p><a href=\"https:\/\/csr.ufmg.br\/ppgamsa\/wp-content\/uploads\/2025\/01\/ppgamsa_governanca-ambiental.pdf\">Ementa em PDF<\/a><\/p>\n<\/div><\/div><\/div><div class=\"fusion-panel panel-default fusion-toggle-no-divider fusion-toggle-boxed-mode\" role=\"tabpanel\"><div class=\"panel-heading\"><h4 class=\"panel-title toggle\"><a aria-expanded=\"false\" aria-selected=\"false\" aria-controls=\"1bbe3f1bbcff9230a\" role=\"tab\" data-toggle=\"collapse\" data-parent=\"#accordion-247-1\" data-target=\"#1bbe3f1bbcff9230a\" href=\"#1bbe3f1bbcff9230a\"><span class=\"fusion-toggle-icon-wrapper\" aria-hidden=\"true\"><i class=\"fa-fusion-box\" aria-hidden=\"true\"><\/i><\/span><span class=\"fusion-toggle-heading\">Disciplina: INTRODU\u00c7\u00c3O AOS M\u00c9TODOS QUANTITATIVOS<\/span><\/a><\/h4><\/div><div id=\"1bbe3f1bbcff9230a\" class=\"panel-collapse collapse \"><div class=\"panel-body toggle-content fusion-clearfix\">\n<p>N\u00edvel: Mestrado e Doutorado<\/p>\n<p>Carga Hor\u00e1ria: 60 h\/4 Cr\u00e9ditos<\/p>\n<p>Respons\u00e1vel: Ricardo Alexandrino Garcia<\/p>\n<p>Ementa: A disciplina visa possibiliatar ao aluno o contato com a terminologia, simbologia, normas e significados referentes \u00e0 organiza\u00e7\u00e3o e apresenta\u00e7\u00e3o de dados de natureza quantitativa,\u00a0 o desenvolvimento de habilidades em organizar dados em s\u00e9ries, em utilizar n\u00fameros relativos, em representar graficamente os dados e em tratar e analisar vari\u00e1veis relacionadas em investiga\u00e7\u00e3o cient\u00edfica no campo da geoci\u00eancias, atrav\u00e9s do entendimento e da utliza\u00e7\u00e3o de fun\u00e7\u00f5es mat\u00e9m\u00e1ticas, de medidas de tend\u00eancia central, de posi\u00e7\u00e3o, de variabilidade e de normalidade, e das distribui\u00e7\u00f5es te\u00f3ricas de probabilidades.<\/p>\n<p><a href=\"https:\/\/csr.ufmg.br\/ppgamsa\/wp-content\/uploads\/2024\/07\/ementa_intoducao-aos-metodos-quantitativos_ricardo-alexandrino.pdf\">Ementa em PDF<\/a><\/p>\n<\/div><\/div><\/div><div class=\"fusion-panel panel-default fusion-toggle-no-divider fusion-toggle-boxed-mode\" role=\"tabpanel\"><div class=\"panel-heading\"><h4 class=\"panel-title toggle\"><a aria-expanded=\"false\" aria-selected=\"false\" aria-controls=\"64edd29b55e2a6544\" role=\"tab\" data-toggle=\"collapse\" data-parent=\"#accordion-247-1\" data-target=\"#64edd29b55e2a6544\" href=\"#64edd29b55e2a6544\"><span class=\"fusion-toggle-icon-wrapper\" aria-hidden=\"true\"><i class=\"fa-fusion-box\" aria-hidden=\"true\"><\/i><\/span><span class=\"fusion-toggle-heading\">Disciplina: METODOLOGIAS DE PESQUISA<\/span><\/a><\/h4><\/div><div id=\"64edd29b55e2a6544\" class=\"panel-collapse collapse \"><div class=\"panel-body toggle-content fusion-clearfix\">\n<p>N\u00edvel: Mestrado e Doutorado<\/p>\n<p>Carga Hor\u00e1ria: 30 h\/2 Cr\u00e9ditos<\/p>\n<p>Respons\u00e1vel: &#8220;Diversos docentes do programa&#8221;<\/p>\n<p>Ementa: Esta disciplina compreende o estudo do processo que caracteriza uma investiga\u00e7\u00e3o cient\u00edfica, bem como os tipos de investiga\u00e7\u00e3o mais comuns na \u00e1rea da sa\u00fade. Espera-se, atrav\u00e9s do conte\u00fado desta disciplina, que o aluno possa elaborar um trabalho cient\u00edfico com todos os seus componentes e ainda ser capaz de realizar uma leitura cr\u00edtica de artigos cient\u00edficos no que diz respeito aos seus aspectos metodol\u00f3gicos. O conte\u00fado desta disciplina \u00e9 imprescind\u00edvel para preparar o aluno de p\u00f3s-gradua\u00e7\u00e3o para elaborar e desenvolver seu projeto de investiga\u00e7\u00e3o, bem como redigir seu trabalho final.<\/p>\n<\/div><\/div><\/div><div class=\"fusion-panel panel-default fusion-toggle-no-divider fusion-toggle-boxed-mode\" role=\"tabpanel\"><div class=\"panel-heading\"><h4 class=\"panel-title toggle\"><a aria-expanded=\"false\" aria-selected=\"false\" aria-controls=\"875540d930453856d\" role=\"tab\" data-toggle=\"collapse\" data-parent=\"#accordion-247-1\" data-target=\"#875540d930453856d\" href=\"#875540d930453856d\"><span class=\"fusion-toggle-icon-wrapper\" aria-hidden=\"true\"><i class=\"fa-fusion-box\" aria-hidden=\"true\"><\/i><\/span><span class=\"fusion-toggle-heading\">Disciplina: M\u00c9TODOS AVAN\u00c7ADOS EM R<\/span><\/a><\/h4><\/div><div id=\"875540d930453856d\" class=\"panel-collapse collapse \"><div class=\"panel-body toggle-content fusion-clearfix\">\n<p>N\u00edvel: Mestrado e Doutorado<\/p>\n<p>Carga Hor\u00e1ria: 60 h\/4 Cr\u00e9ditos<\/p>\n<p>Respons\u00e1vel: Camila Palhares Teixeira<\/p>\n<p>Ementa: ANOVA fatorial, ANCOVA, Correla\u00e7\u00f5es, Matriz e Cluster, PCA, CA, PCoA, CCA, RDA, NMDS, PERMANOVA e ANOSIM, Rank, \u00edndices de diversidade, Mapas e SIG no R.<\/p>\n<\/div><\/div><\/div><div class=\"fusion-panel panel-default fusion-toggle-no-divider fusion-toggle-boxed-mode\" role=\"tabpanel\"><div class=\"panel-heading\"><h4 class=\"panel-title toggle\"><a aria-expanded=\"false\" aria-selected=\"false\" aria-controls=\"4413e5bf8db0aa8df\" role=\"tab\" data-toggle=\"collapse\" data-parent=\"#accordion-247-1\" data-target=\"#4413e5bf8db0aa8df\" href=\"#4413e5bf8db0aa8df\"><span class=\"fusion-toggle-icon-wrapper\" aria-hidden=\"true\"><i class=\"fa-fusion-box\" aria-hidden=\"true\"><\/i><\/span><span class=\"fusion-toggle-heading\">Disciplina: M\u00c9TODOS DE AN\u00c1LISE ESPACIAL<\/span><\/a><\/h4><\/div><div id=\"4413e5bf8db0aa8df\" class=\"panel-collapse collapse \"><div class=\"panel-body toggle-content fusion-clearfix\">\n<p>N\u00edvel: Mestrado e Doutorado<\/p>\n<p>Carga Hor\u00e1ria: 60 h\/4 Cr\u00e9ditos<\/p>\n<p>Respons\u00e1vel: Carlos Lobo, Ricardo Alexandrino Garcia e Diego Macedo<\/p>\n<p>Ementa: Princ\u00edpios e elementos de Estat\u00edstica Espacial e Geoestat\u00edstica. An\u00e1lise e interpreta\u00e7\u00e3o de medidas de centralidade e dispers\u00e3o espacial de pontos. Avalia\u00e7\u00e3o de densidades de pontos: modelo de Kernel. Indicadores de correla\u00e7\u00e3o espacial global e local. Regress\u00e3o espacial. M\u00e9todos de interpola\u00e7\u00e3o.<\/p>\n<\/div><\/div><\/div><div class=\"fusion-panel panel-default fusion-toggle-no-divider fusion-toggle-boxed-mode\" role=\"tabpanel\"><div class=\"panel-heading\"><h4 class=\"panel-title toggle\"><a aria-expanded=\"false\" aria-selected=\"false\" aria-controls=\"a522902db89a57906\" role=\"tab\" data-toggle=\"collapse\" data-parent=\"#accordion-247-1\" data-target=\"#a522902db89a57906\" href=\"#a522902db89a57906\"><span class=\"fusion-toggle-icon-wrapper\" aria-hidden=\"true\"><i class=\"fa-fusion-box\" aria-hidden=\"true\"><\/i><\/span><span class=\"fusion-toggle-heading\"> Disciplina: M\u00c9TODOS QUANTITATIVOS APLICADOS \u00c0 AN\u00c1LISE E MODELAGEM DE SISTEMAS AMBIENTAIS<\/span><\/a><\/h4><\/div><div id=\"a522902db89a57906\" class=\"panel-collapse collapse \"><div class=\"panel-body toggle-content fusion-clearfix\">\n<p>N\u00edvel: Mestrado e Doutorado<\/p>\n<p>Carga Hor\u00e1ria: 60 h\/4 Cr\u00e9ditos<\/p>\n<p>Respons\u00e1vel:\u00a0 Carlos Lobo e Ricardo Alexandrino Garcia<\/p>\n<p>Ementa: M\u00e9todos e procedimentos t\u00e9cnicos de utiliza\u00e7\u00e3o e tratamento de dados geogr\u00e1ficos de natureza quantitativa. Uso de t\u00e9cnicas estat\u00edsticas de aplica\u00e7\u00f5es espaciais, enfatizando-se as suas potencialidades e limita\u00e7\u00f5es. Introdu\u00e7\u00e3o de an\u00e1lise emp\u00edrica sobre banco computacional.<\/p>\n<p><a href=\"https:\/\/csr.ufmg.br\/ppgamsa\/wp-content\/uploads\/2021\/07\/CRT835-\u2013-Metodos-Quantitativos-Aplicativos-a-Analise-de-Sistemas-Ambientais.pdf\">Ementa em PDF<\/a><\/p>\n<\/div><\/div><\/div><div class=\"fusion-panel panel-default fusion-toggle-no-divider fusion-toggle-boxed-mode\" role=\"tabpanel\"><div class=\"panel-heading\"><h4 class=\"panel-title toggle\"><a aria-expanded=\"false\" aria-selected=\"false\" aria-controls=\"cd238b3849e44db8f\" role=\"tab\" data-toggle=\"collapse\" data-parent=\"#accordion-247-1\" data-target=\"#cd238b3849e44db8f\" href=\"#cd238b3849e44db8f\"><span class=\"fusion-toggle-icon-wrapper\" aria-hidden=\"true\"><i class=\"fa-fusion-box\" aria-hidden=\"true\"><\/i><\/span><span class=\"fusion-toggle-heading\">Disciplina: M\u00c9TODOS QUANTITATIVOS \u2013 USO DO PROGRAMA R<\/span><\/a><\/h4><\/div><div id=\"cd238b3849e44db8f\" class=\"panel-collapse collapse \"><div class=\"panel-body toggle-content fusion-clearfix\">\n<p>N\u00edvel: Mestrado e Doutorado<\/p>\n<p>Carga Hor\u00e1ria: 60 h\/4 Cr\u00e9ditos<\/p>\n<p>Respons\u00e1vel: Camila Palhares Teixeira<\/p>\n<p>Ementa: Utiliza\u00e7\u00e3o do software R no uso de an\u00e1lise estat\u00edstica de dados abrangendo: delineamento experimental, teoria da amostragem, medidas de tend\u00eancia central, medidas de dispers\u00e3o, teste de normalidade, transforma\u00e7\u00e3o de dados, correla\u00e7\u00e3o, an\u00e1lise de frequ\u00eancias, teste t, an\u00e1lise de vari\u00e2ncia e testes n\u00e3o param\u00e9tricos.<\/p>\n<p><a href=\"https:\/\/csr.ufmg.br\/ppgamsa\/wp-content\/uploads\/2021\/07\/CRT839-Metodos-quantitativos-Uso-do-Programa-R.pdf\">Ementa em PDF<\/a><\/p>\n<\/div><\/div><\/div><div class=\"fusion-panel panel-default fusion-toggle-no-divider fusion-toggle-boxed-mode\" role=\"tabpanel\"><div class=\"panel-heading\"><h4 class=\"panel-title toggle\"><a aria-expanded=\"false\" aria-selected=\"false\" aria-controls=\"e365b7ec3eb5aecec\" role=\"tab\" data-toggle=\"collapse\" data-parent=\"#accordion-247-1\" data-target=\"#e365b7ec3eb5aecec\" href=\"#e365b7ec3eb5aecec\"><span class=\"fusion-toggle-icon-wrapper\" aria-hidden=\"true\"><i class=\"fa-fusion-box\" aria-hidden=\"true\"><\/i><\/span><span class=\"fusion-toggle-heading\">Disciplina: MODELAGEM DE SISTEMAS AMBIENTAIS<\/span><\/a><\/h4><\/div><div id=\"e365b7ec3eb5aecec\" class=\"panel-collapse collapse \"><div class=\"panel-body toggle-content fusion-clearfix\">\n<p>N\u00edvel: Mestrado e Doutorado<\/p>\n<p>Carga Hor\u00e1ria: 60 h\/4 Cr\u00e9ditos<\/p>\n<p>Respons\u00e1vel: Ubirajara de Oliveira<\/p>\n<p>Ementa: Modelos, tipologias, grau de abstra\u00e7\u00e3o e aplica\u00e7\u00f5es nas ci\u00eancias da terra, ecologia, estudos urbanos e demogr\u00e1ficos, dentre outras \u00e1reas. Discutir a id\u00e9ia de modelos, tipologias, grau de abstra\u00e7\u00e3o, m\u00e9todos de implementa\u00e7\u00e3o de modelos de sistemas ambientais e suas aplica\u00e7\u00f5es, com especial aten\u00e7\u00e3o aos modelos de din\u00e2mica de paisagem. S\u00e3o apresentados e trabalhados modelos aplicados \u00e0s mudan\u00e7as no uso da terra, ecologia, estudos urbanos, dentre outras \u00e1reas.<\/p>\n<p><a href=\"https:\/\/csr.ufmg.br\/ppgamsa\/wp-content\/uploads\/2024\/07\/ementa_modelagem-de-sistemas-ambientais_ubirajara-de-oliveira.pdf\">Ementa em PDF<\/a><\/p>\n<\/div><\/div><\/div><div class=\"fusion-panel panel-default fusion-toggle-no-divider fusion-toggle-boxed-mode\" role=\"tabpanel\"><div class=\"panel-heading\"><h4 class=\"panel-title toggle\"><a aria-expanded=\"false\" aria-selected=\"false\" aria-controls=\"8d6642af942e06e44\" role=\"tab\" data-toggle=\"collapse\" data-parent=\"#accordion-247-1\" data-target=\"#8d6642af942e06e44\" href=\"#8d6642af942e06e44\"><span class=\"fusion-toggle-icon-wrapper\" aria-hidden=\"true\"><i class=\"fa-fusion-box\" aria-hidden=\"true\"><\/i><\/span><span class=\"fusion-toggle-heading\">Disciplina: MODELAGEM E GOVERNAN\u00c7A: QUEST\u00d5ES SOCIAIS, EPISTEMOL\u00d3GICAS E ONTOL\u00d3GICAS<\/span><\/a><\/h4><\/div><div id=\"8d6642af942e06e44\" class=\"panel-collapse collapse \"><div class=\"panel-body toggle-content fusion-clearfix\">\n<p>N\u00edvel: Mestrado e Doutorado<\/p>\n<p>Carga Hor\u00e1ria: 60 h\/4 Cr\u00e9ditos<\/p>\n<p>Respons\u00e1vel: Raoni Guerra Lucas Raj\u00e3o<\/p>\n<p>Ementa: An\u00e1lise dos limites e implica\u00e7\u00f5es sociais dos modelos (teorias econ\u00f4micas, sistemas de informa\u00e7\u00e3o geogr\u00e1fico, sistemas especialistas e de pesquisa operacional aplicados) na governan\u00e7a, como foco em quest\u00f5es ambientais; Coprodu\u00e7\u00e3o da ci\u00eancia e sociedade; Aspectos ontol\u00f3gicos dos modelos; Aspectos epistemol\u00f3gicos dos modelos.<\/p>\n<\/div><\/div><\/div><div class=\"fusion-panel panel-default fusion-toggle-no-divider fusion-toggle-boxed-mode\" role=\"tabpanel\"><div class=\"panel-heading\"><h4 class=\"panel-title toggle\"><a aria-expanded=\"false\" aria-selected=\"false\" aria-controls=\"5285aa4c5016c3c1e\" role=\"tab\" data-toggle=\"collapse\" data-parent=\"#accordion-247-1\" data-target=\"#5285aa4c5016c3c1e\" href=\"#5285aa4c5016c3c1e\"><span class=\"fusion-toggle-icon-wrapper\" aria-hidden=\"true\"><i class=\"fa-fusion-box\" aria-hidden=\"true\"><\/i><\/span><span class=\"fusion-toggle-heading\">Disciplina: MODELAGEM DO USO DA TERRA E DESENVOLVIMENTO DE CEN\u00c1RIOS PARTICIPATIVOS<\/span><\/a><\/h4><\/div><div id=\"5285aa4c5016c3c1e\" class=\"panel-collapse collapse \"><div class=\"panel-body toggle-content fusion-clearfix\">N\u00edvel: Mestrado e Doutorado<\/p>\n<p>Carga Hor\u00e1ria: 60 h\/4 Cr\u00e9ditos<\/p>\n<p>Respons\u00e1vel: S\u00f3nia Maria Carvalho Ribeiro<\/p>\n<p>Ementa: 1) metodologias para desenvolvimento de cen\u00e1rios (B\u00f6rjeson, H\u00f6jer, Dreborg, Ekvall, &amp; Finnveden, 2006) participativos com envolvimento das comunidades locais, 2) estudo de ferramentas de modelagem (ex an\u00e1lise multi-crit\u00e9rio), 3) Mecanismos de Governan\u00e7a ambiental para resolu\u00e7\u00e3o de problemas ambientais com enfoque no uso e ocupa\u00e7\u00e3o do solo p\u00fablicas (Ribeiro, Correia, &amp; Paracchini, 2016; Van Berkel, Carvalho-Ribeiro, Verburg, &amp; Lovett, 2011). A grande quest\u00e3o abordada \u00e9: Quais os mecanismos de governan\u00e7a capazes de estimular transi\u00e7\u00f5es sustent\u00e1veis no uso e cobertura do solo, invertendo as tend\u00eancias de perda de habitat, nomeadamente de florestas naturais, mantendo-as e\/ou recuperando-as de modo a que se se mantenham estrutural e funcionalmente biodiversas?<\/div><\/div><\/div><div class=\"fusion-panel panel-default fusion-toggle-no-divider fusion-toggle-boxed-mode\" role=\"tabpanel\"><div class=\"panel-heading\"><h4 class=\"panel-title toggle\"><a aria-expanded=\"false\" aria-selected=\"false\" aria-controls=\"ab20f6ae5193ad50b\" role=\"tab\" data-toggle=\"collapse\" data-parent=\"#accordion-247-1\" data-target=\"#ab20f6ae5193ad50b\" href=\"#ab20f6ae5193ad50b\"><span class=\"fusion-toggle-icon-wrapper\" aria-hidden=\"true\"><i class=\"fa-fusion-box\" aria-hidden=\"true\"><\/i><\/span><span class=\"fusion-toggle-heading\">Disciplina: MODELOS DE DISTRIBUI\u00c7\u00c3O DE ESP\u00c9CIES<\/span><\/a><\/h4><\/div><div id=\"ab20f6ae5193ad50b\" class=\"panel-collapse collapse \"><div class=\"panel-body toggle-content fusion-clearfix\">\n<p>N\u00edvel: Mestrado e Doutorado<\/p>\n<p>Carga Hor\u00e1ria: 60 h\/4 Cr\u00e9ditos<\/p>\n<p>Respons\u00e1vel: Ubirajara de Oliveira<\/p>\n<p>Ementa: O curso consistir\u00e1 em uma introdu\u00e7\u00e3o aos m\u00e9todos de modelagem de distribui\u00e7\u00e3o de esp\u00e9cies. Ser\u00e3o abordados temas te\u00f3ricos relevantes para o uso adequado dos m\u00e9todos de modelagem de distribui\u00e7\u00e3o de esp\u00e9cies e as principais t\u00e9cnicas necess\u00e1rias para a aplica\u00e7\u00e3o do m\u00e9todo de predi\u00e7\u00e3o da distribui\u00e7\u00e3o das esp\u00e9cies. Ao fim do curso, o aluno dever\u00e1 ser capaz de entender e identificar as premissas, limita\u00e7\u00f5es e aplica\u00e7\u00f5es dos m\u00e9todos de modelagem de distribui\u00e7\u00e3o. Al\u00e9m disso, o aluno ser\u00e1 capaz de realizar os passos pr\u00e1ticos para a execu\u00e7\u00e3o deste m\u00e9todo.<\/p>\n<\/div><\/div><\/div><div class=\"fusion-panel panel-default fusion-toggle-no-divider fusion-toggle-boxed-mode\" role=\"tabpanel\"><div class=\"panel-heading\"><h4 class=\"panel-title toggle\"><a aria-expanded=\"false\" aria-selected=\"false\" aria-controls=\"70a9ffb143bd5800a\" role=\"tab\" data-toggle=\"collapse\" data-parent=\"#accordion-247-1\" data-target=\"#70a9ffb143bd5800a\" href=\"#70a9ffb143bd5800a\"><span class=\"fusion-toggle-icon-wrapper\" aria-hidden=\"true\"><i class=\"fa-fusion-box\" aria-hidden=\"true\"><\/i><\/span><span class=\"fusion-toggle-heading\">Disciplina: MODELAGEM DE DADOS<\/span><\/a><\/h4><\/div><div id=\"70a9ffb143bd5800a\" class=\"panel-collapse collapse \"><div class=\"panel-body toggle-content fusion-clearfix\">\n<p>N\u00edvel: Mestrado e Doutorado<\/p>\n<p>Carga Hor\u00e1ria: 60 h\/4 Cr\u00e9ditos<\/p>\n<p>Respons\u00e1vel: Vagner Braga Nunes Coelho<\/p>\n<p>Ementa: L\u00f3gica formal; Modelo relacional; Modelo orientado a objeto; Modelagem de dados geogr\u00e1ficos; \u00c1lgebra relacional; Relacionamentos espaciais; Topologia; Constru\u00e7\u00e3o de Diagrama (Diagrama Entidade-Relacionamento; Diagrama de Classes).<\/p>\n<p><a href=\"https:\/\/csr.ufmg.br\/ppgamsa\/wp-content\/uploads\/2025\/01\/CRT854_Modelagem-de-Dados.pdf\">Ementa em PDF<\/a><\/p>\n<\/div><\/div><\/div><div class=\"fusion-panel panel-default fusion-toggle-no-divider fusion-toggle-boxed-mode\" role=\"tabpanel\"><div class=\"panel-heading\"><h4 class=\"panel-title toggle\"><a aria-expanded=\"false\" aria-selected=\"false\" aria-controls=\"37a92b6fe6400ebee\" role=\"tab\" data-toggle=\"collapse\" data-parent=\"#accordion-247-1\" data-target=\"#37a92b6fe6400ebee\" href=\"#37a92b6fe6400ebee\"><span class=\"fusion-toggle-icon-wrapper\" aria-hidden=\"true\"><i class=\"fa-fusion-box\" aria-hidden=\"true\"><\/i><\/span><span class=\"fusion-toggle-heading\">Disciplina: OFICINA DE MODELOS AMBIENTAIS<\/span><\/a><\/h4><\/div><div id=\"37a92b6fe6400ebee\" class=\"panel-collapse collapse \"><div class=\"panel-body toggle-content fusion-clearfix\">\n<p>N\u00edvel: Mestrado e Doutorado<\/p>\n<p>Carga Hor\u00e1ria: 60 h\/4 Cr\u00e9ditos<\/p>\n<p>Respons\u00e1vel: Ubirajara de Oliveira<\/p>\n<p>Ementa: Constru\u00e7\u00e3o de modelos para o estudo de fen\u00f4menos e processos ambientais ou para a realiza\u00e7\u00e3o de projetos de planejamento\/infraestrutura e ordenamento territorial.<\/p>\n<p><a href=\"https:\/\/csr.ufmg.br\/ppgamsa\/wp-content\/uploads\/2021\/07\/CRT829-Oficina-de-Modelos-Ambientais.pdf\">Ementa em PDF<\/a><\/p>\n<\/div><\/div><\/div><div class=\"fusion-panel panel-default fusion-toggle-no-divider fusion-toggle-boxed-mode\" role=\"tabpanel\"><div class=\"panel-heading\"><h4 class=\"panel-title toggle\"><a aria-expanded=\"false\" aria-selected=\"false\" aria-controls=\"198f74a39306d3bd4\" role=\"tab\" data-toggle=\"collapse\" data-parent=\"#accordion-247-1\" data-target=\"#198f74a39306d3bd4\" href=\"#198f74a39306d3bd4\"><span class=\"fusion-toggle-icon-wrapper\" aria-hidden=\"true\"><i class=\"fa-fusion-box\" aria-hidden=\"true\"><\/i><\/span><span class=\"fusion-toggle-heading\">Disciplina: OFICINA DE PLANEJAMENTO TERRITORIAL<\/span><\/a><\/h4><\/div><div id=\"198f74a39306d3bd4\" class=\"panel-collapse collapse \"><div class=\"panel-body toggle-content fusion-clearfix\">\n<p>N\u00edvel: Mestrado e Doutorado<\/p>\n<p>Carga Hor\u00e1ria: 60 h\/4 Cr\u00e9ditos<\/p>\n<p>Respons\u00e1vel: Br\u00e1ulio Magalh\u00e3es Fonseca<\/p>\n<p>Ementa: A disciplina Oficina de Planejamento Territorial abordar\u00e1: processos de ocupa\u00e7\u00e3o do territ\u00f3rio; intera\u00e7\u00e3o rural-urbano; o conceito de ESCALA no planejamento territorial e ambiental: pol\u00edticas p\u00fablicas regionais e locais \u2013 como conciliar? governan\u00e7a metropolitana\/regional e suas limita\u00e7\u00f5es; Governan\u00e7a Territorial e Atra\u00e7\u00e3o de Investimentos: bases f\u00edsico-territoriais do planejamento territorial e planejamento da paisagem. Ser\u00e3o abordadas metodologias pr\u00e1ticas (Geodesign e Zoneamento Morfol\u00f3gico Funcional), ser\u00e3o explorados instrumentos de planejamento territorial e participativo inovadores; exemplos de conflitos de uso e ocupa\u00e7\u00e3o do territ\u00f3rio e de boas pr\u00e1ticas de conserva\u00e7\u00e3o e desenvolvimento territorial. Instrumentos de Empreendedorismo Territorial: Planos Diretores Municipais; Zonas de Processamento de Exporta\u00e7\u00e3o; Marketing e Branding de Territ\u00f3rio.<\/p>\n<p><a href=\"https:\/\/csr.ufmg.br\/ppgamsa\/wp-content\/uploads\/2025\/01\/CRT855_Oficina_de_Planejamento_Territorial_2025.pdf\">Ementa em PDF<\/a><\/p>\n<\/div><\/div><\/div><div class=\"fusion-panel panel-default fusion-toggle-no-divider fusion-toggle-boxed-mode\" role=\"tabpanel\"><div class=\"panel-heading\"><h4 class=\"panel-title toggle\"><a aria-expanded=\"false\" aria-selected=\"false\" aria-controls=\"32e9de64329e10368\" role=\"tab\" data-toggle=\"collapse\" data-parent=\"#accordion-247-1\" data-target=\"#32e9de64329e10368\" href=\"#32e9de64329e10368\"><span class=\"fusion-toggle-icon-wrapper\" aria-hidden=\"true\"><i class=\"fa-fusion-box\" aria-hidden=\"true\"><\/i><\/span><span class=\"fusion-toggle-heading\">Disciplina: PR\u00c1TICAS EM PROCESSAMENTO DIGITAL DE IMAGENS DA TERRA<\/span><\/a><\/h4><\/div><div id=\"32e9de64329e10368\" class=\"panel-collapse collapse \"><div class=\"panel-body toggle-content fusion-clearfix\">\n<p>N\u00edvel: Mestrado e Doutorado<\/p>\n<p>Carga Hor\u00e1ria: 60 h\/4 Cr\u00e9ditos<\/p>\n<p>Respons\u00e1vel: Rodrigo A. A. N\u00f3brega<\/p>\n<p>Ementa: Introdu\u00e7\u00e3o ao Processamento Digital de Imagens (PDI), Entendendo a imagem Digital, Ferramentas de PDI, Prepara\u00e7\u00e3o e processamento de imagens digitais da Terra, Empilhamento de bandas, fus\u00e3o de bandas, an\u00e1lise de componentes principais, registro de imagens, mosaico de imagens, extra\u00e7\u00e3o de informa\u00e7\u00f5es por classifica\u00e7\u00e3o de imagens, conex\u00e3o Sensoriamento Remoto e Geoprocessamento, Geoprocessamento em dados matriciais.<\/p>\n<\/div><\/div><\/div><div class=\"fusion-panel panel-default fusion-toggle-no-divider fusion-toggle-boxed-mode\" role=\"tabpanel\"><div class=\"panel-heading\"><h4 class=\"panel-title toggle\"><a aria-expanded=\"false\" aria-selected=\"false\" aria-controls=\"f9e35042705b989fa\" role=\"tab\" data-toggle=\"collapse\" data-parent=\"#accordion-247-1\" data-target=\"#f9e35042705b989fa\" href=\"#f9e35042705b989fa\"><span class=\"fusion-toggle-icon-wrapper\" aria-hidden=\"true\"><i class=\"fa-fusion-box\" aria-hidden=\"true\"><\/i><\/span><span class=\"fusion-toggle-heading\">Disciplina: PROGRAMA\u00c7\u00c3O COMPUTACIONAL E AN\u00c1LISE DE DADOS<\/span><\/a><\/h4><\/div><div id=\"f9e35042705b989fa\" class=\"panel-collapse collapse \"><div class=\"panel-body toggle-content fusion-clearfix\">\n<p>N\u00edvel: Mestrado e Doutorado<\/p>\n<p>Respons\u00e1vel: Getulio Fonseca Domingues<\/p>\n<p>Ementa: 1. Conceitua\u00e7\u00e3o e import\u00e2ncia; 2. Hist\u00f3rico do desenvolvimento de computadores, bem como as contribui\u00e7\u00f5es da computa\u00e7\u00e3o na Modelagem Ambiental; 3. Elabora\u00e7\u00e3o e constru\u00e7\u00e3o de algoritmos; 4. L\u00f3gica de programa\u00e7\u00e3o; 5. Paradigmas de programa\u00e7\u00e3o e linguagens de programa\u00e7\u00e3o; 6. Componentes b\u00e1sicos de programa\u00e7\u00e3o: objetos, fun\u00e7\u00f5es, estruturas de dados, operadores condicionais, estruturas de repeti\u00e7\u00e3o em loop (for, while e repeat); 7. Manipula\u00e7\u00e3o de dados: entrada\/sa\u00edda de dados, filtragem, sele\u00e7\u00e3o, transforma\u00e7\u00f5es, relacionamento entre tabelas; 8. Aplica\u00e7\u00f5es em problemas espec\u00edficos da Modelagem Ambiental.<\/p>\n<p><a href=\"https:\/\/csr.ufmg.br\/ppgamsa\/wp-content\/uploads\/2024\/07\/ementa_programacao_computacional-e-analise-de-dados_getulio-fonseca.pdf\">Ementa em PDF<\/a><\/p>\n<\/div><\/div><\/div><div class=\"fusion-panel panel-default fusion-toggle-no-divider fusion-toggle-boxed-mode\" role=\"tabpanel\"><div class=\"panel-heading\"><h4 class=\"panel-title toggle\"><a aria-expanded=\"false\" aria-selected=\"false\" aria-controls=\"2c1f3512085cab5da\" role=\"tab\" data-toggle=\"collapse\" data-parent=\"#accordion-247-1\" data-target=\"#2c1f3512085cab5da\" href=\"#2c1f3512085cab5da\"><span class=\"fusion-toggle-icon-wrapper\" aria-hidden=\"true\"><i class=\"fa-fusion-box\" aria-hidden=\"true\"><\/i><\/span><span class=\"fusion-toggle-heading\">Disciplina: QUALIDADE TEM\u00c1TICA DO MAPEAMENTO AMBIENTAL<\/span><\/a><\/h4><\/div><div id=\"2c1f3512085cab5da\" class=\"panel-collapse collapse \"><div class=\"panel-body toggle-content fusion-clearfix\">\n<p>N\u00edvel: Mestrado e Doutorado<\/p>\n<p>Carga Hor\u00e1ria: 30 h\/2 Cr\u00e9ditos<\/p>\n<p>Respons\u00e1vel: Marcelo Antonio Nero<\/p>\n<p>Ementa: Conceitos gerais de qualidade tem\u00e1tica. An\u00e1lise dos m\u00e9todos de produ\u00e7\u00e3o de dados tem\u00e1ticos (origem dos dados tem\u00e1ticos). Matriz de confus\u00e3o aplicado aos dados tem\u00e1ticos. Metodologias de an\u00e1lise de qualidade tem\u00e1tica. Qualidade tem\u00e1tica aplicada nas ci\u00eancias ambientais.<\/p>\n<p><a href=\"https:\/\/csr.ufmg.br\/ppgamsa\/wp-content\/uploads\/2021\/07\/CRT825-Qualidade-Tematica-do-Mapeamento-Ambiental.pdf\">Ementa em PDF<\/a><\/p>\n<\/div><\/div><\/div><div class=\"fusion-panel panel-default fusion-toggle-no-divider fusion-toggle-boxed-mode\" role=\"tabpanel\"><div class=\"panel-heading\"><h4 class=\"panel-title toggle\"><a aria-expanded=\"false\" aria-selected=\"false\" aria-controls=\"a49c336c4ff2a2189\" role=\"tab\" data-toggle=\"collapse\" data-parent=\"#accordion-247-1\" data-target=\"#a49c336c4ff2a2189\" href=\"#a49c336c4ff2a2189\"><span class=\"fusion-toggle-icon-wrapper\" aria-hidden=\"true\"><i class=\"fa-fusion-box\" aria-hidden=\"true\"><\/i><\/span><span class=\"fusion-toggle-heading\">Disciplina: REDA\u00c7\u00c3O CIENT\u00cdFICA<\/span><\/a><\/h4><\/div><div id=\"a49c336c4ff2a2189\" class=\"panel-collapse collapse \"><div class=\"panel-body toggle-content fusion-clearfix\">\n<p>N\u00edvel: Mestrado e Doutorado<\/p>\n<p>Carga Hor\u00e1ria: 60 h\/4 Cr\u00e9ditos<\/p>\n<p>Respons\u00e1vel: Maria M\u00e1rcia Magela Machado<\/p>\n<p>Ementa: Como preparar um artigo cient\u00edfico para publica\u00e7\u00e3o em peri\u00f3dicos. Como redigir de maneira eficiente resumos, introdu\u00e7\u00e3o, revis\u00e3o, material e m\u00e9todos, resultados, discuss\u00e3o, conclus\u00f5es e cita\u00e7\u00f5es. Como submeter um artigo para publica\u00e7\u00e3o e responder a revisores. \u00c9tica na publica\u00e7\u00e3o. Durante seu desenvolvimento pedag\u00f3gico, a disciplina estimular\u00e1 o aluno a elaborar o texto de um artigo cient\u00edfico de sua pr\u00f3pria autoria, utilizando-se de material produzido durante o per\u00edodo do curso de mestrado ou doutorado. A avalia\u00e7\u00e3o ser\u00e1 feita com base na qualidade da reda\u00e7\u00e3o do artigo produzido pelo aluno. O texto produzido dever\u00e1 satisfazer \u00e0s exig\u00eancias de &#8220;Instru\u00e7\u00e3o para Autores&#8221; de um peri\u00f3dico de boa qualidade convenientemente escolhido.<\/p>\n<p><a href=\"https:\/\/csr.ufmg.br\/ppgamsa\/wp-content\/uploads\/2021\/07\/CRT838-Redacao-Cientifica.pdf\">Ementa em PDF<\/a><\/p>\n<\/div><\/div><\/div><div class=\"fusion-panel panel-default fusion-toggle-no-divider fusion-toggle-boxed-mode\" role=\"tabpanel\"><div class=\"panel-heading\"><h4 class=\"panel-title toggle\"><a aria-expanded=\"false\" aria-selected=\"false\" aria-controls=\"c6c995121de168426\" role=\"tab\" data-toggle=\"collapse\" data-parent=\"#accordion-247-1\" data-target=\"#c6c995121de168426\" href=\"#c6c995121de168426\"><span class=\"fusion-toggle-icon-wrapper\" aria-hidden=\"true\"><i class=\"fa-fusion-box\" aria-hidden=\"true\"><\/i><\/span><span class=\"fusion-toggle-heading\">Disciplina: SEMIN\u00c1RIOS DE PESQUISA \u2013 JOURNAL CLUB<\/span><\/a><\/h4><\/div><div id=\"c6c995121de168426\" class=\"panel-collapse collapse \"><div class=\"panel-body toggle-content fusion-clearfix\">\n<p>N\u00edvel: Mestrado e Doutorado<\/p>\n<p>Carga Hor\u00e1ria: 15 h\/1 Cr\u00e9ditos<\/p>\n<p>Respons\u00e1vel: S\u00f3nia Maria Carvalho Ribeiro<\/p>\n<p>Ementa: An\u00e1lise cr\u00edtica de artigos cient\u00edficos de escopo internacional nas tem\u00e1ticas de An\u00e1lise de Sistemas Ambientais, Modelagem de Sistemas Ambientais e Gest\u00e3o da Paisagem.<\/p>\n<\/div><\/div><\/div><div class=\"fusion-panel panel-default fusion-toggle-no-divider fusion-toggle-boxed-mode\" role=\"tabpanel\"><div class=\"panel-heading\"><h4 class=\"panel-title toggle\"><a aria-expanded=\"false\" aria-selected=\"false\" aria-controls=\"9b9dc6da3b8894ad4\" role=\"tab\" data-toggle=\"collapse\" data-parent=\"#accordion-247-1\" data-target=\"#9b9dc6da3b8894ad4\" href=\"#9b9dc6da3b8894ad4\"><span class=\"fusion-toggle-icon-wrapper\" aria-hidden=\"true\"><i class=\"fa-fusion-box\" aria-hidden=\"true\"><\/i><\/span><span class=\"fusion-toggle-heading\">Disciplina: SENSORIAMENTO REMOTO PARA SISTEMAS AMBIENTAIS: PRINC\u00cdPIOS, M\u00c9TODOS, ALGORITMOS E APLICA\u00c7\u00d5ES<\/span><\/a><\/h4><\/div><div id=\"9b9dc6da3b8894ad4\" class=\"panel-collapse collapse \"><div class=\"panel-body toggle-content fusion-clearfix\">\n<p>N\u00edvel: Mestrado e Doutorado<\/p>\n<p>Carga Hor\u00e1ria: 60 h\/4 Cr\u00e9ditos<\/p>\n<p>Respons\u00e1vel: Marcos Ant\u00f4nio Timb\u00f3 Elmiro<\/p>\n<p>Ementa:Princ\u00edpios f\u00edsicos do Sensoriamento Remoto; Caracter\u00edsticas dos sistemas de aquisi\u00e7\u00e3o de dados de Sensoriamento Remoto; N\u00edveis de aquisi\u00e7\u00e3o de dados: laborat\u00f3rio, campo, aeronaves e espa\u00e7onaves; Principais sistemas de Sensoriamento Remoto existentes e as caracter\u00edsticas dos dados e imagens geradas; Comportamento espectral dos alvos da Terra; Conceitos fundamentais de Cartografia e Geod\u00e9sia aplicados ao Sensoriamento Remoto; Corre\u00e7\u00f5es de erros e registro de dados de Sensoriamento Remoto; M\u00e9todos de extra\u00e7\u00e3o de informa\u00e7\u00f5es a partir de dados de Sensoriamento Remoto; Interpreta\u00e7\u00e3o visual de dados de Sensoriamento Remoto; Introdu\u00e7\u00e3o ao Processamento digital dos dados de Sensoriamento Remoto; Introdu\u00e7\u00e3o aos programas, algoritmos e linguagens para tratamento de dados de Sensoriamento Remoto; Introdu\u00e7\u00e3o ao Sensoriamento Remoto por Radar e Lidar; Aplica\u00e7\u00f5es gerais do Sensoriamento Remoto nas \u00e1reas relacionadas a sistemas ambientais.<\/p>\n<p><a href=\"https:\/\/csr.ufmg.br\/ppgamsa\/wp-content\/uploads\/2024\/07\/ementa_sensoriamento-remoto-para-sistemas-ambientais_timbo-elmiro.pdf\">Ementa em PDF<\/a><\/p>\n<\/div><\/div><\/div><div class=\"fusion-panel panel-default fusion-toggle-no-divider fusion-toggle-boxed-mode\" role=\"tabpanel\"><div class=\"panel-heading\"><h4 class=\"panel-title toggle\"><a aria-expanded=\"false\" aria-selected=\"false\" aria-controls=\"c622883826ed0f4f7\" role=\"tab\" data-toggle=\"collapse\" data-parent=\"#accordion-247-1\" data-target=\"#c622883826ed0f4f7\" href=\"#c622883826ed0f4f7\"><span class=\"fusion-toggle-icon-wrapper\" aria-hidden=\"true\"><i class=\"fa-fusion-box\" aria-hidden=\"true\"><\/i><\/span><span class=\"fusion-toggle-heading\">Disciplina: SOLOS E AN\u00c1LISE AMBIENTAL<\/span><\/a><\/h4><\/div><div id=\"c622883826ed0f4f7\" class=\"panel-collapse collapse \"><div class=\"panel-body toggle-content fusion-clearfix\">\n<p>N\u00edvel: Mestrado e Doutorado<\/p>\n<p>Carga Hor\u00e1ria: 60 h\/4 Cr\u00e9ditos<\/p>\n<p>Respons\u00e1vel: Adriana Monteiro da Costa<\/p>\n<p>Ementa: Solos. Degrada\u00e7\u00e3o dos solos, usos dos solos. Caracter\u00edsticas principais dos solos brasileiros. Potencialidades e fragilidades. As m\u00faltiplas fun\u00e7\u00f5es do solo. Solo como filtro. Solo como suporte mec\u00e2nico. Solo como armazenador de \u00e1gua. Eros\u00e3o do solo. Contamina\u00e7\u00e3o dos solos. Solos e caracter\u00edsticas especiais. Solos arenosos. Solos expansivos. Solos colaps\u00edveis. Solos salinos e tiom\u00f3rficos. Solos org\u00e2nicos. Metodologias integradas de an\u00e1lise da paisagem. Zoneamento Econ\u00f4mico e Ecol\u00f3gico \u2013 ZEE. Zoneamento Ambiental e Produtivo \u2013 ZAP. Dinamica: possibilidade de uso na an\u00e1lise de solos.<\/p>\n<\/div><\/div><\/div><div class=\"fusion-panel panel-default fusion-toggle-no-divider fusion-toggle-boxed-mode\" role=\"tabpanel\"><div class=\"panel-heading\"><h4 class=\"panel-title toggle\"><a aria-expanded=\"false\" aria-selected=\"false\" aria-controls=\"2facb0570f6591da5\" role=\"tab\" data-toggle=\"collapse\" data-parent=\"#accordion-247-1\" data-target=\"#2facb0570f6591da5\" href=\"#2facb0570f6591da5\"><span class=\"fusion-toggle-icon-wrapper\" aria-hidden=\"true\"><i class=\"fa-fusion-box\" aria-hidden=\"true\"><\/i><\/span><span class=\"fusion-toggle-heading\">Disciplina: T\u00c9CNICAS DE MENSURA\u00c7\u00c3O COM SENSORES AERONAVEGADOS <\/span><\/a><\/h4><\/div><div id=\"2facb0570f6591da5\" class=\"panel-collapse collapse \"><div class=\"panel-body toggle-content fusion-clearfix\">\n<p>N\u00edvel: Mestrado e Doutorado<\/p>\n<p>Carga Hor\u00e1ria: 60 h\/4 Cr\u00e9ditos<\/p>\n<p>Respons\u00e1vel: Pl\u00ednio Temba<\/p>\n<p>Ementa: Introdu\u00e7\u00e3o, Fotogrametria Convencional, Fotogrametria Anal\u00edtica, Fotogrametria Digital, Fotogrametria Para Sensores Pushbroom, LIDAR e T\u00f3picos Complementares.<\/p>\n<\/div><\/div><\/div><div class=\"fusion-panel panel-default fusion-toggle-no-divider fusion-toggle-boxed-mode\" role=\"tabpanel\"><div class=\"panel-heading\"><h4 class=\"panel-title toggle\"><a aria-expanded=\"false\" aria-selected=\"false\" aria-controls=\"c529b5ecd43b0eb13\" role=\"tab\" data-toggle=\"collapse\" data-parent=\"#accordion-247-1\" data-target=\"#c529b5ecd43b0eb13\" href=\"#c529b5ecd43b0eb13\"><span class=\"fusion-toggle-icon-wrapper\" aria-hidden=\"true\"><i class=\"fa-fusion-box\" aria-hidden=\"true\"><\/i><\/span><span class=\"fusion-toggle-heading\">Disciplina: T\u00d3PICOS ESPECIAIS EM AN\u00c1LISE E MAPEAMENTO DE SERVI\u00c7OS ECOSSIST\u00caMICOS CULTURAIS<\/span><\/a><\/h4><\/div><div id=\"c529b5ecd43b0eb13\" class=\"panel-collapse collapse \"><div class=\"panel-body toggle-content fusion-clearfix\">\n<p>N\u00edvel: Mestrado e Doutorado<\/p>\n<p>Carga Hor\u00e1ria: 30 h\/2 Cr\u00e9ditos<\/p>\n<p>Respons\u00e1vel: Laura Bachi<\/p>\n<p>Ementa: Esta disciplina tem ocmo objetivo principal capacitar os estudantes a compreender, avaliar e mapear os servi\u00e7os ecossist\u00eamicos culturais que desempenham um papel fundamental na intera\u00e7\u00e3o entre as pessoas e os ecossistemas. Os estudantes desenvolver\u00e3o habilidades pr\u00e1ticas e te\u00f3ricas para identificar, avaliar e mapear a oferta e demanda desses servi\u00e7os (i.e. est\u00e9tica, recrea\u00e7\u00e3o, heran\u00e7a\/hist\u00f3rica), reconhecendo seu valor para o bem-estar humano e a conserva\u00e7\u00e3o dos ecossistemas. Esta disciplina explora os servi\u00e7os ecossist\u00eamicos culturais e sua relev\u00e2cia nas pr\u00e1ticas de conserva\u00e7\u00e3o, planejamento territorial e gest\u00e3o de recursos. Atrav\u00e9s de estudos de caso, m\u00e9todos quantitativos e qualitativos e tecnologias de mapeamento espacialmente expl\u00edcito, os alunos aprender\u00e3o a identificar, analisar e integrar os servi\u00e7os ecossist\u00eamicos culturais em estrat\u00e9gias de conserva\u00e7\u00e3o e desenvolvimento sustent\u00e1vel.<\/p>\n<p><a href=\"https:\/\/csr.ufmg.br\/ppgamsa\/wp-content\/uploads\/2024\/07\/ementa_topicos-especiais-em-analise-e-modelagem-de-servicos-ecossitemicos-culturais_laura-bachi.pdf\">Ementa em PDF<\/a><\/p>\n<\/div><\/div><\/div><div class=\"fusion-panel panel-default fusion-toggle-no-divider fusion-toggle-boxed-mode\" role=\"tabpanel\"><div class=\"panel-heading\"><h4 class=\"panel-title toggle\"><a aria-expanded=\"false\" aria-selected=\"false\" aria-controls=\"a514260cb0763410f\" role=\"tab\" data-toggle=\"collapse\" data-parent=\"#accordion-247-1\" data-target=\"#a514260cb0763410f\" href=\"#a514260cb0763410f\"><span class=\"fusion-toggle-icon-wrapper\" aria-hidden=\"true\"><i class=\"fa-fusion-box\" aria-hidden=\"true\"><\/i><\/span><span class=\"fusion-toggle-heading\">Disciplina: T\u00d3PICOS ESPECIAIS EM AN\u00c1LISE E MODELAGEM - METODOLOGIA E REDA\u00c7\u00c3O CIENT\u00cdFICA<\/span><\/a><\/h4><\/div><div id=\"a514260cb0763410f\" class=\"panel-collapse collapse \"><div class=\"panel-body toggle-content fusion-clearfix\">\n<p>N\u00edvel: Mestrado e Doutorado<\/p>\n<p>Carga Hor\u00e1ria: 60 h\/4 Cr\u00e9ditos<\/p>\n<p>Respons\u00e1vel: Diego Rodrigues Macedo<\/p>\n<p>Ementa: Esta disciplina compreende o estudo do processo que caracteriza uma investiga\u00e7\u00e3o cient\u00edfica, assim como bem como preparar a reda\u00e7\u00e3o da disserta\u00e7\u00e3o\/teses e artigos cient\u00edficos para publica\u00e7\u00e3o em peri\u00f3dicos. O conte\u00fado desta disciplina \u00e9 imprescind\u00edvel para preparar o aluno de p\u00f3s-gradua\u00e7\u00e3o para elaborar e desenvolver seu projeto de investiga\u00e7\u00e3o, bem como redigir seu trabalho final. Como redigir de maneira eficiente resumos, introdu\u00e7\u00e3o, revis\u00e3o, material e m\u00e9todos, resultados, discuss\u00e3o, conclus\u00f5es e cita\u00e7\u00f5es. Como submeter um artigo para publica\u00e7\u00e3o e responder a revisores. \u00c9tica na publica\u00e7\u00e3o. Durante seu desenvolvimento pedag\u00f3gico, a disciplina estimular\u00e1 o aluno a elaborar o texto de cient\u00edfico de sua pr\u00f3pria autoria, utilizando-se de material produzido durante o per\u00edodo do curso de mestrado ou doutorado.<\/p>\n<p><a href=\"https:\/\/csr.ufmg.br\/ppgamsa\/wp-content\/uploads\/2024\/07\/ementa_topicos-especiais-em-analise-e-modelagem_metodologia-e-redacao-cientifica_diego-macedo.pdf\">Ementa em PDF<\/a><\/p>\n<\/div><\/div><\/div><div class=\"fusion-panel panel-default fusion-toggle-no-divider fusion-toggle-boxed-mode\" role=\"tabpanel\"><div class=\"panel-heading\"><h4 class=\"panel-title toggle\"><a aria-expanded=\"false\" aria-selected=\"false\" aria-controls=\"4a8279ea90933b759\" role=\"tab\" data-toggle=\"collapse\" data-parent=\"#accordion-247-1\" data-target=\"#4a8279ea90933b759\" href=\"#4a8279ea90933b759\"><span class=\"fusion-toggle-icon-wrapper\" aria-hidden=\"true\"><i class=\"fa-fusion-box\" aria-hidden=\"true\"><\/i><\/span><span class=\"fusion-toggle-heading\">Disciplina: T\u00d3PICOS ESPECIAIS EM AN\u00c1LISE E MODELAGEM DE SISTEMAS AMBIENTAIS I<\/span><\/a><\/h4><\/div><div id=\"4a8279ea90933b759\" class=\"panel-collapse collapse \"><div class=\"panel-body toggle-content fusion-clearfix\">\n<p>N\u00edvel: Mestrado e Doutorado<\/p>\n<p>Carga Hor\u00e1ria: 15 h\/1 Cr\u00e9dito<\/p>\n<p>Ementa:\u00a0 T\u00f3picos de interesse ao desenvolvimento e aplica\u00e7\u00e3o de modelagem de sistemas ambientais. Temas contempor\u00e2neos, necessidades regionais e contextos de aplica\u00e7\u00e3o. A disciplina de T\u00f3picos Especiais possibilitar\u00e1 que o PPG AMSA ofere\u00e7a, de acordo com as condi\u00e7\u00f5es de seu corpo docente, disciplinas espor\u00e1dicas que possam complementar, de forma din\u00e2mica, a forma\u00e7\u00e3o dos alunos do curso<\/p>\n<\/div><\/div><\/div><div class=\"fusion-panel panel-default fusion-toggle-no-divider fusion-toggle-boxed-mode\" role=\"tabpanel\"><div class=\"panel-heading\"><h4 class=\"panel-title toggle\"><a aria-expanded=\"false\" aria-selected=\"false\" aria-controls=\"89ffad4075884f62e\" role=\"tab\" data-toggle=\"collapse\" data-parent=\"#accordion-247-1\" data-target=\"#89ffad4075884f62e\" href=\"#89ffad4075884f62e\"><span class=\"fusion-toggle-icon-wrapper\" aria-hidden=\"true\"><i class=\"fa-fusion-box\" aria-hidden=\"true\"><\/i><\/span><span class=\"fusion-toggle-heading\">Disciplina: T\u00d3PICOS ESPECIAIS EM AN\u00c1LISE E MODELAGEM DE SISTEMAS AMBIENTAIS II<\/span><\/a><\/h4><\/div><div id=\"89ffad4075884f62e\" class=\"panel-collapse collapse \"><div class=\"panel-body toggle-content fusion-clearfix\">\n<p>N\u00edvel: Mestrado e Doutorado<\/p>\n<p>Carga Hor\u00e1ria: 30 h\/2 Cr\u00e9ditos<\/p>\n<p>Ementa: T\u00f3picos de interesse ao desenvolvimento e aplica\u00e7\u00e3o de modelagem de sistemas ambientais. Temas contempor\u00e2neos, necessidades regionais e contextos de aplica\u00e7\u00e3o. A disciplina de T\u00f3picos Especiais possibilitar\u00e1 que o PPG AMSA ofere\u00e7a, de acordo com as condi\u00e7\u00f5es de seu corpo docente, disciplinas espor\u00e1dicas que possam complementar, de forma din\u00e2mica, a forma\u00e7\u00e3o dos alunos do curso.<\/p>\n<p><a href=\"https:\/\/csr.ufmg.br\/ppgamsa\/wp-content\/uploads\/2021\/07\/CRT844-Topicos-especiais-II-Cenarios-Participativos-e-Gestao-da-Paisagem.pdf\">Ementa Cen\u00e1rios Participativos e Gest\u00e3o da Paisagem<\/a><\/p>\n<\/div><\/div><\/div><div class=\"fusion-panel panel-default fusion-toggle-no-divider fusion-toggle-boxed-mode\" role=\"tabpanel\"><div class=\"panel-heading\"><h4 class=\"panel-title toggle\"><a aria-expanded=\"false\" aria-selected=\"false\" aria-controls=\"716fc3036853c4d8d\" role=\"tab\" data-toggle=\"collapse\" data-parent=\"#accordion-247-1\" data-target=\"#716fc3036853c4d8d\" href=\"#716fc3036853c4d8d\"><span class=\"fusion-toggle-icon-wrapper\" aria-hidden=\"true\"><i class=\"fa-fusion-box\" aria-hidden=\"true\"><\/i><\/span><span class=\"fusion-toggle-heading\">Disciplina: T\u00d3PICOS ESPECIAIS EM AN\u00c1LISE E MODELAGEM DE SISTEMAS AMBIENTAIS III<\/span><\/a><\/h4><\/div><div id=\"716fc3036853c4d8d\" class=\"panel-collapse collapse \"><div class=\"panel-body toggle-content fusion-clearfix\">N\u00edvel: Mestrado e Doutorado<\/p>\n<p>Carga Hor\u00e1ria: 45 h\/3 Cr\u00e9ditos<\/p>\n<p>Ementa: T\u00f3picos de interesse ao desenvolvimento e aplica\u00e7\u00e3o de modelagem de sistemas ambientais. Temas contempor\u00e2neos, necessidades regionais e contextos de aplica\u00e7\u00e3o. A disciplina de T\u00f3picos Especiais possibilitar\u00e1 que o PPG AMSA ofere\u00e7a, de acordo com as condi\u00e7\u00f5es de seu corpo docente, disciplinas espor\u00e1dicas que possam complementar, de forma din\u00e2mica, a forma\u00e7\u00e3o dos alunos do curso.<\/div><\/div><\/div><div class=\"fusion-panel panel-default fusion-toggle-no-divider fusion-toggle-boxed-mode\" role=\"tabpanel\"><div class=\"panel-heading\"><h4 class=\"panel-title toggle\"><a aria-expanded=\"false\" aria-selected=\"false\" aria-controls=\"6ade24698a5051d3d\" role=\"tab\" data-toggle=\"collapse\" data-parent=\"#accordion-247-1\" data-target=\"#6ade24698a5051d3d\" href=\"#6ade24698a5051d3d\"><span class=\"fusion-toggle-icon-wrapper\" aria-hidden=\"true\"><i class=\"fa-fusion-box\" aria-hidden=\"true\"><\/i><\/span><span class=\"fusion-toggle-heading\">Disciplina: T\u00d3PICOS ESPECIAIS EM AN\u00c1LISE E MODELAGEM DE SISTEMAS AMBIENTAIS IV<\/span><\/a><\/h4><\/div><div id=\"6ade24698a5051d3d\" class=\"panel-collapse collapse \"><div class=\"panel-body toggle-content fusion-clearfix\">N\u00edvel: Mestrado e Doutorado<\/p>\n<p>Carga Hor\u00e1ria: 60 h\/4 Cr\u00e9ditos<\/p>\n<p>Ementa: T\u00f3picos de interesse ao desenvolvimento e aplica\u00e7\u00e3o de modelagem de sistemas ambientais. Temas contempor\u00e2neos, necessidades regionais e contextos de aplica\u00e7\u00e3o. A disciplina de T\u00f3picos Especiais possibilitar\u00e1 que o PPG AMSA ofere\u00e7a, de acordo com as condi\u00e7\u00f5es de seu corpo docente, disciplinas espor\u00e1dicas que possam complementar, de forma din\u00e2mica, a forma\u00e7\u00e3o dos alunos do curso.<\/div><\/div><\/div><div class=\"fusion-panel panel-default fusion-toggle-no-divider fusion-toggle-boxed-mode\" role=\"tabpanel\"><div class=\"panel-heading\"><h4 class=\"panel-title toggle\"><a aria-expanded=\"false\" aria-selected=\"false\" aria-controls=\"f51514dd56c372008\" role=\"tab\" data-toggle=\"collapse\" data-parent=\"#accordion-247-1\" data-target=\"#f51514dd56c372008\" href=\"#f51514dd56c372008\"><span class=\"fusion-toggle-icon-wrapper\" aria-hidden=\"true\"><i class=\"fa-fusion-box\" aria-hidden=\"true\"><\/i><\/span><span class=\"fusion-toggle-heading\">Disciplina: T\u00d3PICOS ESPECIAIS - INDICADORES AMBIENTAIS<\/span><\/a><\/h4><\/div><div id=\"f51514dd56c372008\" class=\"panel-collapse collapse \"><div class=\"panel-body toggle-content fusion-clearfix\">\n<p>Carga Hor\u00e1ria: 30 h\/2 Cr\u00e9ditos<\/p>\n<p style=\"text-align: justify;\">Ementa: Dist\u00farbios antr\u00f3picos e antropoceno; Indicadores Ecol\u00f3gicos: conceito e import\u00e2ncia; Indicadores Hidrogeomorfol\u00f3gicos baseados em Habitat F\u00edsico; Indicadores de Qualidade de \u00c1gua; Indicadores de Sensoriamento Remoto; Uso e Ocupa\u00e7\u00e3o da Terra; Geodiversidade; Indicadores Biol\u00f3gicos; Servi\u00e7os de Ecossistema; Crit\u00e9rios para sele\u00e7\u00e3o dos indicadores ecol\u00f3gicos; Aplicabilidade dos indicadores ecol\u00f3gicos.<\/p>\n<p><a href=\"https:\/\/csr.ufmg.br\/ppgamsa\/wp-content\/uploads\/2025\/01\/ppgamsa_indicadores-ambinetais.pdf\">Ementa em PDF<\/a><\/p>\n<\/div><\/div><\/div><div class=\"fusion-panel panel-default fusion-toggle-no-divider fusion-toggle-boxed-mode\" role=\"tabpanel\"><div class=\"panel-heading\"><h4 class=\"panel-title toggle\"><a aria-expanded=\"false\" aria-selected=\"false\" aria-controls=\"a565b281830e09b13\" role=\"tab\" data-toggle=\"collapse\" data-parent=\"#accordion-247-1\" data-target=\"#a565b281830e09b13\" href=\"#a565b281830e09b13\"><span class=\"fusion-toggle-icon-wrapper\" aria-hidden=\"true\"><i class=\"fa-fusion-box\" aria-hidden=\"true\"><\/i><\/span><span class=\"fusion-toggle-heading\">Disciplina: T\u00d3PICOS ESPECIAIS EM GEOPROCESSAMENTO APLICADO AOS ESTUDOS DE GEODIVERSIDADE, GEOPATRIM\u00d4NIO, GEOCONSERVA\u00c7\u00c3O E GEOTURISMO<\/span><\/a><\/h4><\/div><div id=\"a565b281830e09b13\" class=\"panel-collapse collapse \"><div class=\"panel-body toggle-content fusion-clearfix\">\n<p>Carga Hor\u00e1ria: 30 h\/2 Cr\u00e9ditos<\/p>\n<p style=\"text-align: justify;\">Ementa: Geodiversidade, geopatrim\u00f4nio, geoconserva\u00e7\u00e3o, geoturismo e geo\u00e9tica: novas abordagens no contexto da geociencias. Projetos e programas em desenvolvimento no Brasil, incluindo geoparks. O contexto de Minas Gerais. M\u00e9todos e t\u00e9cnicas de estudo. Geoprocessamento e pr\u00e1ticas aplicadas.<\/p>\n<p><a href=\"https:\/\/csr.ufmg.br\/ppgamsa\/wp-content\/uploads\/2025\/01\/ppgamsa_geoprocessamento-aplicado.pdf\">Ementa em PDF<\/a><\/p>\n<\/div><\/div><\/div><\/div><\/div><div class=\"fusion-text fusion-text-1\"><div><\/div>\n<\/div><\/div><\/div><style type=\"text\/css\">.fusion-body .fusion-builder-column-0{width:100% !important;margin-top : 0px;margin-bottom : 20px;}.fusion-builder-column-0 > .fusion-column-wrapper {padding-top : 0px !important;padding-right : 0px !important;margin-right : 1.92%;padding-bottom : 0px !important;padding-left : 0px !important;margin-left : 1.92%;}@media only screen and (max-width:1024px) {.fusion-body .fusion-builder-column-0{width:100% !important;order : 0;}.fusion-builder-column-0 > .fusion-column-wrapper {margin-right : 1.92%;margin-left : 1.92%;}}@media only screen and (max-width:640px) {.fusion-body .fusion-builder-column-0{width:100% !important;order : 0;}.fusion-builder-column-0 > .fusion-column-wrapper {margin-right : 1.92%;margin-left : 1.92%;}}<\/style><\/div><style type=\"text\/css\">.fusion-body .fusion-flex-container.fusion-builder-row-1{ padding-top : 0px;margin-top : 0px;padding-right : 0px;padding-bottom : 0px;margin-bottom : 0px;padding-left : 0px;}<\/style><\/div>\n","protected":false},"excerpt":{"rendered":"","protected":false},"author":3,"featured_media":0,"parent":204,"menu_order":3,"comment_status":"closed","ping_status":"closed","template":"","meta":[],"_links":{"self":[{"href":"https:\/\/csr.ufmg.br\/ppgamsa\/wp-json\/wp\/v2\/pages\/247"}],"collection":[{"href":"https:\/\/csr.ufmg.br\/ppgamsa\/wp-json\/wp\/v2\/pages"}],"about":[{"href":"https:\/\/csr.ufmg.br\/ppgamsa\/wp-json\/wp\/v2\/types\/page"}],"author":[{"embeddable":true,"href":"https:\/\/csr.ufmg.br\/ppgamsa\/wp-json\/wp\/v2\/users\/3"}],"replies":[{"embeddable":true,"href":"https:\/\/csr.ufmg.br\/ppgamsa\/wp-json\/wp\/v2\/comments?post=247"}],"version-history":[{"count":20,"href":"https:\/\/csr.ufmg.br\/ppgamsa\/wp-json\/wp\/v2\/pages\/247\/revisions"}],"predecessor-version":[{"id":2391,"href":"https:\/\/csr.ufmg.br\/ppgamsa\/wp-json\/wp\/v2\/pages\/247\/revisions\/2391"}],"up":[{"embeddable":true,"href":"https:\/\/csr.ufmg.br\/ppgamsa\/wp-json\/wp\/v2\/pages\/204"}],"wp:attachment":[{"href":"https:\/\/csr.ufmg.br\/ppgamsa\/wp-json\/wp\/v2\/media?parent=247"}],"curies":[{"name":"wp","href":"https:\/\/api.w.org\/{rel}","templated":true}]}}