{"id":338,"date":"2021-02-07T03:25:06","date_gmt":"2021-02-07T05:25:06","guid":{"rendered":"https:\/\/csr.ufmg.br\/ppgamsa\/?page_id=338"},"modified":"2024-09-12T11:13:09","modified_gmt":"2024-09-12T14:13:09","slug":"processo-seletivo","status":"publish","type":"page","link":"https:\/\/csr.ufmg.br\/ppgamsa\/br\/processo-seletivo\/","title":{"rendered":"Processo Seletivo"},"content":{"rendered":"<div class=\"fusion-fullwidth fullwidth-box fusion-builder-row-1 fusion-flex-container nonhundred-percent-fullwidth non-hundred-percent-height-scrolling\" style=\"background-color: rgba(255,255,255,0);background-position: center center;background-repeat: no-repeat;border-width: 0px 0px 0px 0px;border-color:#eae9e9;border-style:solid;\" ><div class=\"fusion-builder-row fusion-row fusion-flex-align-items-flex-start\" style=\"max-width:1248px;margin-left: calc(-4% \/ 2 );margin-right: calc(-4% \/ 2 );\"><div class=\"fusion-layout-column fusion_builder_column fusion-builder-column-0 fusion_builder_column_1_1 1_1 fusion-flex-column\"><div class=\"fusion-column-wrapper fusion-flex-justify-content-flex-start fusion-content-layout-column\" style=\"background-position:left top;background-repeat:no-repeat;-webkit-background-size:cover;-moz-background-size:cover;-o-background-size:cover;background-size:cover;padding: 0px 0px 0px 0px;\"><style type=\"text\/css\">@media only screen and (max-width:1024px) {.fusion-title.fusion-title-1{margin-top:10px!important;margin-bottom:30px!important;}}<\/style><div class=\"fusion-title title fusion-title-1 fusion-title-text fusion-title-size-one\" style=\"margin-top:10px;margin-bottom:30px;\"><div class=\"title-sep-container title-sep-container-left fusion-no-large-visibility fusion-no-medium-visibility fusion-no-small-visibility\"><div class=\"title-sep sep-\" style=\"border-color:#ae895d;\"><\/div><\/div><h1 class=\"title-heading-left\" style=\"margin:0;\">Processo Seletivo<\/h1><div class=\"title-sep-container title-sep-container-right\"><div class=\"title-sep sep-\" style=\"border-color:#ae895d;\"><\/div><\/div><\/div><style type=\"text\/css\">#accordion-338-1 .fusion-panel:hover, #accordion-338-1 .fusion-panel.hover{ background-color: #f9f9f9 } #accordion-338-1 .fusion-panel { border-color:#cccccc; border-width:0px; background-color:#ffffff; }.fusion-accordian  #accordion-338-1 .panel-title a .fa-fusion-box{ color: #ffffff;}.fusion-accordian  #accordion-338-1 .panel-title a .fa-fusion-box:before{ font-size: 13px; width: 13px;}.fusion-accordian  #accordion-338-1 .panel-title a{font-size:16px;}.fusion-accordian  #accordion-338-1 .fa-fusion-box { background-color: #ae895d;border-color: #ae895d;}.fusion-accordian  #accordion-338-1 .panel-title a:hover, #accordion-338-1 .fusion-toggle-boxed-mode:hover .panel-title a { color: #c0996b;}.fusion-accordian  #accordion-338-1 .panel-title .active .fa-fusion-box,.fusion-accordian  #accordion-338-1 .panel-title a:hover .fa-fusion-box { background-color: #c0996b!important;border-color: #c0996b!important;}<\/style><div class=\"accordian fusion-accordian\"><div class=\"panel-group\" id=\"accordion-338-1\" role=\"tablist\"><div class=\"fusion-panel panel-default fusion-toggle-no-divider fusion-toggle-boxed-mode\" role=\"tabpanel\"><div class=\"panel-heading\"><h4 class=\"panel-title toggle\"><a aria-expanded=\"false\" aria-selected=\"false\" aria-controls=\"bf69a464e260cb660\" role=\"tab\" data-toggle=\"collapse\" data-parent=\"#accordion-338-1\" data-target=\"#bf69a464e260cb660\" href=\"#bf69a464e260cb660\"><span class=\"fusion-toggle-icon-wrapper\" aria-hidden=\"true\"><i class=\"fa-fusion-box\" aria-hidden=\"true\"><\/i><\/span><span class=\"fusion-toggle-heading\">PROCESSO SELETIVO MESTRADO E DOUTORADO 2024<\/span><\/a><\/h4><\/div><div id=\"bf69a464e260cb660\" class=\"panel-collapse collapse \"><div class=\"panel-body toggle-content fusion-clearfix\">\n<p><a href=\"https:\/\/csr.ufmg.br\/ppgamsa\/wp-content\/uploads\/2024\/06\/Processo_Seletivo_Edital_Regular_2024_resultado.pdf\">Resultado Final<\/a><\/p>\n<p><a href=\"https:\/\/csr.ufmg.br\/ppgamsa\/wp-content\/uploads\/2024\/06\/Cronograma_Entrevistas_doutorado_mestradoPPGAMSA_assinado.pdf\">Cronograma de Entrevistas<\/a><\/p>\n<p><a href=\"https:\/\/csr.ufmg.br\/ppgamsa\/wp-content\/uploads\/2024\/06\/retificacao2_do_edital_regular.pdf\">Retifica\u00e7ao 2 edital<\/a><\/p>\n<p><a href=\"https:\/\/csr.ufmg.br\/ppgamsa\/wp-content\/uploads\/2024\/06\/Resultado-1a-fase_2024_doutorado_mestrado_assinado_retificado.pdf\">Resultado &#8211; Primeira Fase (RETIFICADO)<\/a><\/p>\n<p><a href=\"https:\/\/csr.ufmg.br\/ppgamsa\/wp-content\/uploads\/2024\/06\/HomologacaoInscricoes_ResultadoAposRecurso_assinado.pdf\">Inscri\u00e7\u00f5es Homologadas (P\u00f3s Recurso)<\/a><\/p>\n<p><a href=\"https:\/\/csr.ufmg.br\/ppgamsa\/wp-content\/uploads\/2024\/06\/Homologacao_das_Inscricoes_Regular_assinado.pdf\">Inscri\u00e7\u00f5es Homologadas &#8211; Edital Regular<\/a><\/p>\n<p><a href=\"https:\/\/csr.ufmg.br\/ppgamsa\/wp-content\/uploads\/2024\/06\/Homologacao_das_Inscricoes_Suplementar_assinado.pdf\">Inscri\u00e7\u00f5es Homologadas &#8211; Edital Suplementar<\/a><\/p>\n<p><a href=\"https:\/\/csr.ufmg.br\/ppgamsa\/wp-content\/uploads\/2024\/05\/SEI_UFMG-3265505-Portaria_comissaoselecao.pdf\">Banca Examinadora<\/a><\/p>\n<p><a href=\"https:\/\/csr.ufmg.br\/ppgamsa\/wp-content\/uploads\/2024\/05\/retificacao_do_edital_regular.pdf\">Retifica\u00e7\u00e3o Edital Regular (Prorroga\u00e7\u00e3o) &#8211; Mestrado e Doutorado 2024<\/a><\/p>\n<p><a href=\"https:\/\/csr.ufmg.br\/ppgamsa\/wp-content\/uploads\/2024\/05\/retificacao_do_edital_suplementar.pdf\">Retifica\u00e7\u00e3o do Edital Suplementar (Prorroga\u00e7\u00e3o ) &#8211; Mestrado e Doutorado 2024<\/a><\/p>\n<p><a href=\"https:\/\/csr.ufmg.br\/ppgamsa\/wp-content\/uploads\/2024\/04\/Edital_Regular_AMSA_MD_2024_assinado.pdf\">Edital Regular &#8211; Mestrado e Doutorado 2024<\/a><\/p>\n<p><a href=\"https:\/\/csr.ufmg.br\/ppgamsa\/wp-content\/uploads\/2024\/05\/Edital_Suplementar_AMSA_MD_2024.pdf\">Edital Suplementar de Sele\u00e7\u00e3o 2024 &#8211; Atualizado<\/a><\/p>\n<\/div><\/div><\/div><div class=\"fusion-panel panel-default fusion-toggle-no-divider fusion-toggle-boxed-mode\" role=\"tabpanel\"><div class=\"panel-heading\"><h4 class=\"panel-title toggle\"><a aria-expanded=\"false\" aria-selected=\"false\" aria-controls=\"6100f3af775afff56\" role=\"tab\" data-toggle=\"collapse\" data-parent=\"#accordion-338-1\" data-target=\"#6100f3af775afff56\" href=\"#6100f3af775afff56\"><span class=\"fusion-toggle-icon-wrapper\" aria-hidden=\"true\"><i class=\"fa-fusion-box\" aria-hidden=\"true\"><\/i><\/span><span class=\"fusion-toggle-heading\">SELE\u00c7\u00c3O P\u00d3S-DOC 2024<\/span><\/a><\/h4><\/div><div id=\"6100f3af775afff56\" class=\"panel-collapse collapse \"><div class=\"panel-body toggle-content fusion-clearfix\">\n<p><a href=\"https:\/\/csr.ufmg.br\/ppgamsa\/wp-content\/uploads\/2024\/05\/Resultado_selecao_assinado.pdf\">Resultado Final *<\/a><br \/>\n*O recurso dever\u00e1 ser solicitado para o email <a href=\"mailto:processoseletivo.amsa@gmail.com\" target=\"_blank\" rel=\"noopener noreferrer\">processoseletivo.amsa@gmail.<wbr \/>com<\/a> at\u00e9 dia\u00a0 31 de Maio de 2024.<\/p>\n<p><a href=\"https:\/\/csr.ufmg.br\/ppgamsa\/wp-content\/uploads\/2024\/05\/resultadopreliminaretapaposdoc_assinado.pdf\">Resultado Preliminar<\/a><\/p>\n<p><a href=\"https:\/\/csr.ufmg.br\/ppgamsa\/wp-content\/uploads\/2024\/05\/Edital_PRORROGACAOPOSDOCPPGAMSA042024_assinado.pdf\">Prorroga\u00e7\u00e3o do Edital<\/a><\/p>\n<p><a href=\"https:\/\/csr.ufmg.br\/ppgamsa\/wp-content\/uploads\/2024\/04\/EditalPOSDOCPPGAMSA042024_assinado.pdf\">Edital<\/a><\/p>\n<\/div><\/div><\/div><div class=\"fusion-panel panel-default fusion-toggle-no-divider fusion-toggle-boxed-mode\" role=\"tabpanel\"><div class=\"panel-heading\"><h4 class=\"panel-title toggle\"><a aria-expanded=\"false\" aria-selected=\"false\" aria-controls=\"e71d03f80ff9c75b6\" role=\"tab\" data-toggle=\"collapse\" data-parent=\"#accordion-338-1\" data-target=\"#e71d03f80ff9c75b6\" href=\"#e71d03f80ff9c75b6\"><span class=\"fusion-toggle-icon-wrapper\" aria-hidden=\"true\"><i class=\"fa-fusion-box\" aria-hidden=\"true\"><\/i><\/span><span class=\"fusion-toggle-heading\">PROCESSO SELETIVO DOUTORADO 2023 - VAGAS REMANESCENTES<\/span><\/a><\/h4><\/div><div id=\"e71d03f80ff9c75b6\" class=\"panel-collapse collapse \"><div class=\"panel-body toggle-content fusion-clearfix\">\n<p><a href=\"https:\/\/csr.ufmg.br\/ppgamsa\/wp-content\/uploads\/2023\/09\/resultado_2023_remanescentes.pdf\">Resultado Final<\/a><\/p>\n<p><a href=\"https:\/\/csr.ufmg.br\/ppgamsa\/wp-content\/uploads\/2023\/09\/arguicao_2023_remanescentes.pdf\">Entrevista &#8211; Datas, hor\u00e1rios e link<\/a><\/p>\n<p><a href=\"https:\/\/csr.ufmg.br\/ppgamsa\/wp-content\/uploads\/2023\/08\/resultado_etapa1_2023-remanescentes.pdf\" target=\"_blank\" rel=\"noopener noreferrer\">Resultado Primeira Etapa<\/a><\/p>\n<p><a href=\"https:\/\/csr.ufmg.br\/ppgamsa\/wp-content\/uploads\/2023\/08\/declaracao-impedimento_2023-remanescentes.pdf\" target=\"_blank\" rel=\"noopener noreferrer\">Declara\u00e7\u00e3o &#8211; inexist\u00eancia de impedimento ou suspei\u00e7\u00e3o<\/a><\/p>\n<p><a href=\"https:\/\/csr.ufmg.br\/ppgamsa\/wp-content\/uploads\/2023\/08\/portaria_banca-2023-remanescentes.pdf\" target=\"_blank\" rel=\"noopener noreferrer\">Banca examinadora<\/a><\/p>\n<p><a href=\"https:\/\/csr.ufmg.br\/ppgamsa\/wp-content\/uploads\/2023\/08\/homologacao-final_2023-remanescentes.pdf\" target=\"_blank\" rel=\"noopener noreferrer\">Inscri\u00e7\u00f5es Homologadas P\u00f3s-Recurso<\/a><\/p>\n<p><a href=\"https:\/\/csr.ufmg.br\/ppgamsa\/wp-content\/uploads\/2023\/08\/inscricoes_2023_remanescentes.pdf\" target=\"_blank\" rel=\"noopener noreferrer\">Inscri\u00e7\u00f5es Homologadas<\/a><\/p>\n<p><a href=\"https:\/\/csr.ufmg.br\/ppgamsa\/wp-content\/uploads\/2023\/07\/recurso-primeira-etapa_2023_remanescente.pdf\">Formul\u00e1rio para recurso &#8211; Primeira Etapa<\/a><\/p>\n<p><a href=\"https:\/\/csr.ufmg.br\/ppgamsa\/wp-content\/uploads\/2023\/07\/auto-declaracao-etnicoracial_2023_remanescente.pdf\">Autodeclara\u00e7\u00e3o \u00e9tnico-racial<\/a><\/p>\n<p><a href=\"https:\/\/csr.ufmg.br\/ppgamsa\/wp-content\/uploads\/2023\/07\/ANEXO-I-capa-do-projeto_2023_remanescente.docx\">Anexo I \u2013 Capa do Projeto \u2013 ser\u00e1 retirado pela secretaria antes do envio a comiss\u00e3o (edit\u00e1vel)<\/a><\/p>\n<p><a href=\"https:\/\/csr.ufmg.br\/ppgamsa\/wp-content\/uploads\/2023\/07\/ANEXO-III-barema-doutorado_2023_remanescente.docx\">Anexo III \u2013 Barema Doutorado (edit\u00e1vel)<\/a><\/p>\n<p><a href=\"https:\/\/csr.ufmg.br\/ppgamsa\/wp-content\/uploads\/2023\/07\/edital_vagas-remanescentes_2023_remanescente.pdf\">Edital Vagas Remanescentes &#8211; Doutorado 2023<\/a><\/p>\n<p><a href=\"https:\/\/csr.ufmg.br\/ppgamsa\/wp-content\/uploads\/2023\/07\/edital_2023_remanescente.pdf\">Edital Regular &#8211; Doutorado 2023<\/a><\/p>\n<\/div><\/div><\/div><div class=\"fusion-panel panel-default fusion-toggle-no-divider fusion-toggle-boxed-mode\" role=\"tabpanel\"><div class=\"panel-heading\"><h4 class=\"panel-title toggle\"><a aria-expanded=\"false\" aria-selected=\"false\" aria-controls=\"6f29113afe4ad87cd\" role=\"tab\" data-toggle=\"collapse\" data-parent=\"#accordion-338-1\" data-target=\"#6f29113afe4ad87cd\" href=\"#6f29113afe4ad87cd\"><span class=\"fusion-toggle-icon-wrapper\" aria-hidden=\"true\"><i class=\"fa-fusion-box\" aria-hidden=\"true\"><\/i><\/span><span class=\"fusion-toggle-heading\">PROCESSO SELETIVO MESTRADO E DOUTORADO 2023<\/span><\/a><\/h4><\/div><div id=\"6f29113afe4ad87cd\" class=\"panel-collapse collapse \"><div class=\"panel-body toggle-content fusion-clearfix\">\n<p><a href=\"https:\/\/csr.ufmg.br\/ppgamsa\/wp-content\/uploads\/2023\/07\/resultado_final2023.pdf\" target=\"_blank\" rel=\"noopener noreferrer\">Resultado Final<\/a><\/p>\n<p><a href=\"https:\/\/csr.ufmg.br\/ppgamsa\/wp-content\/uploads\/2023\/06\/arguicoes_links-e-horarios_2023.pdf\" target=\"_blank\" rel=\"noopener noreferrer\">Entrevistas &#8211; Datas, hor\u00e1rios e links<\/a><\/p>\n<p><a href=\"https:\/\/csr.ufmg.br\/ppgamsa\/wp-content\/uploads\/2023\/06\/resultado_primeiraetapa2023.pdf\" target=\"_blank\" rel=\"noopener noreferrer\">Resultado Primeira Etapa<\/a><\/p>\n<p><a href=\"https:\/\/csr.ufmg.br\/ppgamsa\/wp-content\/uploads\/2023\/06\/lista_candidatos_pos-recurso2023.pdf\" target=\"_blank\" rel=\"noopener noreferrer\">Inscri\u00e7\u00f5es Homologadas (p\u00f3s-recurso)<\/a><\/p>\n<p><a href=\"https:\/\/csr.ufmg.br\/ppgamsa\/wp-content\/uploads\/2023\/06\/inexistencia_impedimento2023.pdf\" target=\"_blank\" rel=\"noopener noreferrer\">Declara\u00e7\u00e3o \u2013 inexist\u00eancia de impedimento ou suspei\u00e7\u00e3o<\/a><\/p>\n<p><a href=\"https:\/\/csr.ufmg.br\/ppgamsa\/wp-content\/uploads\/2023\/06\/comissao-examinadora-2023.pdf\" target=\"_blank\" rel=\"noopener noreferrer\">Comiss\u00e3o examinadora<\/a><\/p>\n<p><a href=\"https:\/\/csr.ufmg.br\/ppgamsa\/wp-content\/uploads\/2023\/06\/lista-candidatos-2023.pdf\" target=\"_blank\" rel=\"noopener noreferrer\">Inscri\u00e7\u00f5es Homologadas<\/a><\/p>\n<p><a href=\"https:\/\/csr.ufmg.br\/ppgamsa\/wp-content\/uploads\/2023\/04\/formulario_recurso_resultado-final.pdf\" target=\"_blank\" rel=\"noopener noreferrer\">Formul\u00e1rio para recurso &#8211; Resultado Final<\/a><\/p>\n<p><a href=\"https:\/\/csr.ufmg.br\/ppgamsa\/wp-content\/uploads\/2023\/04\/formulario_recurso_primeira-etapa.pdf\" target=\"_blank\" rel=\"noopener noreferrer\">Formul\u00e1rio para recurso &#8211; Primeira Etapa<\/a><\/p>\n<p><a href=\"https:\/\/csr.ufmg.br\/ppgamsa\/wp-content\/uploads\/2023\/04\/autodeclaracaoetnicoracial.pdf\" target=\"_blank\" rel=\"noopener noreferrer\">Autodeclara\u00e7\u00e3o \u00e9tnico-racial<\/a><\/p>\n<p><a href=\"https:\/\/csr.ufmg.br\/ppgamsa\/wp-content\/uploads\/2023\/04\/ANEXO-I-capa-do-projeto.docx\" target=\"_blank\" rel=\"noopener noreferrer\">Anexo I \u2013 Capa do Projeto \u2013 ser\u00e1 retirado pela secretaria antes do envio a comiss\u00e3o (edit\u00e1vel)<\/a><\/p>\n<p><a href=\"https:\/\/csr.ufmg.br\/ppgamsa\/wp-content\/uploads\/2023\/04\/ANEXO-II-barema-mestrado-2023.docx\" target=\"_blank\" rel=\"noopener noreferrer\">Anexo II \u2013 Barema Mestrado (edit\u00e1vel)<\/a><\/p>\n<p><a href=\"https:\/\/csr.ufmg.br\/ppgamsa\/wp-content\/uploads\/2023\/04\/ANEXO-III-barema-doutorado-2023.docx\" target=\"_blank\" rel=\"noopener noreferrer\">Anexo III \u2013 Barema Doutorado (edit\u00e1vel)<\/a><\/p>\n<p><a href=\"https:\/\/csr.ufmg.br\/ppgamsa\/wp-content\/uploads\/2023\/04\/duvidas_frequentes.pdf\" target=\"_blank\" rel=\"noopener noreferrer\">D\u00favidas Frequentes<\/a><\/p>\n<p><a href=\"https:\/\/csr.ufmg.br\/ppgamsa\/wp-content\/uploads\/2023\/04\/tutorial_inscricao-online.pdf\" target=\"_blank\" rel=\"noopener noreferrer\">Tutorial para inscri\u00e7\u00e3o online<\/a><\/p>\n<p><a href=\"https:\/\/cdn.jotfor.ms\/231133410278648\" target=\"_blank\" rel=\"noopener noreferrer\">Formul\u00e1rio de inscri\u00e7\u00e3o<\/a><\/p>\n<p><a href=\"https:\/\/csr.ufmg.br\/ppgamsa\/wp-content\/uploads\/2023\/04\/edital-amsa-2023final27abr2023.pdf\" target=\"_blank\" rel=\"noopener noreferrer\">Edital Regular &#8211; Mestrado e Doutorado 2023<\/a><\/p>\n<p><a href=\"https:\/\/csr.ufmg.br\/ppgamsa\/wp-content\/uploads\/2023\/04\/extrato-regularAMSA2023.pdf\" target=\"_blank\" rel=\"noopener noreferrer\">Extrato do Edital Regular de Sele\u00e7\u00e3o &#8211; Mestrado e Doutorado 2023<\/a><\/p>\n<\/div><\/div><\/div><div class=\"fusion-panel panel-default fusion-toggle-no-divider fusion-toggle-boxed-mode\" role=\"tabpanel\"><div class=\"panel-heading\"><h4 class=\"panel-title toggle\"><a aria-expanded=\"false\" aria-selected=\"false\" aria-controls=\"f5603ca45f43dae67\" role=\"tab\" data-toggle=\"collapse\" data-parent=\"#accordion-338-1\" data-target=\"#f5603ca45f43dae67\" href=\"#f5603ca45f43dae67\"><span class=\"fusion-toggle-icon-wrapper\" aria-hidden=\"true\"><i class=\"fa-fusion-box\" aria-hidden=\"true\"><\/i><\/span><span class=\"fusion-toggle-heading\">PROCESSO SELETIVO MESTRADO E DOUTORADO 2023 - IND\u00cdGENAS E PCD<\/span><\/a><\/h4><\/div><div id=\"f5603ca45f43dae67\" class=\"panel-collapse collapse \"><div class=\"panel-body toggle-content fusion-clearfix\">\n<p><a href=\"https:\/\/csr.ufmg.br\/ppgamsa\/wp-content\/uploads\/2023\/04\/formulario_recurso_resultado-final.pdf\" target=\"_blank\" rel=\"noopener noreferrer\">Formul\u00e1rio para recurso &#8211; Resultado Final<\/a><\/p>\n<p><a href=\"https:\/\/csr.ufmg.br\/ppgamsa\/wp-content\/uploads\/2023\/04\/formulario_recurso_primeira-etapa.pdf\" target=\"_blank\" rel=\"noopener noreferrer\">Formul\u00e1rio para recurso &#8211; Primeira Etapa<\/a><\/p>\n<p><a href=\"https:\/\/csr.ufmg.br\/ppgamsa\/wp-content\/uploads\/2023\/04\/declaracao-de-residencia-em-territorio-indigena.pdf\" target=\"_blank\" rel=\"noopener noreferrer\">Declara\u00e7\u00e3o de Resid\u00eancia em Territ\u00f3rio Ind\u00edgena<\/a><\/p>\n<p><a href=\"https:\/\/csr.ufmg.br\/ppgamsa\/wp-content\/uploads\/2023\/04\/declaracao-de-liderancas-indigenas.pdf\" target=\"_blank\" rel=\"noopener noreferrer\">Declara\u00e7\u00e3o de Lideran\u00e7as Ind\u00edgenas<\/a><\/p>\n<p><a href=\"https:\/\/csr.ufmg.br\/ppgamsa\/wp-content\/uploads\/2023\/04\/declaracao-de-autoreconhecimento-indigena.pdf\" target=\"_blank\" rel=\"noopener noreferrer\">Declara\u00e7\u00e3o de Autoreconhecimento Ind\u00edgena<\/a><\/p>\n<p><a href=\"https:\/\/csr.ufmg.br\/ppgamsa\/aula-magna-carlos-cioce-sampaio\/\" target=\"_blank\" rel=\"noopener noreferrer\">Formul\u00e1rio de Solicita\u00e7\u00e3o de Condi\u00e7\u00f5es Especiais para a Realiza\u00e7\u00e3o da Prova<\/a><\/p>\n<p><a href=\"https:\/\/csr.ufmg.br\/ppgamsa\/wp-content\/uploads\/2023\/04\/modelo-de-relatorio-do-medico-assistente.docx\" target=\"_blank\" rel=\"noopener noreferrer\">Modelo de Relat\u00f3rio do M\u00e9dico Assistente (edit\u00e1vel)<\/a><\/p>\n<p><a href=\"https:\/\/csr.ufmg.br\/ppgamsa\/wp-content\/uploads\/2023\/04\/autodeclaracao_PCD.docx\" target=\"_blank\" rel=\"noopener noreferrer\">Autodeclara\u00e7\u00e3o de Pessoa com Defici\u00eancia<\/a><\/p>\n<p><a href=\"https:\/\/csr.ufmg.br\/ppgamsa\/wp-content\/uploads\/2023\/04\/ANEXO-I-capa-do-projeto_suplementar.docx\" target=\"_blank\" rel=\"noopener noreferrer\">Anexo I \u2013 Capa do Projeto \u2013 ser\u00e1 retirada pela secretaria antes do envio a comiss\u00e3o (edit\u00e1vel)<\/a><\/p>\n<p><a href=\"https:\/\/csr.ufmg.br\/ppgamsa\/wp-content\/uploads\/2023\/04\/ANEXO-II-barema-mestrado2023_suplementar.docx\" target=\"_blank\" rel=\"noopener noreferrer\">Anexo II \u2013 Barema Mestrado (edit\u00e1vel)<\/a><\/p>\n<p><a href=\"https:\/\/csr.ufmg.br\/ppgamsa\/defesa-de-tese-laura-bachi\/\" target=\"_blank\" rel=\"noopener noreferrer\">Anexo III \u2013 Barema Doutorado (edit\u00e1vel)<\/a><\/p>\n<p><a href=\"https:\/\/csr.ufmg.br\/ppgamsa\/wp-content\/uploads\/2023\/04\/duvidas-frequentes_suplementar.pdf\" target=\"_blank\" rel=\"noopener noreferrer\">D\u00favidas Frequentes<\/a><\/p>\n<p><a href=\"https:\/\/form.jotform.com\/231134739578666\" target=\"_blank\" rel=\"noopener noreferrer\">Formul\u00e1rio de inscri\u00e7\u00e3o<\/a><\/p>\n<p><a href=\"https:\/\/csr.ufmg.br\/ppgamsa\/wp-content\/uploads\/2023\/04\/tutorial_inscricao-online_suplementar.pdf\" target=\"_blank\" rel=\"noopener noreferrer\">Tutorial para inscri\u00e7\u00e3o online<\/a><\/p>\n<p><a href=\"https:\/\/csr.ufmg.br\/ppgamsa\/wp-content\/uploads\/2023\/04\/edital-suplementar-amsa-2023-final27abril2023.pdf\" target=\"_blank\" rel=\"noopener noreferrer\">Edital Suplementar &#8211; Mestrado e Doutorado 2023 &#8211; Vagas para Ind\u00edgenas e Pessoas com Defici\u00eancia<\/a><\/p>\n<p><a href=\"https:\/\/csr.ufmg.br\/ppgamsa\/wp-content\/uploads\/2023\/04\/extrato-suplementarAMSA2023.pdf\" target=\"_blank\" rel=\"noopener noreferrer\">Extrato do Edital Suplementar de Sele\u00e7\u00e3o &#8211; Mestrado e Doutorado 2023<\/a><\/p>\n<\/div><\/div><\/div><div class=\"fusion-panel panel-default fusion-toggle-no-divider fusion-toggle-boxed-mode\" role=\"tabpanel\"><div class=\"panel-heading\"><h4 class=\"panel-title toggle\"><a aria-expanded=\"false\" aria-selected=\"false\" aria-controls=\"03b5a75f175b4fd5e\" role=\"tab\" data-toggle=\"collapse\" data-parent=\"#accordion-338-1\" data-target=\"#03b5a75f175b4fd5e\" href=\"#03b5a75f175b4fd5e\"><span class=\"fusion-toggle-icon-wrapper\" aria-hidden=\"true\"><i class=\"fa-fusion-box\" aria-hidden=\"true\"><\/i><\/span><span class=\"fusion-toggle-heading\">Sele\u00e7\u00e3o Doutorado Sandu\u00edche 01\/2023<\/span><\/a><\/h4><\/div><div id=\"03b5a75f175b4fd5e\" class=\"panel-collapse collapse \"><div class=\"panel-body toggle-content fusion-clearfix\">\n<p><a href=\"https:\/\/csr.ufmg.br\/ppgamsa\/wp-content\/uploads\/2023\/02\/EditalDoutoradosandwich2023_assinado.pdf\">Edital<\/a><\/p>\n<p><a href=\"https:\/\/csr.ufmg.br\/ppgamsa\/wp-content\/uploads\/2023\/03\/Atahomologacao03032023-1.pdf\">Resultado<\/a><\/p>\n<\/div><\/div><\/div><div class=\"fusion-panel panel-default fusion-toggle-no-divider fusion-toggle-boxed-mode\" role=\"tabpanel\"><div class=\"panel-heading\"><h4 class=\"panel-title toggle\"><a aria-expanded=\"false\" aria-selected=\"false\" aria-controls=\"75b650cc2edf0b463\" role=\"tab\" data-toggle=\"collapse\" data-parent=\"#accordion-338-1\" data-target=\"#75b650cc2edf0b463\" href=\"#75b650cc2edf0b463\"><span class=\"fusion-toggle-icon-wrapper\" aria-hidden=\"true\"><i class=\"fa-fusion-box\" aria-hidden=\"true\"><\/i><\/span><span class=\"fusion-toggle-heading\">SELE\u00c7\u00c3O P\u00d3S-DOC 2022<\/span><\/a><\/h4><\/div><div id=\"75b650cc2edf0b463\" class=\"panel-collapse collapse \"><div class=\"panel-body toggle-content fusion-clearfix\">\n<p><a href=\"https:\/\/csr.ufmg.br\/ppgamsa\/wp-content\/uploads\/2022\/12\/resultadofinalposdoc.pdf\" target=\"_blank\" rel=\"noopener noreferrer\">Resultado<\/a><\/p>\n<p><a href=\"https:\/\/csr.ufmg.br\/ppgamsa\/wp-content\/uploads\/2022\/12\/portaria-banca-posdoc22.pdf\" target=\"_blank\" rel=\"noopener noreferrer\">Portaria n\u00ba 10131 &#8211; Composi\u00e7\u00e3o da Banca de Sele\u00e7\u00e3o<\/a><\/p>\n<p><a href=\"https:\/\/csr.ufmg.br\/ppgamsa\/wp-content\/uploads\/2022\/12\/lista-pos-doc22.pdf\" target=\"_blank\" rel=\"noopener noreferrer\">Lista de candidatos<\/a><\/p>\n<p><a href=\"https:\/\/csr.ufmg.br\/ppgamsa\/wp-content\/uploads\/2022\/11\/EditalPOSDOCPPGAMSA.pdf\" target=\"_blank\" rel=\"noopener noreferrer\">Edital<\/a><\/p>\n<\/div><\/div><\/div><div class=\"fusion-panel panel-default fusion-toggle-no-divider fusion-toggle-boxed-mode\" role=\"tabpanel\"><div class=\"panel-heading\"><h4 class=\"panel-title toggle\"><a aria-expanded=\"false\" aria-selected=\"false\" aria-controls=\"c047bb4c1dd17ea43\" role=\"tab\" data-toggle=\"collapse\" data-parent=\"#accordion-338-1\" data-target=\"#c047bb4c1dd17ea43\" href=\"#c047bb4c1dd17ea43\"><span class=\"fusion-toggle-icon-wrapper\" aria-hidden=\"true\"><i class=\"fa-fusion-box\" aria-hidden=\"true\"><\/i><\/span><span class=\"fusion-toggle-heading\">processo seletivo mestrado e doutorado 2021\/2022 - vagas remanescentes<\/span><\/a><\/h4><\/div><div id=\"c047bb4c1dd17ea43\" class=\"panel-collapse collapse \"><div class=\"panel-body toggle-content fusion-clearfix\">\n<p><strong>Observa\u00e7\u00e3o:<\/strong> tendo em vista que o processo seletivo regular 2021- Entrada 2022 n\u00e3o teve todas as vagas preenchidas, decidiu-se realizar nova sele\u00e7\u00e3o conforme previsto no edital. Dessa forma, <strong>a sele\u00e7\u00e3o atual seguir\u00e1 o calend\u00e1rio de vagas remanescentes, por\u00e9m ser\u00e1 regido pelas regras do edital 2021\/2022.\u00a0<\/strong><\/p>\n<p><a href=\"https:\/\/csr.ufmg.br\/ppgamsa\/wp-content\/uploads\/2022\/08\/ResultadoBOLSAS.pdf\">Resultado &#8211; Bolsas<\/a><\/p>\n<p><a href=\"https:\/\/csr.ufmg.br\/ppgamsa\/wp-content\/uploads\/2022\/07\/Resultado-final-MestadoaposrecursoFinal.pdf\">Resultado final &#8211; Mestrado<\/a><\/p>\n<p><a href=\"https:\/\/csr.ufmg.br\/ppgamsa\/wp-content\/uploads\/2022\/07\/Resultado-final-RESULTADORECURSO.pdf\">Decis\u00e3o do recurso interposto<\/a><\/p>\n<p><a href=\"https:\/\/csr.ufmg.br\/ppgamsa\/wp-content\/uploads\/2022\/06\/Resultado-final-Doutorado.pdf\">Resultado do processo seletivo &#8211; Doutorado<\/a><\/p>\n<p><a href=\"https:\/\/csr.ufmg.br\/ppgamsa\/wp-content\/uploads\/2022\/06\/Resultado-final-Mestado.pdf\">Resultado do processo seletivo &#8211; Mestrado<\/a><\/p>\n<p><a href=\"https:\/\/csr.ufmg.br\/ppgamsa\/wp-content\/uploads\/2022\/06\/arguicao_doc_2022.pdf\">2\u00aa etapa: Data e hor\u00e1rios de argui\u00e7\u00f5es &#8211; Doutorado<\/a><\/p>\n<p><a href=\"https:\/\/csr.ufmg.br\/ppgamsa\/wp-content\/uploads\/2022\/06\/arguicao_mestrado_gestao_2022.pdf\">2\u00aa etapa: Data e hor\u00e1rios de argui\u00e7\u00f5es &#8211; Mestrado (Linha de Pesquisa: Gest\u00e3o da Paisagem)<\/a><\/p>\n<p><a href=\"https:\/\/csr.ufmg.br\/ppgamsa\/wp-content\/uploads\/2022\/06\/arguicao_mestrado_modsis_2022.pdf\">2\u00aa etapa: Data e hor\u00e1rios de argui\u00e7\u00f5es &#8211; Mestrado (Linha de Pesquisa: Modelagem de Sistemas)<\/a><\/p>\n<p><a href=\"https:\/\/csr.ufmg.br\/ppgamsa\/wp-content\/uploads\/2022\/06\/arguicao_mestrado_2022.pdf\">2\u00aa etapa: Data e hor\u00e1rios de argui\u00e7\u00f5es &#8211; Mestrado (Linha de Pesquisa: An\u00e1lise Recursos Ambientais)<\/a><\/p>\n<p><a href=\"https:\/\/csr.ufmg.br\/ppgamsa\/wp-content\/uploads\/2022\/06\/vagas-remanescentes_bancas.pdf\">Composi\u00e7\u00e3o das bancas<\/a><\/p>\n<p><a href=\"https:\/\/csr.ufmg.br\/ppgamsa\/wp-content\/uploads\/2022\/06\/resultado_1_DOUTORADO2022.pdf\" target=\"_blank\" rel=\"noopener noreferrer\">Resultado 1\u00aa etapa &#8211; Doutorado<\/a><\/p>\n<p><a href=\"https:\/\/csr.ufmg.br\/ppgamsa\/wp-content\/uploads\/2022\/06\/resultado_1_MESTRADO2022.pdf\" target=\"_blank\" rel=\"noopener noreferrer\">Resultado 1\u00aa etapa &#8211; Mestrado<\/a><\/p>\n<p><a href=\"https:\/\/csr.ufmg.br\/ppgamsa\/vagasremanescentes_homologacao\/\">Homologa\u00e7\u00e3o inscri\u00e7\u00f5es: vagas remanescentes<\/a><\/p>\n<p><a href=\"https:\/\/csr.ufmg.br\/ppgamsa\/wp-content\/uploads\/2022\/05\/Vagas-remanescentes-retificacao-de-edital.pdf\">Retifica\u00e7\u00e3o do Calend\u00e1rio do processo seletivo &#8211; Vagas Remanescentes<\/a><\/p>\n<p><a href=\"https:\/\/csr.ufmg.br\/ppgamsa\/wp-content\/uploads\/2022\/03\/Vagas-remanescentes.pdf\" target=\"_blank\" rel=\"noopener noreferrer\">Calend\u00e1rio do processo seletivo &#8211; Vagas Remanescentes<\/a><\/p>\n<p><a style=\"font-family: var(--body_typography-font-family); font-size: var(--body_typography-font-size); font-style: var(--body_typography-font-style,normal); font-weight: var(--body_typography-font-weight); letter-spacing: var(--body_typography-letter-spacing);\" href=\"https:\/\/csr.ufmg.br\/ppgamsa\/wp-content\/uploads\/2021\/10\/Edital-AMSA-2022-Versao-Final.pdf\" target=\"_blank\" rel=\"noopener noreferrer\">EDITAL para Sele\u00e7\u00e3o 2021\/2022<\/a><\/p>\n<p><a href=\"https:\/\/csr.ufmg.br\/ppgamsa\/wp-content\/uploads\/2021\/10\/Tutorial-para-inscricao-online.pdf\" target=\"_blank\" rel=\"noopener noreferrer\">Tutorial para inscri\u00e7\u00e3o online<\/a><\/p>\n<p><a href=\"https:\/\/csr.ufmg.br\/ppgamsa\/wp-content\/uploads\/2021\/02\/Autodeclaracaoetnicoracial.pdf\" target=\"_blank\" rel=\"noopener noreferrer\">Formul\u00e1rio de Autodeclara\u00e7\u00e3o \u00c9tnico-Racional<\/a><\/p>\n<p><a href=\"https:\/\/csr.ufmg.br\/ppgamsa\/wp-content\/uploads\/2021\/10\/ANEXO-I-CAPA-DO-PROJETO-sera-retirada-pela-secretaria-antes-de-enviar-a-comissao.docx\" target=\"_blank\" rel=\"noopener noreferrer\">Anexo I &#8211; Capa do Projeto &#8211; ser\u00e1 retirado pela secretaria antes do envio a comiss\u00e3o<\/a><\/p>\n<p><a href=\"https:\/\/csr.ufmg.br\/ppgamsa\/wp-content\/uploads\/2021\/10\/ANEXO-II-Barema-Mestrado.docx\" target=\"_blank\" rel=\"noopener noreferrer\">Anexo II &#8211; Barema Mestrado &#8211; vers\u00e3o word (edit\u00e1vel)<\/a><\/p>\n<p><a href=\"https:\/\/csr.ufmg.br\/ppgamsa\/wp-content\/uploads\/2021\/10\/ANEXO-III-Barema-Doutorado.docx\" target=\"_blank\" rel=\"noopener noreferrer\">Anexo III &#8211; Barema Doutorado &#8211; vers\u00e3o word (edit\u00e1vel)<\/a><\/p>\n<\/div><\/div><\/div><\/div><\/div><style type=\"text\/css\">#accordion-338-2 .fusion-panel:hover, #accordion-338-2 .fusion-panel.hover{ background-color: #f9f9f9 } #accordion-338-2 .fusion-panel { border-color:#cccccc; border-width:0px; background-color:#ffffff; }.fusion-accordian  #accordion-338-2 .panel-title a .fa-fusion-box{ color: #ffffff;}.fusion-accordian  #accordion-338-2 .panel-title a .fa-fusion-box:before{ font-size: 13px; width: 13px;}.fusion-accordian  #accordion-338-2 .panel-title a{font-size:16px;}.fusion-accordian  #accordion-338-2 .fa-fusion-box { background-color: #ae895d;border-color: #ae895d;}.fusion-accordian  #accordion-338-2 .panel-title a:hover, #accordion-338-2 .fusion-toggle-boxed-mode:hover .panel-title a { color: #c0996b;}.fusion-accordian  #accordion-338-2 .panel-title .active .fa-fusion-box,.fusion-accordian  #accordion-338-2 .panel-title a:hover .fa-fusion-box { background-color: #c0996b!important;border-color: #c0996b!important;}<\/style><div class=\"accordian fusion-accordian\"><div class=\"panel-group\" id=\"accordion-338-2\" role=\"tablist\"><div class=\"fusion-panel panel-default fusion-toggle-no-divider fusion-toggle-boxed-mode\" role=\"tabpanel\"><div class=\"panel-heading\"><h4 class=\"panel-title toggle\"><a aria-expanded=\"false\" aria-selected=\"false\" aria-controls=\"4ff4c23d56d49c0de\" role=\"tab\" data-toggle=\"collapse\" data-parent=\"#accordion-338-2\" data-target=\"#4ff4c23d56d49c0de\" href=\"#4ff4c23d56d49c0de\"><span class=\"fusion-toggle-icon-wrapper\" aria-hidden=\"true\"><i class=\"fa-fusion-box\" aria-hidden=\"true\"><\/i><\/span><span class=\"fusion-toggle-heading\">PROCESSO SELETIVO MESTRADO E DOUTORADO 2021\/2022<\/span><\/a><\/h4><\/div><div id=\"4ff4c23d56d49c0de\" class=\"panel-collapse collapse \"><div class=\"panel-body toggle-content fusion-clearfix\">\n<p><a href=\"https:\/\/csr.ufmg.br\/ppgamsa\/wp-content\/uploads\/2022\/03\/decisao-recursos-resultado-final-processo-seletivo.pdf\" target=\"_blank\" rel=\"noopener noreferrer\">Decis\u00e3o dos recursos interpostos<\/a><\/p>\n<p><a href=\"https:\/\/csr.ufmg.br\/ppgamsa\/wp-content\/uploads\/2022\/02\/Formulario_de_recurso_resultado_final_.doc\">Formul\u00e1rio para recurso<\/a><\/p>\n<p><a href=\"https:\/\/csr.ufmg.br\/ppgamsa\/wp-content\/uploads\/2022\/02\/Resultado-final-Doutorado.pdf\" target=\"_blank\" rel=\"noopener noreferrer\">Resultado Processo Seletivo &#8211; Doutorado<\/a><\/p>\n<p><a href=\"https:\/\/csr.ufmg.br\/ppgamsa\/wp-content\/uploads\/2022\/02\/Resultado-final-Mestrado.pdf\" target=\"_blank\" rel=\"noopener noreferrer\">Resultado Processo Seletivo &#8211; Mestrado<\/a><\/p>\n<p>Link para a argui\u00e7\u00e3o oral do doutorado: <a href=\"https:\/\/teams.microsoft.com\/l\/meetup-join\/19%3ameeting_NzhjMmRlMzUtMWVkNi00YjU0LThkOTMtM2ViY2EwZjhiMzQ3%40thread.v2\/0?context=%7b%22Tid%22%3a%2264126139-4352-4cd7-b1fb-2a971c6f69a6%22%2c%22Oid%22%3a%22de55b680-f544-4d0b-bee9-54fabc7537a8%22%7d\">https:\/\/teams.microsoft.com\/l\/meetup-join\/19%3ameeting_NzhjMmRlMzUtMWVkNi00YjU0LThkOTMtM2ViY2EwZjhiMzQ3%40thread.v2\/0?context=%7b%22Tid%22%3a%2264126139-4352-4cd7-b1fb-2a971c6f69a6%22%2c%22Oid%22%3a%22de55b680-f544-4d0b-bee9-54fabc7537a8%22%7d<\/a><\/p>\n<p>Link para a argui\u00e7\u00e3o oral da comiss\u00e3o Gest\u00e3o da Paisagem\u00a0 do mestrado &#8211; <a href=\"https:\/\/meet.google.com\/tbf-fdam-doh\">https:\/\/meet.google.com\/tbf-fdam-doh<\/a><\/p>\n<p><a href=\"https:\/\/csr.ufmg.br\/ppgamsa\/wp-content\/uploads\/2022\/02\/Horarios-Arguicao-oral-doutorado-1.pdf\">Novas datas e hor\u00e1rios &#8211; Argui\u00e7\u00e3o de doutorado<\/a><\/p>\n<p><a href=\"https:\/\/csr.ufmg.br\/ppgamsa\/wp-content\/uploads\/2022\/01\/Formuluario-para-Recurso-1a-etapa.doc\" target=\"_blank\" rel=\"noopener noreferrer\">Formul\u00e1rio para recurso do resultada da 1\u00aa etapa<\/a><\/p>\n<p><a href=\"https:\/\/csr.ufmg.br\/ppgamsa\/wp-content\/uploads\/2022\/01\/Horarios-Arguicao-oral-doutorado.-pdf.pdf\" target=\"_blank\" rel=\"noopener noreferrer\">Data e hor\u00e1rio 2\u00aa etapa &#8211; Doutorado<\/a><\/p>\n<p><a href=\"https:\/\/csr.ufmg.br\/ppgamsa\/wp-content\/uploads\/2022\/01\/Horarios-Arguicao-oral-mestrado.pdf\" target=\"_blank\" rel=\"noopener noreferrer\">Data e hor\u00e1rio 2\u00aa etapa &#8211; Mestrado<\/a><\/p>\n<p><a href=\"https:\/\/csr.ufmg.br\/ppgamsa\/wp-content\/uploads\/2022\/01\/Resultado-1a-fase-Projeto-Doutorado.pdf\" target=\"_blank\" rel=\"noopener noreferrer\">Resultado 1\u00aa etapa &#8211; Doutorado<\/a><\/p>\n<p><a href=\"https:\/\/csr.ufmg.br\/ppgamsa\/wp-content\/uploads\/2022\/01\/Resultado-1a-fase-Projeto-Mestrado.pdf\" target=\"_blank\" rel=\"noopener noreferrer\">Resultado 1\u00aa etapa &#8211; Mestrado<\/a><\/p>\n<p><a href=\"https:\/\/csr.ufmg.br\/ppgamsa\/wp-content\/uploads\/2021\/12\/Retificacao-edital-AMSA-09dezembro2022.pdf\">Retifica\u00e7\u00e3o do edital: adiantamento do in\u00edcio da primeira fase<\/a><\/p>\n<p><a href=\"https:\/\/csr.ufmg.br\/ppgamsa\/wp-content\/uploads\/2022\/02\/6-analise-barema.pdf\">Portaria Nomea\u00e7\u00e3o An\u00e1lise Curr\u00edculo<\/a><\/p>\n<p><a href=\"https:\/\/csr.ufmg.br\/ppgamsa\/wp-content\/uploads\/2021\/12\/Portaria-nomeacao-bancas-doutorado.pdf\">Portaria Nomea\u00e7\u00e3o Bancas de Doutorado<\/a><\/p>\n<p><a href=\"https:\/\/csr.ufmg.br\/ppgamsa\/wp-content\/uploads\/2021\/12\/Portaria-nomeacao-bancas-mestrado.pdf\">Portaria Nomea\u00e7\u00e3o Bancas de Mestrado<\/a><\/p>\n<p><a href=\"https:\/\/csr.ufmg.br\/ppgamsa\/wp-content\/uploads\/2021\/12\/Homologacao-inscricoes-doutorado-2022.pdf\">Homologa\u00e7\u00e3o inscri\u00e7\u00e3o DOUTORADO<\/a><\/p>\n<p><a href=\"https:\/\/csr.ufmg.br\/ppgamsa\/wp-content\/uploads\/2021\/12\/Homologacao-inscricoes-ANALISE-2022.pdf\">Homologa\u00e7\u00e3o inscri\u00e7\u00e3o MESTRADO &#8211; AN\u00c1LISE\u00a0<\/a><\/p>\n<p><a href=\"https:\/\/csr.ufmg.br\/ppgamsa\/wp-content\/uploads\/2021\/12\/Homologacao-inscricoes-GESTAO-2022.pdf\">Homologa\u00e7\u00e3o inscri\u00e7\u00e3o MESTRADO &#8211; GEST\u00c3O<\/a><\/p>\n<p><a href=\"https:\/\/csr.ufmg.br\/ppgamsa\/wp-content\/uploads\/2021\/12\/Homologacao-inscricoes-MODELAGEM-2022.pdf\">Homologa\u00e7\u00e3o inscri\u00e7\u00e3o MESTRADO &#8211; MODELAGEM<\/a><\/p>\n<p><a href=\"https:\/\/csr.ufmg.br\/ppgamsa\/wp-content\/uploads\/2021\/11\/Duvidas-frequentes.pdf\">D\u00favidas frequentes<\/a><\/p>\n<p><a href=\"https:\/\/csr.ufmg.br\/ppgamsa\/wp-content\/uploads\/2021\/11\/Retificacao-do-edital-Prorrogacao-do-Prazo.pdf\">Retifica\u00e7\u00e3o do edital regular &#8211; Prorroga\u00e7\u00e3o do Prazo<\/a><\/p>\n<p><a style=\"font-family: var(--body_typography-font-family); font-size: var(--body_typography-font-size); font-style: var(--body_typography-font-style,normal); font-weight: var(--body_typography-font-weight); letter-spacing: var(--body_typography-letter-spacing);\" href=\"https:\/\/csr.ufmg.br\/ppgamsa\/wp-content\/uploads\/2021\/10\/Edital-AMSA-2022-Versao-Final.pdf\" target=\"_blank\" rel=\"noopener noreferrer\">EDITAL para Sele\u00e7\u00e3o 2021\/2022<\/a><\/p>\n<p><a href=\"https:\/\/csr.ufmg.br\/ppgamsa\/wp-content\/uploads\/2021\/10\/Tutorial-para-inscricao-online.pdf\">Tutorial para inscri\u00e7\u00e3o online<\/a><\/p>\n<p><a href=\"https:\/\/csr.ufmg.br\/ppgamsa\/wp-content\/uploads\/2021\/02\/Autodeclaracaoetnicoracial.pdf\">Formul\u00e1rio de Autodeclara\u00e7\u00e3o \u00c9tnico-Racional<\/a><\/p>\n<p><a href=\"https:\/\/csr.ufmg.br\/ppgamsa\/wp-content\/uploads\/2021\/10\/ANEXO-I-CAPA-DO-PROJETO-sera-retirada-pela-secretaria-antes-de-enviar-a-comissao.docx\" target=\"_blank\" rel=\"noopener noreferrer\">Anexo I &#8211; Capa do Projeto &#8211; ser\u00e1 retirado pela secretaria antes do envio a comiss\u00e3o<\/a><\/p>\n<p><a href=\"https:\/\/csr.ufmg.br\/ppgamsa\/wp-content\/uploads\/2021\/10\/ANEXO-II-Barema-Mestrado.docx\" target=\"_blank\" rel=\"noopener noreferrer\">Anexo II &#8211; Barema Mestrado &#8211; vers\u00e3o word (edit\u00e1vel)<\/a><\/p>\n<p><a href=\"https:\/\/csr.ufmg.br\/ppgamsa\/wp-content\/uploads\/2021\/10\/ANEXO-III-Barema-Doutorado.docx\" target=\"_blank\" rel=\"noopener noreferrer\">Anexo III &#8211; Barema Doutorado &#8211; vers\u00e3o word (edit\u00e1vel)<\/a><\/p>\n<\/div><\/div><\/div><div class=\"fusion-panel panel-default fusion-toggle-no-divider fusion-toggle-boxed-mode\" role=\"tabpanel\"><div class=\"panel-heading\"><h4 class=\"panel-title toggle\"><a aria-expanded=\"false\" aria-selected=\"false\" aria-controls=\"87b30a167c949e7e0\" role=\"tab\" data-toggle=\"collapse\" data-parent=\"#accordion-338-2\" data-target=\"#87b30a167c949e7e0\" href=\"#87b30a167c949e7e0\"><span class=\"fusion-toggle-icon-wrapper\" aria-hidden=\"true\"><i class=\"fa-fusion-box\" aria-hidden=\"true\"><\/i><\/span><span class=\"fusion-toggle-heading\">PROCESSO SELETIVO MESTRADO E DOUTORADO PCD E IND\u00cdGENAS 2021\/2022<\/span><\/a><\/h4><\/div><div id=\"87b30a167c949e7e0\" class=\"panel-collapse collapse \"><div class=\"panel-body toggle-content fusion-clearfix\">\n<p>Link para a inscri\u00e7\u00e3o: <a href=\"https:\/\/form.jotform.com\/203377213523651\">https:\/\/form.jotform.com\/203377213523651<\/a><\/p>\n<p><a href=\"https:\/\/csr.ufmg.br\/ppgamsa\/wp-content\/uploads\/2021\/11\/Retificacao-do-edital-suplementar-Prorrogacao-do-Prazo.pdf\">Retifica\u00e7\u00e3o edital suplementar &#8211; prorroga\u00e7\u00e3o do prazo<\/a><\/p>\n<p><a href=\"https:\/\/csr.ufmg.br\/ppgamsa\/wp-content\/uploads\/2021\/10\/Edital-Suplementar-AMSA-2022-Versao-Final.pdf\" target=\"_blank\" rel=\"noopener noreferrer\">EDITAL<\/a><\/p>\n<p><a href=\"https:\/\/csr.ufmg.br\/ppgamsa\/wp-content\/uploads\/2021\/10\/Tutorial-para-inscricao-online-Suplementar.pdf\">Tutorial para inscri\u00e7\u00e3o online<\/a><\/p>\n<p><a href=\"https:\/\/csr.ufmg.br\/ppgamsa\/wp-content\/uploads\/2021\/10\/ANEXO-I-CAPA-DO-PROJETO-SUPLEMENTAR-sera-retirada-pela-secretaria-antes-de-enviar-a-comissao.docx\" target=\"_blank\" rel=\"noopener noreferrer\">Anexo I &#8211; Capa do Projeto &#8211; ser\u00e1 retirado pela secretaria antes do envio a comiss\u00e3o<\/a><\/p>\n<p><a href=\"https:\/\/csr.ufmg.br\/ppgamsa\/wp-content\/uploads\/2021\/10\/ANEXO-II-Barema-Mestrado.docx\" target=\"_blank\" rel=\"noopener noreferrer\">Anexo II &#8211; Barema Mestrado &#8211; vers\u00e3o word (edit\u00e1vel)<\/a><\/p>\n<p><a href=\"https:\/\/csr.ufmg.br\/ppgamsa\/wp-content\/uploads\/2021\/10\/ANEXO-III-Barema-Doutorado.docx\" target=\"_blank\" rel=\"noopener noreferrer\">Anexo III &#8211; Barema Doutorado &#8211; vers\u00e3o word (edit\u00e1vel)<\/a><\/p>\n<p><a href=\"https:\/\/csr.ufmg.br\/ppgamsa\/wp-content\/uploads\/2021\/10\/Declaracao-de-Autoreconhecimento-Indigena.pdf\" target=\"_blank\" rel=\"noopener noreferrer\">Formul\u00e1rio de Autoreconhecimento Ind\u00edgena<\/a><\/p>\n<p><a href=\"https:\/\/csr.ufmg.br\/ppgamsa\/wp-content\/uploads\/2021\/10\/Declaracao-de-Liderancas-Indigenas.pdf\" target=\"_blank\" rel=\"noopener noreferrer\">Declara\u00e7\u00e3o de Lideran\u00e7as Ind\u00edgenas<\/a><\/p>\n<p><a href=\"https:\/\/csr.ufmg.br\/ppgamsa\/wp-content\/uploads\/2021\/10\/Declaracao-de-Residencia-em-Territorio-Indigena.pdf\">Declara\u00e7\u00e3o de Resid\u00eancia em Territ\u00f3rio Ind\u00edgena<\/a><\/p>\n<p><a href=\"https:\/\/csr.ufmg.br\/ppgamsa\/wp-content\/uploads\/2021\/10\/AUTODECLARACAO-DE-PESSOA-COM-DEFICIENCIA.docx\">Formul\u00e1rio de Autodeclara\u00e7\u00e3o de Pessoa com Defici\u00eancia<\/a><\/p>\n<p><a href=\"https:\/\/csr.ufmg.br\/ppgamsa\/wp-content\/uploads\/2021\/10\/Formulario-de-solicitacao-de-condicoes-especiais-para-a-realizacao-da-prova.pdf\">Formul\u00e1rio de Solicita\u00e7\u00e3o de Condi\u00e7\u00f5es Especiais para a Realiza\u00e7\u00e3o da Prova<\/a><\/p>\n<p><a href=\"https:\/\/csr.ufmg.br\/ppgamsa\/wp-content\/uploads\/2021\/10\/Modelo-de-relatorio-do-medico-assistente.docx\">Modelo de Relat\u00f3rio do M\u00e9dico Assistente<\/a><\/p>\n<\/div><\/div><\/div><div class=\"fusion-panel panel-default fusion-toggle-no-divider fusion-toggle-boxed-mode\" role=\"tabpanel\"><div class=\"panel-heading\"><h4 class=\"panel-title toggle\"><a aria-expanded=\"false\" aria-selected=\"false\" aria-controls=\"c040ea7f2861a689c\" role=\"tab\" data-toggle=\"collapse\" data-parent=\"#accordion-338-2\" data-target=\"#c040ea7f2861a689c\" href=\"#c040ea7f2861a689c\"><span class=\"fusion-toggle-icon-wrapper\" aria-hidden=\"true\"><i class=\"fa-fusion-box\" aria-hidden=\"true\"><\/i><\/span><span class=\"fusion-toggle-heading\">PROCESSO SELETIVO MESTRADO E DOUTORADO 2020\/2021<\/span><\/a><\/h4><\/div><div id=\"c040ea7f2861a689c\" class=\"panel-collapse collapse \"><div class=\"panel-body toggle-content fusion-clearfix\">\n<p><a href=\"https:\/\/csr.ufmg.br\/ppgamsa\/wp-content\/uploads\/2021\/03\/ERRATA_Resultado_final_Mestrado_-_Processo_seletivo.pdf\">ERRATA Resultado final Processo Seletivo &#8211; Mestrado<\/a><\/p>\n<p><a href=\"https:\/\/csr.ufmg.br\/ppgamsa\/wp-content\/uploads\/2021\/03\/Resultado_final_-_Doutorado.pdf\">Resultado final Processo Seletivo &#8211; Doutorado<\/a><\/p>\n<p><a href=\"https:\/\/csr.ufmg.br\/ppgamsa\/wp-content\/uploads\/2021\/03\/Resultado_Final_-_Mestrado.pdf\">Resultado final Processo Seletivo &#8211; Mestrado<\/a><\/p>\n<p><a href=\"https:\/\/csr.ufmg.br\/ppgamsa\/wp-content\/uploads\/2021\/03\/Formulario_de_recurso_resultado_final_2021.doc\">Formul\u00e1rio para Recurso<\/a><\/p>\n<p><a href=\"https:\/\/csr.ufmg.br\/ppgamsa\/wp-content\/uploads\/2021\/03\/Link_2a_etapa_-_Gestao_da_Paisagem.pdf\">Link para argui\u00e7\u00e3o oral do dia 23 de fevereiro (Mestrado &#8211; Gest\u00e3o da Paisagem)<\/a><\/p>\n<p><a href=\"https:\/\/csr.ufmg.br\/ppgamsa\/wp-content\/uploads\/2021\/03\/Comunicado_-_resultado_dos_recursos.pdf\">COMUNICADO: resultado final 1\u00aa etapa &#8211; ap\u00f3s recursos<\/a><\/p>\n<p><a href=\"https:\/\/csr.ufmg.br\/ppgamsa\/wp-content\/uploads\/2021\/03\/Link_-_Arguicao_oral_mestrado.pdf\">Link para a argui\u00e7\u00e3o oral do dia 18 de fevereiro (Doutorado)<\/a><\/p>\n<p><a href=\"https:\/\/csr.ufmg.br\/ppgamsa\/wp-content\/uploads\/2021\/03\/Link_-_Arguicao_oral_mestrado.pdf\">Link para as argui\u00e7\u00f5es orais dos dias 10, 11 e 12 de fevereiro<\/a><\/p>\n<p><a href=\"https:\/\/csr.ufmg.br\/ppgamsa\/wp-content\/uploads\/2021\/03\/Retificacao_-_Novas_datas_e_horarios_arguicao_doutorado.pdf\">Datas e hor\u00e1rios &#8211; 2 Etapa do Doutorado (RETIFICA\u00c7\u00c3O)<\/a><\/p>\n<p><a href=\"https:\/\/csr.ufmg.br\/ppgamsa\/wp-content\/uploads\/2021\/03\/Resultado_1a_etapa_-_doutorado.pdf\">Resultado &#8211; 1\u00aa Etapa do Doutorado<\/a><\/p>\n<p><a href=\"https:\/\/csr.ufmg.br\/ppgamsa\/wp-content\/uploads\/2021\/03\/Data_e_horario_-_2a_fase_-_Mestrado.pdf\">Datas e hor\u00e1rios &#8211; 2\u00aa etapa do Mestrado<\/a><\/p>\n<p><a href=\"https:\/\/csr.ufmg.br\/ppgamsa\/wp-content\/uploads\/2021\/03\/Resultado_1a_fase_-_Projetos_-_Mestrado.pdf\">Resultado &#8211; 1\u00aa Etapa do Mestrado<\/a><\/p>\n<p><a href=\"https:\/\/csr.ufmg.br\/ppgamsa\/wp-content\/uploads\/2021\/03\/Formuluario_para_Recurso_1a_etapa-1.doc\">Formul\u00e1rio para Recurso <\/a><\/p>\n<p><a style=\"font-family: var(--body_typography-font-family); font-size: var(--body_typography-font-size); font-style: var(--body_typography-font-style,normal); font-weight: var(--body_typography-font-weight); letter-spacing: var(--body_typography-letter-spacing);\" href=\"https:\/\/csr.ufmg.br\/ppgamsa\/wp-content\/uploads\/2021\/02\/Declaracoes_-_inexistencia_de_impedimento.pdf\">Declara\u00e7\u00f5es &#8211; inexist\u00eancia de impedimento ou suspei\u00e7\u00e3o<\/a><\/p>\n<p><a href=\"https:\/\/csr.ufmg.br\/ppgamsa\/wp-content\/uploads\/2021\/02\/Portarias_de_nomeacao_das_comissoes.pdf\">Portarias de nomea\u00e7\u00e3o das comiss\u00f5es<\/a><\/p>\n<p><a href=\"https:\/\/csr.ufmg.br\/ppgamsa\/wp-content\/uploads\/2021\/02\/Homologacao_inscricao_DOUTORADO_2021.pdf\">Homologa\u00e7\u00e3o das inscri\u00e7\u00f5es para o Doutorado<\/a><\/p>\n<p><a href=\"https:\/\/csr.ufmg.br\/ppgamsa\/wp-content\/uploads\/2021\/02\/Homologacao_inscricao_mestrado_ANALISE_2021.pdf\">Homologa\u00e7\u00e3o das inscri\u00e7\u00f5es para o Mestrado &#8211; Linha AN\u00c1LISE<\/a><\/p>\n<p><a href=\"https:\/\/csr.ufmg.br\/ppgamsa\/wp-content\/uploads\/2021\/02\/Homologacao_inscricao_mestrado_GESTAO_2021.pdf\">Homologa\u00e7\u00e3o das inscri\u00e7\u00f5es para o Mestrado &#8211; Linha GEST\u00c3O<\/a><\/p>\n<p><a href=\"https:\/\/csr.ufmg.br\/ppgamsa\/wp-content\/uploads\/2021\/02\/Homologacao_inscricao_mestrado_MODELAGEM_2021.pdf\">Homologa\u00e7\u00e3o das inscri\u00e7\u00f5es para o Mestrado &#8211; Linha MODELAGEM<\/a><\/p>\n<p><a href=\"https:\/\/csr.ufmg.br\/ppgamsa\/wp-content\/uploads\/2021\/02\/AMSA_-_Retificacao_do_Edital_Regular___15jan2021.pdf\">Retifica\u00e7\u00e3o do edital &#8211; PRORROGA\u00c7\u00c3O DO PRAZO DE INSCRI\u00c7\u00c3O<\/a><\/p>\n<p><a href=\"https:\/\/csr.ufmg.br\/ppgamsa\/wp-content\/uploads\/2021\/02\/Edital_regular_2021_AMSA_-_Versao_final.pdf\">EDITAL para Sele\u00e7\u00e3o 2020<\/a><\/p>\n<p><a href=\"https:\/\/csr.ufmg.br\/ppgamsa\/wp-content\/uploads\/2021\/02\/Tutorial_para_inscricao_online.pdf\">Tutorial para inscri\u00e7\u00e3o online<\/a><\/p>\n<p><a href=\"https:\/\/csr.ufmg.br\/ppgamsa\/wp-content\/uploads\/2021\/02\/Autodeclaracaoetnicoracial.pdf\">Formul\u00e1rio de Autodeclara\u00e7\u00e3o \u00c9tnico-Racional<\/a><\/p>\n<p><a href=\"https:\/\/csr.ufmg.br\/ppgamsa\/wp-content\/uploads\/2021\/02\/ANEXO_I_-_CAPA_DO_PROJETO_SUPLEMENTAR_sera_retirada_pela_secretaria_antes_de_enviar_a_comissao.docx\">Anexo I &#8211; Capa do Projeto &#8211; ser\u00e1 retirado pela secretaria antes do envio a comiss\u00e3o<\/a><\/p>\n<p><a href=\"https:\/\/csr.ufmg.br\/ppgamsa\/wp-content\/uploads\/2021\/02\/ANEXO_II_-_Barema_Mestrado-1.docx\">Anexo II &#8211; Barema Mestrado &#8211; vers\u00e3o word (edit\u00e1vel)<\/a><\/p>\n<p><a href=\"https:\/\/csr.ufmg.br\/ppgamsa\/wp-content\/uploads\/2021\/02\/ANEXO_III_-_Barema_Doutorado-1.docx\">Anexo III &#8211; Barema Doutorado &#8211; vers\u00e3o word (edit\u00e1vel)<\/a><\/p>\n<p><a href=\"https:\/\/csr.ufmg.br\/ppgamsa\/wp-content\/uploads\/2021\/02\/\">D\u00daVIDAS FREQUENTES &#8211; vers\u00e3o 2<\/a><\/p>\n<\/div><\/div><\/div><div class=\"fusion-panel panel-default fusion-toggle-no-divider fusion-toggle-boxed-mode\" role=\"tabpanel\"><div class=\"panel-heading\"><h4 class=\"panel-title toggle\"><a aria-expanded=\"false\" aria-selected=\"false\" aria-controls=\"7eaa3e519aeed8548\" role=\"tab\" data-toggle=\"collapse\" data-parent=\"#accordion-338-2\" data-target=\"#7eaa3e519aeed8548\" href=\"#7eaa3e519aeed8548\"><span class=\"fusion-toggle-icon-wrapper\" aria-hidden=\"true\"><i class=\"fa-fusion-box\" aria-hidden=\"true\"><\/i><\/span><span class=\"fusion-toggle-heading\">PROCESSO SELETIVO MESTRADO E DOUTORADO PcD e IND\u00cdGENAS 2020\/2021<\/span><\/a><\/h4><\/div><div id=\"7eaa3e519aeed8548\" class=\"panel-collapse collapse \"><div class=\"panel-body toggle-content fusion-clearfix\">\n<p>LINK PARA A INSCRI\u00c7\u00c3O:\u00a0<a href=\"https:\/\/form.jotform.com\/203377213523651\" target=\"_blank\" rel=\"noopener noreferrer\">https:\/\/form.jotform.com\/203377213523651<\/a><\/p>\n<p><a href=\"https:\/\/csr.ufmg.br\/ppgamsa\/wp-content\/uploads\/2021\/02\/Edital_suplementar_2021_AMSA_-_Vers\u00e3o_final.pdf\" target=\"_blank\" rel=\"noopener noreferrer\">EDITAL<\/a><\/p>\n<p><a href=\"https:\/\/csr.ufmg.br\/ppgamsa\/wp-content\/uploads\/2021\/02\/Tutorial_para_inscri\u00e7\u00e3o_online_Suplementar.pdf\" target=\"_blank\" rel=\"noopener noreferrer\">Tutorial para inscri\u00e7\u00e3o online<\/a><\/p>\n<p><a href=\"https:\/\/csr.ufmg.br\/ppgamsa\/wp-content\/uploads\/2021\/02\/ANEXO_I_-_CAPA_DO_PROJETO_SUPLEMENTAR_ser\u00e1_retirada_pela_secret\u00e1ria_antes_de_enviar_a_comiss\u00e3o.docx\" target=\"_blank\" rel=\"noopener noreferrer\">Anexo I &#8211; Capa do Projeto &#8211; ser\u00e1 retirado pela secretaria antes do envio a comiss\u00e3o<\/a><\/p>\n<p><a href=\"https:\/\/csr.ufmg.br\/ppgamsa\/wp-content\/uploads\/2021\/02\/ANEXO_II_-_Barema_Mestrado.docx\" target=\"_blank\" rel=\"noopener noreferrer\">Anexo II &#8211; Barema Mestrado &#8211; vers\u00e3o word (edit\u00e1vel)<\/a><\/p>\n<p><a href=\"https:\/\/csr.ufmg.br\/ppgamsa\/wp-content\/uploads\/2021\/02\/ANEXO_III_-_Barema_Doutorado.docx\">Anexo III &#8211; Barema Doutorado &#8211; vers\u00e3o word (edit\u00e1vel)<\/a><\/p>\n<p><a title=\"Formul\u00e1rio de Autoreconhecimento Ind\u00edgena\" href=\"https:\/\/csr.ufmg.br\/ppgamsa\/wp-content\/uploads\/2021\/02\/PG_Declara\u00e7\u00e3o_de_Autoreconhecimento_Ind\u00edgena.pdf\" target=\"_blank\" rel=\"noopener noreferrer\">Formul\u00e1rio de Autoreconhecimento Ind\u00edgena<\/a><\/p>\n<p><a title=\"Declara\u00e7\u00e3o de Lideran\u00e7as Ind\u00edgenas\" href=\"https:\/\/csr.ufmg.br\/ppgamsa\/wp-content\/uploads\/2021\/02\/PG_Declara\u00e7\u00e3o_de_Lideran\u00e7a_Ind\u00edgena.pdf\" target=\"_blank\" rel=\"noopener noreferrer\">Declara\u00e7\u00e3o de Lideran\u00e7as Ind\u00edgenas<\/a><\/p>\n<p><a title=\"Declara\u00e7\u00e3o de Resid\u00eancia em Territ\u00f3rio Ind\u00edgena\" href=\"https:\/\/csr.ufmg.br\/ppgamsa\/wp-content\/uploads\/2021\/02\/PG_Declara\u00e7\u00e3o_de_Resid\u00eancia_Ind\u00edgena.pdf\" target=\"_blank\" rel=\"noopener noreferrer\">Declara\u00e7\u00e3o de Resid\u00eancia em Territ\u00f3rio Ind\u00edgena<\/a><\/p>\n<p><a href=\"https:\/\/csr.ufmg.br\/ppgamsa\/wp-content\/uploads\/2021\/02\/AUTODECLARA\u00c7\u00c3O_DE_PESSOA_COM_DEFICI\u00caNCIA.docx\" target=\"_blank\" rel=\"noopener noreferrer\">Formul\u00e1rio de Autodeclara\u00e7\u00e3o de Pessoa com Defici\u00eancia<\/a><\/p>\n<p><a title=\"Formul\u00e1rio de Solicita\u00e7\u00e3o de Condi\u00e7\u00f5es Especiais para a Realiza\u00e7\u00e3o da Prova\" href=\"https:\/\/csr.ufmg.br\/ppgamsa\/wp-content\/uploads\/2021\/02\/FORMUL\u00c1RIO_DE_SOLICITA\u00c7\u00c3O_DE_CONDI\u00c7\u00d5ES_ESPECIAIS_PARA_A_REALIZA\u00c7\u00c3O_DA_PROVAPG_DRCA.pdf\" target=\"_blank\" rel=\"noopener noreferrer\">Formul\u00e1rio de Solicita\u00e7\u00e3o de Condi\u00e7\u00f5es Especiais para a Realiza\u00e7\u00e3o da Prova<\/a><\/p>\n<p><a title=\"Modelo de Relat\u00f3rio do M\u00e9dico Assistente\" href=\"https:\/\/csr.ufmg.br\/ppgamsa\/wp-content\/uploads\/2021\/02\/MODELO_DE_RELAT\u00d3RIO_DO_M\u00c9DICO_ASSISTENTE_Dast.docx\" target=\"_blank\" rel=\"noopener noreferrer\">Modelo de Relat\u00f3rio do M\u00e9dico Assistente<\/a><\/p>\n<\/div><\/div><\/div><div class=\"fusion-panel panel-default fusion-toggle-no-divider fusion-toggle-boxed-mode\" role=\"tabpanel\"><div class=\"panel-heading\"><h4 class=\"panel-title toggle\"><a aria-expanded=\"false\" aria-selected=\"false\" aria-controls=\"91303ade86d7caab8\" role=\"tab\" data-toggle=\"collapse\" data-parent=\"#accordion-338-2\" data-target=\"#91303ade86d7caab8\" href=\"#91303ade86d7caab8\"><span class=\"fusion-toggle-icon-wrapper\" aria-hidden=\"true\"><i class=\"fa-fusion-box\" aria-hidden=\"true\"><\/i><\/span><span class=\"fusion-toggle-heading\"> PROCESSO SELETIVO EXTRAORDIN\u00c1RIO DOUTORADO 2020<\/span><\/a><\/h4><\/div><div id=\"91303ade86d7caab8\" class=\"panel-collapse collapse \"><div class=\"panel-body toggle-content fusion-clearfix\">\n<p><a href=\"https:\/\/csr.ufmg.br\/ppgamsa\/wp-content\/uploads\/2021\/07\/20-Resultado-final-do-processo-seletivo.pdf\">Resultado final do processo seletivo<\/a><\/p>\n<p><a href=\"https:\/\/csr.ufmg.br\/ppgamsa\/wp-content\/uploads\/2021\/07\/19-Resultado-dos-recursos-de-indeferimento-da-inscricao.pdf\">Resultado dos recursos de indeferimento da inscri\u00e7\u00e3o<\/a><\/p>\n<p><a href=\"https:\/\/csr.ufmg.br\/ppgamsa\/wp-content\/uploads\/2021\/07\/18-ARGUICAO-ORAL-DO-DIA-21-DE-AGOSTO.pdf\">ARGUI\u00c7\u00c3O ORAL DO DIA 21 DE AGOSTO<\/a><\/p>\n<p><a href=\"https:\/\/csr.ufmg.br\/ppgamsa\/wp-content\/uploads\/2021\/07\/17-ARGUICAO-ORAL-DO-DIA-20-DE-AGOSTO.pdf\">ARGUI\u00c7\u00c3O ORAL DO DIA 20 DE AGOSTO<\/a><\/p>\n<p><a href=\"https:\/\/csr.ufmg.br\/ppgamsa\/wp-content\/uploads\/2021\/07\/16-Resultado-deferimento-e-indeferimento-das-inscricoes.pdf\">Resultado: deferimento e indeferimento das inscri\u00e7\u00f5es<\/a><\/p>\n<p><a href=\"https:\/\/csr.ufmg.br\/ppgamsa\/wp-content\/uploads\/2021\/07\/15-Justificativa-dos-indeferimentos.pdf\">Justificativa dos indeferimentos<\/a><\/p>\n<p><a href=\"https:\/\/csr.ufmg.br\/ppgamsa\/wp-content\/uploads\/2021\/07\/14-Declaracao-de-inexistencia-de-impedimento-e-suspeicao-dos-membros-da-banca-de-Analise-do-CurriculoAnalise-do-Curriculo.pdf\">Declara\u00e7\u00e3o de inexist\u00eancia de impedimento e suspei\u00e7\u00e3o dos membros da banca de An\u00e1lise do Curr\u00edculoAn\u00e1lise do Curr\u00edculo<\/a><\/p>\n<p><a href=\"https:\/\/csr.ufmg.br\/ppgamsa\/wp-content\/uploads\/2021\/07\/13-Declaracao-de-inexistencia-de-impedimento-e-suspeicao-dos-membros-da-banca-de-Projeto-e-Arguicao-roale-Projeto-e-Arguicao-oral.pdf\">Declara\u00e7\u00e3o de inexist\u00eancia de impedimento e suspei\u00e7\u00e3o dos membros da banca de An\u00e1lise de Projeto e Argui\u00e7\u00e3o oral\u00a0<\/a><\/p>\n<p><a href=\"https:\/\/csr.ufmg.br\/ppgamsa\/wp-content\/uploads\/2021\/07\/12-ARGUICAO-ORAL-DO-DIA-19-DE-AGOSTO.pdf\">ARGUI\u00c7\u00c3O ORAL DO DIA 19 DE AGOSTO<\/a><br \/>\n<a href=\"http:\/\/www.igc.ufmg.br\/images\/pdf\/cartografia\/3a_Retifica\u00e7\u00e3o_do_edital_-_Prorroga\u00e7\u00e3o_do_Prazo_Homologa\u00e7\u00e3o_e_Provas.pdf\" target=\"_blank\" rel=\"noopener noreferrer\"><br \/>\n<\/a><a href=\"https:\/\/csr.ufmg.br\/ppgamsa\/wp-content\/uploads\/2021\/07\/11-Retificacao-\u2013-prorrogacao-dos-prazos.pdf\">Retifica\u00e7\u00e3o &#8211; prorroga\u00e7\u00e3o dos prazos<\/a><\/p>\n<p><a href=\"https:\/\/csr.ufmg.br\/ppgamsa\/wp-content\/uploads\/2021\/07\/10-Recado-aos-inscritos-no-processo-seletivo.pdf\">Recado aos inscritos no processo seletivo<\/a><\/p>\n<p><a href=\"https:\/\/csr.ufmg.br\/ppgamsa\/wp-content\/uploads\/2021\/07\/09-Comissao-examinadora.pdf\">Comiss\u00e3o examinadora<\/a><\/p>\n<p><a href=\"https:\/\/csr.ufmg.br\/ppgamsa\/wp-content\/uploads\/2021\/07\/08-DUVIDAS-FREQUENTES.pdf\">D\u00daVIDAS FREQUENTES<\/a><\/p>\n<p><a href=\"https:\/\/csr.ufmg.br\/ppgamsa\/wp-content\/uploads\/2021\/07\/07-Retificacao-do-edital-\u2013-areas-afins-exatas-e-biologicas.pdf\">Retifica\u00e7\u00e3o do edital &#8211; \u00e1reas afins, exatas e biol\u00f3gicas<\/a><\/p>\n<p><a href=\"https:\/\/csr.ufmg.br\/ppgamsa\/wp-content\/uploads\/2021\/07\/06-PRORROGACAO-DO-PRAZO-DE-INSCRICAO-\u2013-ATE-16-DE-AGOSTO.pdf\">PRORROGA\u00c7\u00c3O DO PRAZO DE INSCRI\u00c7\u00c3O &#8211; AT\u00c9 16 DE AGOSTO<\/a><\/p>\n<p><a href=\"https:\/\/csr.ufmg.br\/ppgamsa\/wp-content\/uploads\/2021\/07\/05-Edital-Processo-Seletivo-Extraordinario-Doutorado-\u2013-Covid-19.pdf\">Edital Processo Seletivo Extraordin\u00e1rio Doutorado &#8211; Covid 19<\/a><\/p>\n<p><a href=\"https:\/\/csr.ufmg.br\/ppgamsa\/wp-content\/uploads\/2021\/07\/04-Anexo_I_-_Ficha_de_Inscricao.doc\">Anexo I &#8211; Ficha de Inscri\u00e7\u00e3o<\/a><\/p>\n<p><a href=\"https:\/\/csr.ufmg.br\/ppgamsa\/wp-content\/uploads\/2021\/07\/03-Anexo_II_-_Capa_do_Anteprojeto.doc\">Anexo II &#8211; Capa do Anteprojeto<\/a><\/p>\n<p><a href=\"https:\/\/csr.ufmg.br\/ppgamsa\/wp-content\/uploads\/2021\/07\/02-Anexo_III_-_Tabela_de_Pontuacao_Barema.doc\">Anexo III &#8211; Tabela de Pontua\u00e7\u00e3o (Barema)<\/a><\/p>\n<p><a href=\"https:\/\/csr.ufmg.br\/ppgamsa\/wp-content\/uploads\/2021\/07\/01-Formulario-de-Autodeclaracao-Etnico-Racional.pdf\">Formul\u00e1rio de Autodeclara\u00e7\u00e3o \u00c9tnico-Racional<\/a><\/p>\n<\/div><\/div><\/div><div class=\"fusion-panel panel-default fusion-toggle-no-divider fusion-toggle-boxed-mode\" role=\"tabpanel\"><div class=\"panel-heading\"><h4 class=\"panel-title toggle\"><a aria-expanded=\"false\" aria-selected=\"false\" aria-controls=\"4c5637ab2a2359213\" role=\"tab\" data-toggle=\"collapse\" data-parent=\"#accordion-338-2\" data-target=\"#4c5637ab2a2359213\" href=\"#4c5637ab2a2359213\"><span class=\"fusion-toggle-icon-wrapper\" aria-hidden=\"true\"><i class=\"fa-fusion-box\" aria-hidden=\"true\"><\/i><\/span><span class=\"fusion-toggle-heading\">PROCESSO SELETIVO BOLSISTA DE PROJETO - GRADUA\u00c7\u00c3O E P\u00d3S-GRADUA\u00c7\u00c3O<\/span><\/a><\/h4><\/div><div id=\"4c5637ab2a2359213\" class=\"panel-collapse collapse \"><div class=\"panel-body toggle-content fusion-clearfix\">\n<p><a href=\"https:\/\/csr.ufmg.br\/ppgamsa\/wp-content\/uploads\/2021\/07\/22-Resultado_bolsa_projeto.pdf\">Resultado da rela\u00e7\u00e3o de bolsas<\/a><\/p>\n<p><a href=\"https:\/\/csr.ufmg.br\/ppgamsa\/wp-content\/uploads\/2021\/07\/21-EDITAL_DE_SELECAO_DE_BOLSISTA_DE_PESQUISA.pdf\" target=\"_blank\" rel=\"noopener noreferrer\">Bolsa de projeto de pesquisa<\/a> &#8211; P\u00f3s-gradua\u00e7\u00e3o e gradua\u00e7\u00e3o<\/p>\n<\/div><\/div><\/div><div class=\"fusion-panel panel-default fusion-toggle-no-divider fusion-toggle-boxed-mode\" role=\"tabpanel\"><div class=\"panel-heading\"><h4 class=\"panel-title toggle\"><a aria-expanded=\"false\" aria-selected=\"false\" aria-controls=\"56401339ae5d4278d\" role=\"tab\" data-toggle=\"collapse\" data-parent=\"#accordion-338-2\" data-target=\"#56401339ae5d4278d\" href=\"#56401339ae5d4278d\"><span class=\"fusion-toggle-icon-wrapper\" aria-hidden=\"true\"><i class=\"fa-fusion-box\" aria-hidden=\"true\"><\/i><\/span><span class=\"fusion-toggle-heading\"> PROCESSO SELETIVO MESTRADO E DOUTORADO 2019<\/span><\/a><\/h4><\/div><div id=\"56401339ae5d4278d\" class=\"panel-collapse collapse \"><div class=\"panel-body toggle-content fusion-clearfix\">\n<p><a href=\"https:\/\/csr.ufmg.br\/ppgamsa\/wp-content\/uploads\/2021\/07\/23-INFORMACOES_SOBRE_A_PROVA_DE_PROFICIENCIA_DO_CENEX.pdf\">Informa\u00e7\u00f5es sobre a prova de profici\u00eancia do CENEX-LETRAS<\/a><\/p>\n<p><a href=\"https:\/\/csr.ufmg.br\/ppgamsa\/wp-content\/uploads\/2021\/07\/22-Convocacao_Excedentes.pdf\">Convoca\u00e7\u00e3o dos excedentes<\/a><\/p>\n<p><a href=\"https:\/\/csr.ufmg.br\/ppgamsa\/wp-content\/uploads\/2021\/07\/21-Resultado_pos_recurso_-_Mestrado.pdf\">Homologa\u00e7\u00e3o do Resultado Final Processo Seletivo 01\/2019 &#8211; Mestrado 2020<\/a><\/p>\n<p><a href=\"https:\/\/csr.ufmg.br\/ppgamsa\/wp-content\/uploads\/2021\/07\/20-Resultado_pos_recurso_-_Doutorado.pdf\">Homologa\u00e7\u00e3o do Resultado Final Processo Seletivo 01\/2019 &#8211; Doutorado 2020<\/a><\/p>\n<p><a href=\"https:\/\/csr.ufmg.br\/ppgamsa\/wp-content\/uploads\/2021\/07\/19-Resultado_Recursos.pdf\">Resultado dos Recursos<\/a><\/p>\n<p><a href=\"https:\/\/csr.ufmg.br\/ppgamsa\/wp-content\/uploads\/2021\/07\/18-Resultadofinal-Mestrado.pdf\">Resultado Final Processo Seletivo 01\/2019 &#8211; Mestrado 2020<\/a><\/p>\n<p><a href=\"https:\/\/csr.ufmg.br\/ppgamsa\/wp-content\/uploads\/2021\/07\/17-Formulario_de_recurso_resultado_final_mestrado_2020-1.doc\">Formul\u00e1rio para Recurso Resultado Final Processo Seletivo 01\/2019 &#8211; Mestrado 2020<\/a><\/p>\n<p><a href=\"https:\/\/csr.ufmg.br\/ppgamsa\/wp-content\/uploads\/2021\/07\/16-Resultadofinal-Doutorado.pdf\">Resultado Final Processo Seletivo 01\/2019 &#8211; Doutorado 2020<\/a><\/p>\n<p><a href=\"https:\/\/csr.ufmg.br\/ppgamsa\/wp-content\/uploads\/2021\/07\/15-Formulario_de_recurso_resultado_final_doutorado_2020.doc\">Formul\u00e1rio para Recurso Resultado Final Processo Seletivo 01\/2019 &#8211; Doutorado 2020<\/a><\/p>\n<p><a href=\"https:\/\/csr.ufmg.br\/ppgamsa\/wp-content\/uploads\/2021\/07\/14-3o_Retificacao_-_Barema_doutorado.pdf\">Retifica\u00e7\u00e3o &#8211; Barema doutorado<\/a><\/p>\n<p><a href=\"https:\/\/csr.ufmg.br\/ppgamsa\/wp-content\/uploads\/2021\/07\/13-Horarioentrevistas-Doutorado.pdf\">Data e Hor\u00e1rio Argui\u00e7\u00e3o Oral Doutorado<\/a><\/p>\n<p><a href=\"https:\/\/csr.ufmg.br\/ppgamsa\/wp-content\/uploads\/2021\/07\/12-Horario_entrevistas_-_Mestrado.pdf\">Data e Hor\u00e1rio Argui\u00e7\u00e3o Oral Mestrado<\/a><\/p>\n<p><a href=\"https:\/\/csr.ufmg.br\/ppgamsa\/wp-content\/uploads\/2021\/07\/11-Declaracao_sem_impedimento_e_suspeicao_mestrado-mesclado.pdf\">Declara\u00e7\u00e3o de inexist\u00eancia de impedimento e suspei\u00e7\u00e3o dos membros da banca do Mestrado Edital 001\/2019<\/a><\/p>\n<p><a href=\"https:\/\/csr.ufmg.br\/ppgamsa\/wp-content\/uploads\/2021\/07\/10-Portaria.pdf\">Portaria de designa\u00e7\u00e3o das comiss\u00f5es de sele\u00e7\u00e3o &#8211; Processo Seletivo Mestrado 2019<\/a><\/p>\n<p><a href=\"https:\/\/csr.ufmg.br\/ppgamsa\/wp-content\/uploads\/2021\/07\/09-Homologacao_inscricao_doutorado_2019.pdf\">Formul\u00e1rio para Recurso da 1\u00aa Etapa do Processo Seletivo 01\/2019 &#8211; Doutorado<\/a><\/p>\n<p><a href=\"https:\/\/csr.ufmg.br\/ppgamsa\/wp-content\/uploads\/2021\/07\/09-Homologacao_inscricao_doutorado_2019.pdf\">Resultado Primeira Etapa do Processo Seletivo 01\/2019 &#8211; Doutorado<\/a><\/p>\n<p><a href=\"https:\/\/csr.ufmg.br\/ppgamsa\/wp-content\/uploads\/2021\/07\/Retificacao_Edital_Regular_2020_feriado-1.pdf\">Retifica\u00e7\u00e3o de edital &#8211; prorroga\u00e7\u00e3o do prazo de divulga\u00e7\u00e3o da nota do projeto de doutorado<\/a><\/p>\n<p><a href=\"https:\/\/csr.ufmg.br\/ppgamsa\/wp-content\/uploads\/2021\/07\/11-Declaracao_sem_impedimento_e_suspeicao_mestrado-mesclado.pdf\">Declara\u00e7\u00e3o de inexist\u00eancia de impedimento e suspei\u00e7\u00e3o dos membros da banca do Doutorado Edital 001\/2019<\/a><\/p>\n<p><a href=\"https:\/\/csr.ufmg.br\/ppgamsa\/wp-content\/uploads\/2021\/07\/10-Portaria.pdf\">Portaria de designa\u00e7\u00e3o da comiss\u00e3o de sele\u00e7\u00e3o &#8211; Processo Seletivo Doutorado 2019<\/a><\/p>\n<p><a href=\"https:\/\/csr.ufmg.br\/ppgamsa\/wp-content\/uploads\/2021\/07\/09-Homologacao_inscricao_doutorado_2019.pdf\">Homologa\u00e7\u00e3o Processo Seletivo 2019 &#8211; doutorado<\/a><\/p>\n<p><a href=\"https:\/\/csr.ufmg.br\/ppgamsa\/wp-content\/uploads\/2021\/07\/08-Homologacao_inscricao_mestrado_2019.pdf\">Homologa\u00e7\u00e3o Processo Seletivo 2019 &#8211; mestrado<\/a><\/p>\n<p><a href=\"https:\/\/csr.ufmg.br\/ppgamsa\/wp-content\/uploads\/2021\/07\/07-RETIFICACAO_DE_DOCUMENTOS_Mestrado_e_Doutorado.pdf\">Retifica\u00e7\u00e3o de documentos &#8211; candidatos para o mestrado e para o doutorado<\/a><\/p>\n<p><a href=\"https:\/\/csr.ufmg.br\/ppgamsa\/wp-content\/uploads\/2021\/07\/06-Retificacao_-_prorrogacao_do_prazo_e_correcao_entrega_impresso.pdf\">Retifica\u00e7\u00e3o com novo prazo e Barema<\/a><\/p>\n<p>Link para a inscri\u00e7\u00e3o: <a href=\"https:\/\/form.jotformz.com\/92326480963665\">https:\/\/form.jotformz.com\/92326480963665<\/a><\/p>\n<p><a href=\"https:\/\/csr.ufmg.br\/ppgamsa\/wp-content\/uploads\/2021\/07\/05-TUTORIAL_PARA_INSCRICAO_ONLINE.pdf\">TUTORIAL PARA A INSCRI\u00c7\u00c3O VIA FORMUL\u00c1RIO ONLINE<\/a><\/p>\n<p><a href=\"https:\/\/csr.ufmg.br\/ppgamsa\/wp-content\/uploads\/2021\/07\/04-Instrucoes_para_emissao_de_GRU.pdf\">Instru\u00e7\u00f5es para emiss\u00e3o de GRU<\/a><\/p>\n<p><a href=\"https:\/\/csr.ufmg.br\/ppgamsa\/wp-content\/uploads\/2021\/07\/03-Edital_Processo_Seletivo_Mestrado_e_Doutorado_2020_-_Versao_final.pdf\">Edital de Sele\u00e7\u00e3o n\u00ba001\/2019 &#8211; Mestrado e Doutorado 2020<\/a><\/p>\n<p><a href=\"https:\/\/csr.ufmg.br\/ppgamsa\/wp-content\/uploads\/2021\/07\/02-Autodeclaracao_Etnico-Racial_Negro_-_31-01-2018.pdf\">Formul\u00e1rio de Autodeclara\u00e7\u00e3o \u00c9tnico-Racional<\/a><\/p>\n<p><a href=\"https:\/\/csr.ufmg.br\/ppgamsa\/wp-content\/uploads\/2021\/07\/01-ANEXO_II_-_Folha_de_rosto_da_proposta_de_pesquisa.docx\">Anexo II &#8211; Folha de rosto da Proposta de Pesquisa edit\u00e1vel<\/a><\/p>\n<\/div><\/div><\/div><div class=\"fusion-panel panel-default fusion-toggle-no-divider fusion-toggle-boxed-mode\" role=\"tabpanel\"><div class=\"panel-heading\"><h4 class=\"panel-title toggle\"><a aria-expanded=\"false\" aria-selected=\"false\" aria-controls=\"b4c6d2cf74542b5ac\" role=\"tab\" data-toggle=\"collapse\" data-parent=\"#accordion-338-2\" data-target=\"#b4c6d2cf74542b5ac\" href=\"#b4c6d2cf74542b5ac\"><span class=\"fusion-toggle-icon-wrapper\" aria-hidden=\"true\"><i class=\"fa-fusion-box\" aria-hidden=\"true\"><\/i><\/span><span class=\"fusion-toggle-heading\"> PROCESSO SELETIVO MESTRADO E DOUTORADO PcD e IND\u00cdGENAS 2019<\/span><\/a><\/h4><\/div><div id=\"b4c6d2cf74542b5ac\" class=\"panel-collapse collapse \"><div class=\"panel-body toggle-content fusion-clearfix\">\n<p><strong>Per\u00edodo de inscri\u00e7\u00e3o PRORROGADO: 02\/09 a 15\/10\/2019<\/strong><\/p>\n<p><a href=\"https:\/\/csr.ufmg.br\/ppgamsa\/wp-content\/uploads\/2021\/07\/11-Retificacao_edital_suplementar_-_prorrogacao_do_prazo_e_correcao_entrega_impresso.pdf\">Retifica\u00e7\u00e3o com novo prazo e Barema<\/a><\/p>\n<p>Link para a inscri\u00e7\u00e3o: <a href=\"https:\/\/form.jotformz.com\/92386681303662\">https:\/\/form.jotformz.com\/92386681303662<\/a><\/p>\n<p><a href=\"https:\/\/csr.ufmg.br\/ppgamsa\/wp-content\/uploads\/2021\/07\/10-Instrucoes_para_emissao_de_GRU.pdf\">Instru\u00e7\u00f5es para emiss\u00e3o de GRU<\/a><\/p>\n<p><a href=\"https:\/\/csr.ufmg.br\/ppgamsa\/wp-content\/uploads\/2021\/07\/09-INFORMACOES_SOBRE_A_PROVA_DE_PROFICIENCIA_DO_CENEX.pdf\">Informa\u00e7\u00f5es sobre a prova de profici\u00eancia do CENEX-LETRAS<\/a><\/p>\n<p><a href=\"https:\/\/csr.ufmg.br\/ppgamsa\/wp-content\/uploads\/2021\/07\/08-EDITAL_SUPLEMENTAR_-2020.pdf\">Edital Suplementar de Sele\u00e7\u00e3o &#8211; Mestrado e Doutorado 2020<\/a><\/p>\n<p><a href=\"https:\/\/csr.ufmg.br\/ppgamsa\/wp-content\/uploads\/2021\/07\/07-Anexo_II_-_Folha_de_Rosto__capa.docx\">Anexo II &#8211; Folha de rosto da Proposta de Pesquisa edit\u00e1vel<\/a><\/p>\n<p><a href=\"https:\/\/csr.ufmg.br\/ppgamsa\/wp-content\/uploads\/2021\/07\/06-PG_Declaracao_de_Autoreconhecimento_Indigena.pdf\">Formul\u00e1rio de Autoreconhecimento Ind\u00edgena<\/a><\/p>\n<p><a href=\"https:\/\/csr.ufmg.br\/ppgamsa\/wp-content\/uploads\/2021\/07\/05-PG_Declaracao_de_Lideranca_Indigena.pdf\">Declara\u00e7\u00e3o de Lideran\u00e7as Ind\u00edgenas<\/a><\/p>\n<p><a href=\"https:\/\/csr.ufmg.br\/ppgamsa\/wp-content\/uploads\/2021\/07\/04-PG_Declaracao_de_Residencia_Indigena.pdf\">Declara\u00e7\u00e3o de Resid\u00eancia em Territ\u00f3rio Ind\u00edgena<\/a><\/p>\n<p><a href=\"https:\/\/csr.ufmg.br\/ppgamsa\/wp-content\/uploads\/2021\/07\/03-AUTODECLARACAO_DE_PESSOA_COM_DEFICIENCIA.docx\">Formul\u00e1rio de Autodeclara\u00e7\u00e3o de Pessoa com Defici\u00eancia<\/a><\/p>\n<p><a href=\"https:\/\/csr.ufmg.br\/ppgamsa\/wp-content\/uploads\/2021\/07\/02-FORMULARIO_DE_SOLICITACAO_DE_CONDICOES_ESPECIAIS_PARA_A_REALIZACAO_DA_PROVAPG_DRCA.pdf\">Formul\u00e1rio de Solicita\u00e7\u00e3o de Condi\u00e7\u00f5es Especiais para a Realiza\u00e7\u00e3o da Prova<\/a><\/p>\n<p><a href=\"https:\/\/csr.ufmg.br\/ppgamsa\/wp-content\/uploads\/2021\/07\/01-MODELO_DE_RELATORIO_DO_MEDICO_ASSISTENTE_Dast.docx\">Modelo de Relat\u00f3rio do M\u00e9dico Assistente<\/a><\/p>\n<\/div><\/div><\/div><div class=\"fusion-panel panel-default fusion-toggle-no-divider fusion-toggle-boxed-mode\" role=\"tabpanel\"><div class=\"panel-heading\"><h4 class=\"panel-title toggle\"><a aria-expanded=\"false\" aria-selected=\"false\" aria-controls=\"7ba2de1695f61be54\" role=\"tab\" data-toggle=\"collapse\" data-parent=\"#accordion-338-2\" data-target=\"#7ba2de1695f61be54\" href=\"#7ba2de1695f61be54\"><span class=\"fusion-toggle-icon-wrapper\" aria-hidden=\"true\"><i class=\"fa-fusion-box\" aria-hidden=\"true\"><\/i><\/span><span class=\"fusion-toggle-heading\"> PROCESSO SELETIVO DOUTORADO 2018<\/span><\/a><\/h4><\/div><div id=\"7ba2de1695f61be54\" class=\"panel-collapse collapse \"><div class=\"panel-body toggle-content fusion-clearfix\">\n<p><a href=\"https:\/\/csr.ufmg.br\/ppgamsa\/wp-content\/uploads\/2021\/07\/11-Formulario_de_recurso_resultado_final_doutorado_2019-1.doc\">Formul\u00e1rio para Recurso Resultado Final Processo Seletivo 02\/2018 &#8211; Doutorado 2019<\/a><\/p>\n<p><a href=\"https:\/\/csr.ufmg.br\/ppgamsa\/wp-content\/uploads\/2021\/07\/10-Resultado_Final_-_Doutorado.pdf\">Resultado Final Processo Seletivo 02\/2018 &#8211; Doutorado 2019<\/a><\/p>\n<p><a href=\"https:\/\/csr.ufmg.br\/ppgamsa\/wp-content\/uploads\/2021\/07\/09-Horario_entrevistas_-_Doutorado.pdf\">Hor\u00e1rio Argui\u00e7\u00e3o Oral Doutorado<\/a><\/p>\n<p><a href=\"https:\/\/csr.ufmg.br\/ppgamsa\/wp-content\/uploads\/2021\/07\/09-Formulario_de_recurso_resultado_final_doutorado_2019-1.doc\">Formul\u00e1rio para Recurso da 1\u00aa Etapa do Processo Seletivo 02\/2018 &#8211; Doutorado<\/a><\/p>\n<p><a href=\"https:\/\/csr.ufmg.br\/ppgamsa\/wp-content\/uploads\/2021\/07\/08-Resultado_1a_fase_-_Projeto_-_Doutorado.pdf\">Resultado Primeira Etapa do Processo Seletivo 02\/2018 &#8211; Doutorado<\/a><\/p>\n<p><a href=\"https:\/\/csr.ufmg.br\/ppgamsa\/wp-content\/uploads\/2021\/07\/Declaracao_de_inexistencia_de_impedimento_e_suspeicao-1.pdf\">Declara\u00e7\u00e3o de inexist\u00eancia de impedimento e suspei\u00e7\u00e3o<\/a><\/p>\n<p><a href=\"https:\/\/csr.ufmg.br\/ppgamsa\/wp-content\/uploads\/2021\/07\/07-Portaria_de_designacao_de_comissao_processo_seletivo_doutorado_2019.pdf\">Portaria de nomea\u00e7\u00e3o da comiss\u00e3o examinadora do Processo Seletivo Doutorado<\/a><\/p>\n<p><a href=\"https:\/\/csr.ufmg.br\/ppgamsa\/wp-content\/uploads\/2021\/07\/06-Homologacao_inscricao2019_-_doutorado.pdf\">Deferimento das inscri\u00e7\u00f5es<\/a><\/p>\n<p><a href=\"https:\/\/csr.ufmg.br\/ppgamsa\/wp-content\/uploads\/2021\/07\/05-Edital_2019_-_Doutorado.pdf\">Edital Regular de Sele\u00e7\u00e3o n\u00ba002\/2018 &#8211; Doutorado 2019<\/a><\/p>\n<p><a href=\"https:\/\/csr.ufmg.br\/ppgamsa\/wp-content\/uploads\/2021\/07\/04-Ficha_de_Inscricao_Doutorado_2018.doc\">Ficha de inscri\u00e7\u00e3o &#8211; Processo Regular de Doutorado<\/a><\/p>\n<p><a href=\"https:\/\/csr.ufmg.br\/ppgamsa\/wp-content\/uploads\/2021\/07\/03-Autodeclaracao_Etnico-Racial_Negro_-_31-01-2018.pdf\">Formul\u00e1rio de Autodeclara\u00e7\u00e3o \u00c9tnico-Racional<\/a><\/p>\n<p><a href=\"https:\/\/csr.ufmg.br\/ppgamsa\/wp-content\/uploads\/2021\/07\/02-Anexo_II_-_Folha_de_Rosto__capa.docx\">Anexo II &#8211; Folha de Rosto da Proposta de Pesquisa edit\u00e1vel<\/a><\/p>\n<p><a href=\"https:\/\/csr.ufmg.br\/ppgamsa\/wp-content\/uploads\/2021\/07\/01-Anexo_III_-_Barema_doutorado-2.docx\">Anexo III &#8211; Barema doutorado<\/a><\/p>\n<\/div><\/div><\/div><div class=\"fusion-panel panel-default fusion-toggle-no-divider fusion-toggle-boxed-mode\" role=\"tabpanel\"><div class=\"panel-heading\"><h4 class=\"panel-title toggle\"><a aria-expanded=\"false\" aria-selected=\"false\" aria-controls=\"332a3a6f29ef07c0c\" role=\"tab\" data-toggle=\"collapse\" data-parent=\"#accordion-338-2\" data-target=\"#332a3a6f29ef07c0c\" href=\"#332a3a6f29ef07c0c\"><span class=\"fusion-toggle-icon-wrapper\" aria-hidden=\"true\"><i class=\"fa-fusion-box\" aria-hidden=\"true\"><\/i><\/span><span class=\"fusion-toggle-heading\"> PROCESSO SELETIVO DOUTORADO PcD e IND\u00cdGENAS 2018<\/span><\/a><\/h4><\/div><div id=\"332a3a6f29ef07c0c\" class=\"panel-collapse collapse \"><div class=\"panel-body toggle-content fusion-clearfix\">\n<p><a href=\"https:\/\/csr.ufmg.br\/ppgamsa\/wp-content\/uploads\/2021\/07\/11-EDITAL_SUPLEMENTAR_-_Doutorado.pdf\">Edital Suplementar de Sele\u00e7\u00e3o n\u00ba002\/2018 &#8211; Doutorado 2019<\/a><\/p>\n<p><a href=\"https:\/\/csr.ufmg.br\/ppgamsa\/wp-content\/uploads\/2021\/07\/10-Anexo_II_-_Folha_de_Rosto__capa.docx\">Anexo II &#8211; Folha de rosto da Proposta de Pesquisa edit\u00e1vel<\/a><\/p>\n<p><a href=\"https:\/\/csr.ufmg.br\/ppgamsa\/wp-content\/uploads\/2021\/07\/09-Anexo_III_-_Barema_doutorado-2.docx\">Anexo III &#8211; Barema doutorado<\/a><\/p>\n<p><a href=\"https:\/\/csr.ufmg.br\/ppgamsa\/wp-content\/uploads\/2021\/07\/08-Ficha_de_Inscricao_Indigena_doutorado_2018.doc\">Ficha de inscri\u00e7\u00e3o &#8211; Vaga Suplementar Ind\u00edgena<\/a><\/p>\n<p><a href=\"https:\/\/csr.ufmg.br\/ppgamsa\/wp-content\/uploads\/2021\/07\/07-PG_Declaracao_de_Autoreconhecimento_Indigena.pdf\">Formul\u00e1rio de Autoreconhecimento Ind\u00edgena<\/a><\/p>\n<p><a href=\"https:\/\/csr.ufmg.br\/ppgamsa\/wp-content\/uploads\/2021\/07\/06-PG_Declaracao_de_Lideranca_Indigena.pdf\">Declara\u00e7\u00e3o de Lideran\u00e7as Ind\u00edgenas<\/a><\/p>\n<p><a href=\"https:\/\/csr.ufmg.br\/ppgamsa\/wp-content\/uploads\/2021\/07\/05-PG_Declaracao_de_Residencia_Indigena.pdf\">Declara\u00e7\u00e3o de Resid\u00eancia em Territ\u00f3rio Ind\u00edgena<\/a><\/p>\n<p><a href=\"https:\/\/csr.ufmg.br\/ppgamsa\/wp-content\/uploads\/2021\/07\/04-Ficha_de_Inscricao_PcD_doutorado_2018.doc\">Ficha de Inscri\u00e7\u00e3o &#8211; Vaga Suplementar PcD<\/a><\/p>\n<p><a href=\"https:\/\/csr.ufmg.br\/ppgamsa\/wp-content\/uploads\/2021\/07\/03-AUTODECLARACAO_DE_PESSOA_COM_DEFICIENCIA_Dast.docx\">Formul\u00e1rio de Autodeclara\u00e7\u00e3o de Pessoa com Defici\u00eancia<\/a><\/p>\n<p><a href=\"https:\/\/csr.ufmg.br\/ppgamsa\/wp-content\/uploads\/2021\/07\/02-FORMULARIO_DE_SOLICITACAO_DE_CONDICOES_ESPECIAIS_PARA_A_REALIZACAO_DA_PROVAPG_DRCA-1.pdf\">Formul\u00e1rio de Solicita\u00e7\u00e3o de Condi\u00e7\u00f5es Especiais para a Realiza\u00e7\u00e3o da Prova<\/a><\/p>\n<p><a href=\"https:\/\/csr.ufmg.br\/ppgamsa\/wp-content\/uploads\/2021\/07\/01-MODELO_DE_RELATORIO_DO_MEDICO_ASSISTENTE_Dast-1.docx\">Modelo de Relat\u00f3rio do M\u00e9dico Assistente<\/a><\/p>\n<\/div><\/div><\/div><div class=\"fusion-panel panel-default fusion-toggle-no-divider fusion-toggle-boxed-mode\" role=\"tabpanel\"><div class=\"panel-heading\"><h4 class=\"panel-title toggle\"><a aria-expanded=\"false\" aria-selected=\"false\" aria-controls=\"1118812c21955af5f\" role=\"tab\" data-toggle=\"collapse\" data-parent=\"#accordion-338-2\" data-target=\"#1118812c21955af5f\" href=\"#1118812c21955af5f\"><span class=\"fusion-toggle-icon-wrapper\" aria-hidden=\"true\"><i class=\"fa-fusion-box\" aria-hidden=\"true\"><\/i><\/span><span class=\"fusion-toggle-heading\"> PROCESSO SELETIVO MESTRADO 2018<\/span><\/a><\/h4><\/div><div id=\"1118812c21955af5f\" class=\"panel-collapse collapse \"><div class=\"panel-body toggle-content fusion-clearfix\">\n<p><a href=\"https:\/\/csr.ufmg.br\/ppgamsa\/wp-content\/uploads\/2021\/07\/14-Retificacao_Resultado_final_Mestrado_-_Pos_Recurso.pdf\">Retifica\u00e7\u00e3o Resultado Final Processo Seletivo 01\/2018 &#8211; Mestrado 2019\u00a0&#8211; Ap\u00f3s Recurso<\/a><\/p>\n<p><a href=\"https:\/\/csr.ufmg.br\/ppgamsa\/wp-content\/uploads\/2021\/07\/13-Formulario_de_recurso_resultado_final_mestrado_2019-1-2.doc\">Formul\u00e1rio para Recurso do Resultado Final do Processo Seletivo 01\/2018 &#8211; Mestrado 2019<\/a><\/p>\n<p><a href=\"https:\/\/csr.ufmg.br\/ppgamsa\/wp-content\/uploads\/2021\/07\/12-Resultado_final_-_Mestrado.pdf\">Resultado Final Processo Seletivo 01\/2018 &#8211; Mestrado 2019<\/a><\/p>\n<p><a href=\"https:\/\/csr.ufmg.br\/ppgamsa\/wp-content\/uploads\/2021\/07\/11-Cronograma_arguicao_oral.pdf\">Cronograma argui\u00e7\u00e3o oral &#8211; Processo Seletivo n\u00ba001\/2018 &#8211; Mestrado 2019<\/a><\/p>\n<p><a href=\"https:\/\/csr.ufmg.br\/ppgamsa\/wp-content\/uploads\/2021\/07\/10-Declaracoes_de_inexistencia_de_impedimento_e_suspeicao_-_Processo_seletivo_2018.pdf\">Declara\u00e7\u00f5es de inexist\u00eancia de impedimento e suspei\u00e7\u00e3o do Processo Seletivo n\u00ba001\/2018<\/a><\/p>\n<p><a href=\"https:\/\/csr.ufmg.br\/ppgamsa\/wp-content\/uploads\/2021\/07\/9-Portaria_nomeacao_Processo_seletivo_2018_-_Mestrado_2019.pdf\">Portaria de nomea\u00e7\u00e3o dos membros das comiss\u00f5es do Processo Seletivo n\u00ba001\/2018<\/a><\/p>\n<p><a href=\"https:\/\/csr.ufmg.br\/ppgamsa\/wp-content\/uploads\/2021\/07\/8-Homologacao_inscricao2019.pdf\">Deferimento das inscri\u00e7\u00f5es<\/a><\/p>\n<p><a href=\"https:\/\/csr.ufmg.br\/ppgamsa\/wp-content\/uploads\/2021\/07\/7-Retificacao_edital_regular_-_Analise_e_Modelagem_de_Sistemas.pdf\">RETIFICA\u00c7\u00c3O EDITAL: entrega de comprovante de ingl\u00eas at\u00e9 12\/12\/2018<\/a><\/p>\n<p><a href=\"https:\/\/csr.ufmg.br\/ppgamsa\/wp-content\/uploads\/2021\/07\/6-Edital_Modelagem_Mestrado_2019.pdf\">Edital Regular de Sele\u00e7\u00e3o n\u00ba001\/2018 &#8211; Mestrado 2019\u00a0<\/a><\/p>\n<p><a href=\"https:\/\/csr.ufmg.br\/ppgamsa\/wp-content\/uploads\/2021\/07\/5-Ficha_de_Inscricao_Mestrado_2018.doc\">Ficha de inscri\u00e7\u00e3o &#8211; Processo Regular de Mestrado<\/a><\/p>\n<p><a href=\"https:\/\/csr.ufmg.br\/ppgamsa\/wp-content\/uploads\/2021\/07\/4-Autodeclaracao_Etnico-Racial_Negro_-_31-01-2018.pdf\">Formul\u00e1rio de Autodeclara\u00e7\u00e3o \u00c9tnico-Racional<\/a><\/p>\n<p><a href=\"https:\/\/csr.ufmg.br\/ppgamsa\/wp-content\/uploads\/2021\/07\/3-LINHAS_DE_PESQUISA.pdf\">Linhas de pesquisa<\/a><\/p>\n<p><a href=\"https:\/\/csr.ufmg.br\/ppgamsa\/wp-content\/uploads\/2021\/07\/2-Folha_de_rosto_-_Proposta_de_pesquisa.docx\">Anexo II &#8211; Folha de rosto da Proposta de Pesquisa edit\u00e1vel<\/a><\/p>\n<p><a href=\"https:\/\/csr.ufmg.br\/ppgamsa\/wp-content\/uploads\/2021\/07\/1-Barema_para_preencher-1.docx\">Anexo III &#8211; Barema edit\u00e1vel<\/a><\/p>\n<\/div><\/div><\/div><div class=\"fusion-panel panel-default fusion-toggle-no-divider fusion-toggle-boxed-mode\" role=\"tabpanel\"><div class=\"panel-heading\"><h4 class=\"panel-title toggle\"><a aria-expanded=\"false\" aria-selected=\"false\" aria-controls=\"0d34c539d5835e98f\" role=\"tab\" data-toggle=\"collapse\" data-parent=\"#accordion-338-2\" data-target=\"#0d34c539d5835e98f\" href=\"#0d34c539d5835e98f\"><span class=\"fusion-toggle-icon-wrapper\" aria-hidden=\"true\"><i class=\"fa-fusion-box\" aria-hidden=\"true\"><\/i><\/span><span class=\"fusion-toggle-heading\">PROCESSO SELETIVO MESTRADO PcD e IND\u00cdGENAS 2018<\/span><\/a><\/h4><\/div><div id=\"0d34c539d5835e98f\" class=\"panel-collapse collapse \"><div class=\"panel-body toggle-content fusion-clearfix\">\n<p><a title=\"Retifica\u00e7\u00e3o - suplementar - idioma\" href=\"https:\/\/csr.ufmg.br\/ppgamsa\/wp-content\/uploads\/2021\/07\/12-Retificacao_edital_suplementar_-_Analise_e_Modelagem_de_Sistemas.pdf\" target=\"_blank\" rel=\"noopener noreferrer\">RETIFICA\u00c7\u00c3O EDITAL: entrega de comprovante de ingl\u00eas at\u00e9 12\/12\/2018<\/a><\/p>\n<p><a href=\"https:\/\/csr.ufmg.br\/ppgamsa\/wp-content\/uploads\/2021\/07\/11-Edital_suplementar_modelagem_mestrado_2019.pdf\">Edital Suplementar de Sele\u00e7\u00e3o n\u00ba001\/2018 &#8211; Mestrado 2019<\/a><\/p>\n<p><a href=\"https:\/\/csr.ufmg.br\/ppgamsa\/wp-content\/uploads\/2021\/07\/10-Folha_de_rosto_-_Proposta_de_pesquisa.docx\">Anexo II &#8211; Folha de rosto da Proposta de Pesquisa edit\u00e1vel<\/a><\/p>\n<p><a href=\"https:\/\/csr.ufmg.br\/ppgamsa\/wp-content\/uploads\/2021\/07\/09-Barema_para_preencher-1.docx\">Anexo III &#8211; Barema edit\u00e1vel<\/a><\/p>\n<p><a href=\"https:\/\/csr.ufmg.br\/ppgamsa\/wp-content\/uploads\/2021\/07\/08-Ficha_de_Inscricao_Indigena_2018.doc\">Ficha de inscri\u00e7\u00e3o &#8211; Vaga Suplementar Ind\u00edgena <\/a><\/p>\n<p><a href=\"https:\/\/csr.ufmg.br\/ppgamsa\/wp-content\/uploads\/2021\/07\/07-PG_Declaracao_de_Autoreconhecimento_Indigena-1.pdf\">Formul\u00e1rio de Autoreconhecimento Ind\u00edgena<\/a><\/p>\n<p><a href=\"https:\/\/csr.ufmg.br\/ppgamsa\/wp-content\/uploads\/2021\/07\/06-PG_Declaracao_de_Lideranca_Indigena-1.pdf\">Declara\u00e7\u00e3o de Lideran\u00e7as Ind\u00edgenas<\/a><\/p>\n<p><a href=\"https:\/\/csr.ufmg.br\/ppgamsa\/wp-content\/uploads\/2021\/07\/05-PG_Declaracao_de_Residencia_Indigena-1.pdf\">Declara\u00e7\u00e3o de Resid\u00eancia em Territ\u00f3rio Ind\u00edgena<\/a><\/p>\n<p><a href=\"https:\/\/csr.ufmg.br\/ppgamsa\/wp-content\/uploads\/2021\/07\/04-Ficha_de_Inscricao_PcD_2018.doc\">Ficha de Inscri\u00e7\u00e3o &#8211; Vaga Suplementar PcD<\/a><\/p>\n<p><a href=\"https:\/\/csr.ufmg.br\/ppgamsa\/wp-content\/uploads\/2021\/07\/03-AUTODECLARACAO_DE_PESSOA_COM_DEFICIENCIA_Dast-1.docx\">Formul\u00e1rio de Autodeclara\u00e7\u00e3o de Pessoa com Defici\u00eancia<\/a><\/p>\n<p><a href=\"https:\/\/csr.ufmg.br\/ppgamsa\/wp-content\/uploads\/2021\/07\/02-FORMULARIO_DE_SOLICITACAO_DE_CONDICOES_ESPECIAIS_PARA_A_REALIZACAO_DA_PROVAPG_DRCA-2.pdf\">Formul\u00e1rio de Solicita\u00e7\u00e3o de Condi\u00e7\u00f5es Especiais para a Realiza\u00e7\u00e3o da Prova<\/a><\/p>\n<p><a href=\"https:\/\/csr.ufmg.br\/ppgamsa\/wp-content\/uploads\/2021\/07\/01-MODELO_DE_RELATORIO_DO_MEDICO_ASSISTENTE_Dast-2.docx\">Modelo de Relat\u00f3rio do M\u00e9dico Assistente<\/a><\/p>\n<\/div><\/div><\/div><div class=\"fusion-panel panel-default fusion-toggle-no-divider fusion-toggle-boxed-mode\" role=\"tabpanel\"><div class=\"panel-heading\"><h4 class=\"panel-title toggle\"><a aria-expanded=\"false\" aria-selected=\"false\" aria-controls=\"466d252c95e21541a\" role=\"tab\" data-toggle=\"collapse\" data-parent=\"#accordion-338-2\" data-target=\"#466d252c95e21541a\" href=\"#466d252c95e21541a\"><span class=\"fusion-toggle-icon-wrapper\" aria-hidden=\"true\"><i class=\"fa-fusion-box\" aria-hidden=\"true\"><\/i><\/span><span class=\"fusion-toggle-heading\">Processos Seletivos Anteriores<\/span><\/a><\/h4><\/div><div id=\"466d252c95e21541a\" class=\"panel-collapse collapse \"><div class=\"panel-body toggle-content fusion-clearfix\">\n<p><a href=\"https:\/\/csr.ufmg.br\/ppgamsa\/wp-content\/uploads\/2021\/08\/46-Retificacao-do-Resultado-Final-Edital-002-2017-Mestrado.pdf\">Retifica\u00e7\u00e3o do Resultado Final &#8211; Edital 002\/2017 &#8211; Mestrado;<\/a><\/p>\n<p><a href=\"https:\/\/csr.ufmg.br\/ppgamsa\/wp-content\/uploads\/2021\/08\/45-Resultado-Final-Edital-002-2017-Mestrado.pdf\">Resultado Final &#8211; Edital 002\/2017 &#8211; Mestrado;<\/a><\/p>\n<p><a href=\"https:\/\/csr.ufmg.br\/ppgamsa\/wp-content\/uploads\/2021\/08\/44-Cronograma-das-defesas-do-Projeto-e-Memorial-Edital-002-2017.pdf\">Cronograma das defesas do Projeto e Memorial &#8211; Edital 002\/2017;<\/a><\/p>\n<p><a href=\"https:\/\/csr.ufmg.br\/ppgamsa\/wp-content\/uploads\/2021\/08\/43-Resultado-da-primeira-etapa-Edital-002-2017-Mestrado.pdf\">Resultado da primeira etapa &#8211; Edital 002\/2017 &#8211; Mestrado;<\/a><\/p>\n<p><a href=\"https:\/\/csr.ufmg.br\/ppgamsa\/wp-content\/uploads\/2021\/08\/42-Deferimento-das-Inscricoes-e-Declaracao-de-Insuspeicao-da-Banca-Examinadora-Edital-002-2017.pdf\">Deferimento das Inscri\u00e7\u00f5es e Declara\u00e7\u00e3o de Insuspei\u00e7\u00e3o da Banca Examinadora &#8211; Edital 002\/2017;<\/a><\/p>\n<p><a href=\"https:\/\/csr.ufmg.br\/ppgamsa\/wp-content\/uploads\/2021\/08\/41-Retificacao-do-Edital-002-2017-Entrega-da-Proficiencia-em-Ingles.pdf\">Retifica\u00e7\u00e3o do Edital 002\/2017 &#8211; Entrega da Profici\u00eancia em Ingl\u00eas;<\/a><a href=\"http:\/\/www.igc.ufmg.br\/images\/pdf\/cartografia\/Declara\u00e7\u00e3o_Insuspei\u00e7\u00e3o.pdf\" target=\"_blank\" rel=\"noopener noreferrer\"><br \/>\n<\/a><\/p>\n<p><a href=\"https:\/\/csr.ufmg.br\/ppgamsa\/wp-content\/uploads\/2021\/08\/40-Barema.docx\">Anexo IV &#8211; Barema &#8211; Edital 002\/2017 &#8211; Mestrado;<\/a><\/p>\n<p><a href=\"https:\/\/csr.ufmg.br\/ppgamsa\/wp-content\/uploads\/2021\/08\/39-Folha_de_rosto_MEMORIAL.docx\">Anexo III- Folha de rosto para Memorial &#8211; Edital 002\/2017 &#8211; Mestrado;<\/a><\/p>\n<p><a href=\"https:\/\/csr.ufmg.br\/ppgamsa\/wp-content\/uploads\/2021\/08\/38-Folha_de_rosto_proposta.docx\">Anexo II &#8211; Folha de rosto para Proposta de Pesquisa &#8211; Edital 002\/2017 &#8211; Mestrado;<\/a><\/p>\n<p><a href=\"https:\/\/csr.ufmg.br\/ppgamsa\/wp-content\/uploads\/2021\/08\/37-Formulario_de_Inscricao_2018.doc\">Formul\u00e1rio de Inscri\u00e7\u00e3o &#8211; Edital 002\/2017 &#8211; Mestrado;<\/a><\/p>\n<p><a href=\"https:\/\/csr.ufmg.br\/ppgamsa\/wp-content\/uploads\/2021\/08\/36-Edital-002-2017-Processo-Seletivo-Mestrado-Analise-e-Modelagem-de-Sistemas-Ambientais-Entrada-2018.pdf\">Edital 002\/2017 &#8211; Processo Seletivo Mestrado An\u00e1lise e Modelagem de Sistemas Ambientais &#8211; Entrada 2018;<\/a><\/p>\n<p><a href=\"https:\/\/csr.ufmg.br\/ppgamsa\/wp-content\/uploads\/2021\/08\/35-Resultado-Final-Edital-001-2017-Selecao-de-Bolsista-PNPD-CAPES.pdf\">Resultado Final &#8211; Edital 001\/2017 &#8211; Sele\u00e7\u00e3o de Bolsista PNPD\/ CAPES;<\/a><\/p>\n<p><a href=\"https:\/\/csr.ufmg.br\/ppgamsa\/wp-content\/uploads\/2021\/08\/34-Edital-001-2017-Selecao-de-Bolsista-PNPD-CAPES.pdf\">Edital 001\/ 2017 &#8211; Sele\u00e7\u00e3o de Bolsista PNPD\/ CAPES;<\/a><\/p>\n<p><a href=\"https:\/\/csr.ufmg.br\/ppgamsa\/wp-content\/uploads\/2021\/08\/33-Ficha_de_Inscricao_2017.doc\">Formul\u00e1rio de Inscri\u00e7\u00e3o &#8211; Edital 001\/2017 PNPD\/ CAPES;<\/a><\/p>\n<p><a href=\"https:\/\/csr.ufmg.br\/ppgamsa\/wp-content\/uploads\/2021\/08\/32-Barema_Edital_PNPD_2017.xls\">Barema &#8211; Edital 001\/2017 PNPD\/ CAPES<\/a><\/p>\n<p><a href=\"https:\/\/csr.ufmg.br\/ppgamsa\/wp-content\/uploads\/2021\/08\/31-Resultado-Final-apos-analise-dos-recursos-Edital-001-2016.pdf\">Resultado Final ap\u00f3s an\u00e1lise dos recursos &#8211; Edital 001\/2016;<\/a><\/p>\n<p><a href=\"https:\/\/csr.ufmg.br\/ppgamsa\/wp-content\/uploads\/2021\/08\/30-Retificacao-do-Resultado-Final-Edital-001-2016.pdf\">Retifica\u00e7\u00e3o do Resultado Final &#8211; Edital 001\/2016;<\/a><\/p>\n<p><a href=\"https:\/\/csr.ufmg.br\/ppgamsa\/wp-content\/uploads\/2021\/08\/29-Resultado-Final-Edital-001-2016.pdf\">Resultado Final &#8211; Edital 001\/2016;<\/a><\/p>\n<p><a href=\"https:\/\/csr.ufmg.br\/ppgamsa\/wp-content\/uploads\/2021\/08\/28-Declaracao-de-Insuspeicao-da-Banca-Examinadora-Edital-001-2016.pdf\">Declara\u00e7\u00e3o de Insuspei\u00e7\u00e3o da Banca Examinadora &#8211; Edital 001\/2016;<\/a><\/p>\n<p><a href=\"https:\/\/csr.ufmg.br\/ppgamsa\/wp-content\/uploads\/2021\/08\/27-Deferimento-das-Inscricoes-Edital-001-2016.pdf\">Deferimento das Inscri\u00e7\u00f5es &#8211; Edital 001\/2016;<\/a><\/p>\n<p><a href=\"https:\/\/csr.ufmg.br\/ppgamsa\/wp-content\/uploads\/2021\/08\/26-Informativo-inscricoes-Edital-001-2016.pdf\">Informativo inscri\u00e7\u00f5es &#8211; Edital 001\/2016;<\/a><\/p>\n<p><a href=\"https:\/\/csr.ufmg.br\/ppgamsa\/wp-content\/uploads\/2021\/08\/25-Retificacao-do-Edital-001-2016-Alteracao-no-prazo-para-entrega-da-comprovacao-de-conhecimento-em-lingua-inglesa.pdf\">Retifica\u00e7\u00e3o do Edital 001\/2016 &#8211; Altera\u00e7\u00e3o no prazo para entrega da comprova\u00e7\u00e3o de conhecimento em l\u00edngua inglesa;<\/a><\/p>\n<p><a href=\"https:\/\/csr.ufmg.br\/ppgamsa\/wp-content\/uploads\/2021\/08\/24-Formulario-de-Inscricao-Edital-001-2016.pdf\">Formul\u00e1rio de Inscri\u00e7\u00e3o &#8211; Edital 001\/2016;<\/a><\/p>\n<p><a href=\"https:\/\/csr.ufmg.br\/ppgamsa\/wp-content\/uploads\/2021\/08\/23-Edital-001-2016-Processo-Seletivo-Mestrado-Analise-e-Modelagem-de-Sistemas-Ambientais-Entrada-2017.pdf\">Edital 001\/2016 &#8211; Processo Seletivo Mestrado An\u00e1lise e Modelagem de Sistemas Ambientais &#8211; Entrada 2017;<\/a><\/p>\n<p><a href=\"https:\/\/csr.ufmg.br\/ppgamsa\/wp-content\/uploads\/2021\/08\/22-Resultado-Final-Edital-001-2015.pdf\">Resultado Final &#8211; Edital 001\/2015;<\/a><\/p>\n<p><a href=\"https:\/\/csr.ufmg.br\/ppgamsa\/wp-content\/uploads\/2021\/08\/21-Prorrogacao-da-data-de-publicacao-do-Resultado-Final-Edital-001-2015.pdf\">Prorroga\u00e7\u00e3o da data de publica\u00e7\u00e3o do Resultado Final &#8211; Edital 001\/2015;<\/a><\/p>\n<p><a href=\"https:\/\/csr.ufmg.br\/ppgamsa\/wp-content\/uploads\/2021\/08\/20-Portaria-Designacao-Banca-Examinadora-e-Declaracao-de-Insuspeicao-Edital-001-2015.pdf\">Portaria Designa\u00e7\u00e3o Banca Examinadora e Declara\u00e7\u00e3o de Insuspei\u00e7\u00e3o &#8211; Edital 001\/2015;<\/a><\/p>\n<p><a href=\"https:\/\/csr.ufmg.br\/ppgamsa\/wp-content\/uploads\/2021\/08\/19-Deferimento-das-Inscricoes-Edital-001-2015.pdf\">Deferimento das Inscri\u00e7\u00f5es &#8211; Edital 001\/2015;<\/a><\/p>\n<p><a href=\"https:\/\/csr.ufmg.br\/ppgamsa\/wp-content\/uploads\/2021\/08\/18-Formulario-de-Inscricao-Edital-001-2015.pdf\">Formul\u00e1rio de Inscri\u00e7\u00e3o &#8211; Edital 001\/2015;<\/a><\/p>\n<p><a href=\"https:\/\/csr.ufmg.br\/ppgamsa\/wp-content\/uploads\/2021\/08\/17-Edital-001-2015-Processo-Seletivo-Mestrado-Analise-e-Modelagem-de-Sistemas-Ambientais-Entrada-2016.pdf\">Edital 001\/2015 &#8211; Processo Seletivo Mestrado An\u00e1lise e Modelagem de Sistemas Ambientais &#8211; Entrada 2016;<\/a><\/p>\n<p><a href=\"https:\/\/csr.ufmg.br\/ppgamsa\/wp-content\/uploads\/2021\/08\/16-Resultado-Final-apos-analise-dos-recursos-Edital-002-2014.pdf\">Resultado Final ap\u00f3s an\u00e1lise dos recursos &#8211; Edital 002\/2014;<\/a><\/p>\n<p><a href=\"https:\/\/csr.ufmg.br\/ppgamsa\/wp-content\/uploads\/2021\/08\/15-Resultado-Final-Edital-002-2014.pdf\">Resultado Final &#8211; Edital 002\/2014;<\/a><\/p>\n<p><a href=\"https:\/\/csr.ufmg.br\/ppgamsa\/wp-content\/uploads\/2021\/08\/14-Declaracao-de-Insuspeicao-Membros-da-Banca-Examinadora-Edital-002-2014.pdf\">Declara\u00e7\u00e3o de Insuspei\u00e7\u00e3o Membros da Banca Examinadora Edital 002\/2014;<\/a><\/p>\n<p><a href=\"https:\/\/csr.ufmg.br\/ppgamsa\/wp-content\/uploads\/2021\/08\/13-Portaria-Designacao-Banca-Examinadora-Edital-002-2014.pdf\">Portaria Designa\u00e7\u00e3o Banca Examinadora &#8211; Edital 002\/2014;<\/a><\/p>\n<p><a href=\"https:\/\/csr.ufmg.br\/ppgamsa\/wp-content\/uploads\/2021\/08\/12-Retificacao-Deferimento-das-Inscricoes-Edital-002-2014.pdf\">Retifica\u00e7\u00e3o &#8211; Deferimento das Inscri\u00e7\u00f5es &#8211; Edital 002\/2014;<\/a><\/p>\n<p><a href=\"https:\/\/csr.ufmg.br\/ppgamsa\/wp-content\/uploads\/2021\/08\/11-Deferimento-das-Inscricoes-Edital-002-2014.pdf\">Deferimento das Inscri\u00e7\u00f5es &#8211; Edital 002\/2014;<\/a><\/p>\n<p><a href=\"https:\/\/csr.ufmg.br\/ppgamsa\/wp-content\/uploads\/2021\/08\/10-Formulario_de_Inscricao_2015.pdf\">Formul\u00e1rio de Inscri\u00e7\u00e3o &#8211; Edital 002\/2014;<\/a><\/p>\n<p><a href=\"https:\/\/csr.ufmg.br\/ppgamsa\/wp-content\/uploads\/2021\/08\/09-Edital-002-2014-Processo-Seletivo-Mestrado-Analise-e-Modelagem-de-Sistemas-Ambientais-2015.pdf\">Edital 002\/2014 &#8211; Processo Seletivo Mestrado An\u00e1lise e Modelagem de Sistemas Ambientais &#8211; 2015;<\/a><\/p>\n<p><a href=\"https:\/\/csr.ufmg.br\/ppgamsa\/wp-content\/uploads\/2021\/08\/08-Resultado-Final-Edital-001-2014-Selecao-de-Bolsista-PNPD-CAPES.pdf\">Resultado Final &#8211; Edital 001\/2014 &#8211; Sele\u00e7\u00e3o de Bolsista PNPD\/ CAPES;<\/a><\/p>\n<p><a href=\"https:\/\/csr.ufmg.br\/ppgamsa\/wp-content\/uploads\/2021\/08\/06-Inscricoes-Deferidas-Edital-001-2014-Selecao-de-Bolsista-PNPD-CAPES.pdf\">Inscri\u00e7\u00f5es Deferidas &#8211; Edital 001\/2014 &#8211; Sele\u00e7\u00e3o de Bolsista PNPD\/ CAPES;<\/a><\/p>\n<p><a href=\"https:\/\/csr.ufmg.br\/ppgamsa\/wp-content\/uploads\/2021\/08\/05-Declaracao-de-Insuspeicao-Membros-da-Banca-Examinadora-Edital-001-2014.pdf\">Declara\u00e7\u00e3o de Insuspei\u00e7\u00e3o Membros da Banca Examinadora Edital 001\/2014;<\/a><\/p>\n<p><a href=\"https:\/\/csr.ufmg.br\/ppgamsa\/wp-content\/uploads\/2021\/08\/04-Portaria_Designa_Banca.pdf\">Portaria Designa\u00e7\u00e3o Banca Examinadora Edital 001\/2014;<\/a><\/p>\n<p><a href=\"https:\/\/csr.ufmg.br\/ppgamsa\/wp-content\/uploads\/2021\/08\/03-Edital_PNPD_2014_publicacao.pdf\">Edital 001\/ 2014 &#8211; Sele\u00e7\u00e3o de Bolsista PNPD\/ CAPES;<\/a><\/p>\n<p><a href=\"https:\/\/csr.ufmg.br\/ppgamsa\/wp-content\/uploads\/2021\/08\/02-Formulario-de-Inscricao-Edital-001-2014.pdf\">Formul\u00e1rio de Inscri\u00e7\u00e3o &#8211; Edital 001\/2014;<\/a><\/p>\n<p><a href=\"https:\/\/csr.ufmg.br\/ppgamsa\/wp-content\/uploads\/2021\/08\/01-Portaria-N\u00b086-de-03-de-julho-de-2013-Regulamenta-o-PNPD-CAPES.pdf\">Portaria N\u00b086 de 03 de julho de 2013 &#8211; Regulamenta o PNPD\/CAPES.<\/a><\/p>\n<\/div><\/div><\/div><\/div><\/div><\/div><\/div><style type=\"text\/css\">.fusion-body .fusion-builder-column-0{width:100% !important;margin-top : 0px;margin-bottom : 20px;}.fusion-builder-column-0 > .fusion-column-wrapper {padding-top : 0px !important;padding-right : 0px !important;margin-right : 1.92%;padding-bottom : 0px !important;padding-left : 0px !important;margin-left : 1.92%;}@media only screen and (max-width:1024px) {.fusion-body .fusion-builder-column-0{width:100% !important;order : 0;}.fusion-builder-column-0 > .fusion-column-wrapper {margin-right : 1.92%;margin-left : 1.92%;}}@media only screen and (max-width:640px) {.fusion-body .fusion-builder-column-0{width:100% !important;order : 0;}.fusion-builder-column-0 > .fusion-column-wrapper {margin-right : 1.92%;margin-left : 1.92%;}}<\/style><\/div><style type=\"text\/css\">.fusion-body .fusion-flex-container.fusion-builder-row-1{ padding-top : 0px;margin-top : 0px;padding-right : 0px;padding-bottom : 0px;margin-bottom : 0px;padding-left : 0px;}<\/style><\/div>\n","protected":false},"excerpt":{"rendered":"","protected":false},"author":3,"featured_media":0,"parent":13,"menu_order":9,"comment_status":"closed","ping_status":"closed","template":"","meta":[],"_links":{"self":[{"href":"https:\/\/csr.ufmg.br\/ppgamsa\/wp-json\/wp\/v2\/pages\/338"}],"collection":[{"href":"https:\/\/csr.ufmg.br\/ppgamsa\/wp-json\/wp\/v2\/pages"}],"about":[{"href":"https:\/\/csr.ufmg.br\/ppgamsa\/wp-json\/wp\/v2\/types\/page"}],"author":[{"embeddable":true,"href":"https:\/\/csr.ufmg.br\/ppgamsa\/wp-json\/wp\/v2\/users\/3"}],"replies":[{"embeddable":true,"href":"https:\/\/csr.ufmg.br\/ppgamsa\/wp-json\/wp\/v2\/comments?post=338"}],"version-history":[{"count":139,"href":"https:\/\/csr.ufmg.br\/ppgamsa\/wp-json\/wp\/v2\/pages\/338\/revisions"}],"predecessor-version":[{"id":2355,"href":"https:\/\/csr.ufmg.br\/ppgamsa\/wp-json\/wp\/v2\/pages\/338\/revisions\/2355"}],"up":[{"embeddable":true,"href":"https:\/\/csr.ufmg.br\/ppgamsa\/wp-json\/wp\/v2\/pages\/13"}],"wp:attachment":[{"href":"https:\/\/csr.ufmg.br\/ppgamsa\/wp-json\/wp\/v2\/media?parent=338"}],"curies":[{"name":"wp","href":"https:\/\/api.w.org\/{rel}","templated":true}]}}